{"id":219809,"date":"2024-09-11T09:29:43","date_gmt":"2024-09-11T07:29:43","guid":{"rendered":"https:\/\/kjerag.info\/?page_id=219809"},"modified":"2025-04-08T14:47:41","modified_gmt":"2025-04-08T12:47:41","slug":"%e7%bb%8f%e5%b8%b8%e6%8f%90%e5%87%ba%e7%9a%84%e8%81%94%e7%b3%bb%e9%97%ae%e9%a2%98","status":"publish","type":"page","link":"https:\/\/kjerag.info\/zh\/contact-questions-frequemment-posees\/","title":{"rendered":"\u8054\u7cfb\u6211\u4eec \u5e38\u89c1\u95ee\u9898"},"content":{"rendered":"<p>[et_pb_section fb_built=&#8221;1&#8243; _builder_version=&#8221;4.25.2&#8243; _module_preset=&#8221;default&#8221; background_color=&#8221;rgba(102,201,3,0.1)&#8221; global_colors_info=&#8221;{}&#8221;][et_pb_row column_structure=&#8221;1_2,1_2&#8243; _builder_version=&#8221;4.25.2&#8243; _module_preset=&#8221;default&#8221; global_colors_info=&#8221;{}&#8221;][et_pb_column type=&#8221;1_2&#8243; _builder_version=&#8221;4.25.2&#8243; _module_preset=&#8221;default&#8221; global_colors_info=&#8221;{}&#8221;][et_pb_image src=&#8221;https:\/\/kjerag.info\/wp-content\/uploads\/2024\/08\/kjerag-365-symbol-sirkel.png&#8221; title_text=&#8221;kjerag-365-symbol-sirkel&#8221; _builder_version=&#8221;4.25.2&#8243; _module_preset=&#8221;default&#8221; max_width=&#8221;150px&#8221; module_alignment=&#8221;center&#8221; locked=&#8221;off&#8221; global_colors_info=&#8221;{}&#8221;][\/et_pb_image][et_pb_button button_url=&#8221;@ET-DC@eyJkeW5hbWljIjp0cnVlLCJjb250ZW50IjoicG9zdF9saW5rX3VybF9hdHRhY2htZW50Iiwic2V0dGluZ3MiOnsicG9zdF9pZCI6IjIxOTU4NiJ9fQ==@&#8221; url_new_window=&#8221;on&#8221; button_text=&#8221;Suivez-nous sur Facebook pour des mises \u00e0 jour quotidiennes&#8221; button_alignment=&#8221;center&#8221; _builder_version=&#8221;4.27.0&#8243; _dynamic_attributes=&#8221;button_url&#8221; _module_preset=&#8221;default&#8221; locked=&#8221;off&#8221; global_colors_info=&#8221;{}&#8221;][\/et_pb_button][\/et_pb_column][et_pb_column type=&#8221;1_2&#8243; _builder_version=&#8221;4.25.2&#8243; _module_preset=&#8221;default&#8221; global_colors_info=&#8221;{}&#8221;][et_pb_text _builder_version=&#8221;4.27.0&#8243; header_font=&#8221;||||||||&#8221; header_5_font=&#8221;||||||||&#8221; header_5_font_size=&#8221;32px&#8221; header_5_letter_spacing=&#8221;0.05em&#8221; custom_margin=&#8221;||10px&#8221; header_5_font_size_tablet=&#8221;28px&#8221; header_5_font_size_phone=&#8221;24px&#8221; header_5_font_size_last_edited=&#8221;on|phone&#8221; global_colors_info=&#8221;{}&#8221;]<\/p>\n<div class=\"flex max-w-full flex-col flex-grow\">\n<div data-message-author-role=\"assistant\" data-message-id=\"e689cd18-7da7-4b6b-b719-bc49a5cdc596\" dir=\"auto\" class=\"min-h-[20px] text-message flex w-full flex-col items-end gap-2 whitespace-normal break-words [.text-message+&amp;]:mt-5\">\n<div class=\"flex w-full flex-col gap-1 empty:hidden first:pt-[3px]\">\n<div class=\"markdown prose w-full break-words dark:prose-invert light\">\n<h5>Informations de contact<\/h5>\n<\/div>\n<\/div>\n<\/div>\n<\/div>\n<p>[\/et_pb_text][et_pb_text _builder_version=&#8221;4.27.0&#8243; text_font=&#8221;|300|||||||&#8221; text_letter_spacing=&#8221;1px&#8221; text_line_height=&#8221;1.5em&#8221; max_width=&#8221;500px&#8221; custom_margin=&#8221;||35px&#8221; global_colors_info=&#8221;{}&#8221;]<\/p>\n<p>Avant de nous contacter, merci de consulter d&#8217;abord la section FAQ.<\/p>\n<p><span><strong>E-mail<\/strong>\u00a0<strong><a href=\"mailto:kjerag@lysefjorden365.no\" target=\"_blank\" rel=\"noopener\">kjerag@lysefjorden365.no<\/a><\/strong><\/span><\/p>\n<p><strong>T\u00e9l\u00e9phone<\/strong>\u00a0(+47) 40 30 68 65<\/p>\n<p>[\/et_pb_text][\/et_pb_column][\/et_pb_row][\/et_pb_section][et_pb_section fb_built=&#8221;1&#8243; custom_padding_last_edited=&#8221;on|phone&#8221; module_class=&#8221;shortInfoAbout&#8221; _builder_version=&#8221;4.16&#8243; custom_padding=&#8221;55px|0px|35px|0px|false|false&#8221; custom_padding_tablet=&#8221;||0px|&#8221; custom_padding_phone=&#8221;&#8221; global_colors_info=&#8221;{}&#8221;][et_pb_row _builder_version=&#8221;4.25.2&#8243; _module_preset=&#8221;default&#8221; global_colors_info=&#8221;{}&#8221;][et_pb_column type=&#8221;4_4&#8243; _builder_version=&#8221;4.25.2&#8243; _module_preset=&#8221;default&#8221; global_colors_info=&#8221;{}&#8221;][et_pb_accordion _builder_version=&#8221;4.27.0&#8243; _module_preset=&#8221;default&#8221; global_colors_info=&#8221;{}&#8221;][et_pb_accordion_item title=&#8221;Est-ce dangereux de se tenir sur le rocher?&#8221; open=&#8221;on&#8221; _builder_version=&#8221;4.27.0&#8243; _module_preset=&#8221;default&#8221; global_colors_info=&#8221;{}&#8221;]<\/p>\n<p>\u00c0 notre connaissance, personne n\u2019est jamais tomb\u00e9 du rocher de Kjerag. Statistiquement, c\u2019est plus s\u00fbr que de conduire une voiture, probablement parce que les risques sont tr\u00e8s \u00e9vidents.<\/p>\n<p><strong>Une chute du rocher serait fatale.<\/strong><\/p>\n<p>Se tenir sur le rocher est enti\u00e8rement \u00e0 vos risques et p\u00e9rils, et c\u2019est une d\u00e9cision que vous devez prendre vous-m\u00eame. Environ 45 % des randonneurs choisissent de ne pas monter sur le rocher, donc ne vous sentez pas oblig\u00e9 si vous \u00eates mal \u00e0 l&#8217;aise.<\/p>\n<p>\u00c9vitez de vous aventurer sur le rocher si :<\/p>\n<ul>\n<li>Vous avez des vertiges<\/li>\n<li>La roche est glissante \u00e0 cause de la pluie, de la neige ou de la glace<\/li>\n<li>Il y a beaucoup de vent<\/li>\n<\/ul>\n<p>Ne courez pas et ne sautez pas lorsque vous montez ou descendez du rocher. Si vous commencez \u00e0 paniquer, essayez de rester calme tout en \u00e9tant sur le rocher.<\/p>\n<p>[\/et_pb_accordion_item][et_pb_accordion_item title=&#8221;La randonn\u00e9e est-elle difficile?&#8221; _builder_version=&#8221;4.27.0&#8243; _module_preset=&#8221;default&#8221; global_colors_info=&#8221;{}&#8221; open=&#8221;off&#8221;]<\/p>\n<p>La randonn\u00e9e est exigeante. Le sentier mesure 11 km aller-retour avec 3 collines et un d\u00e9nivel\u00e9 de 750 m\u00e8tres. Il est recommand\u00e9 d&#8217;avoir de l&#8217;exp\u00e9rience en randonn\u00e9e en montagne. Pour beaucoup, m\u00eame marcher une partie du sentier jusqu&#8217;\u00e0 un des points de vue pour admirer le fjord peut \u00eatre tr\u00e8s gratifiant. Beaucoup de randonneurs parviennent \u00e0 compl\u00e9ter la randonn\u00e9e si elles ont pr\u00e9vu assez de temps, commenc\u00e9 t\u00f4t, apport\u00e9 suffisamment de nourriture, et sont bien \u00e9quip\u00e9es avec des v\u00eatements et des chaussures adapt\u00e9s. Il est crucial de porter des chaussures de randonn\u00e9e robustes et d\u2019emporter une veste coupe-vent et imperm\u00e9able. Si les conditions de la randonn\u00e9e ou m\u00e9t\u00e9orologiques deviennent trop difficiles, n&#8217;h\u00e9sitez pas \u00e0 faire demi-tour.<\/p>\n<p>[\/et_pb_accordion_item][et_pb_accordion_item title=&#8221;Puis-je faire la randonn\u00e9e de Kjerag sous la pluie?&#8221; _builder_version=&#8221;4.27.0&#8243; _module_preset=&#8221;default&#8221; global_colors_info=&#8221;{}&#8221; open=&#8221;off&#8221;]<\/p>\n<p>Oui, il est g\u00e9n\u00e9ralement s\u00fbr de randonner m\u00eame sous la pluie, mais le sentier sera beaucoup plus glissant. Il est recommand\u00e9 de reconsid\u00e9rer votre randonn\u00e9e en cas d&#8217;avertissements m\u00e9t\u00e9orologiques, de brouillard \u00e9pais ou de vents forts. Vous pouvez suivre les conditions du sentier sur la page Facebook des Informations sur le Sentier de Kjerag et v\u00e9rifier les pr\u00e9visions m\u00e9t\u00e9orologiques pour Kjerag sur YR.no. Suivez toujours les conseils du personnel.<\/p>\n<p>[\/et_pb_accordion_item][et_pb_accordion_item title=&#8221;Puis-je emmener des enfants lors de la randonn\u00e9e \u00e0 Kjerag?&#8221; _builder_version=&#8221;4.27.0&#8243; _module_preset=&#8221;default&#8221; global_colors_info=&#8221;{}&#8221; open=&#8221;off&#8221;]<\/p>\n<p>Certaines sections du sentier longent des falaises \u00e9lev\u00e9es, donc il faut \u00eatre particuli\u00e8rement prudent avec les enfants. \u00c9tant donn\u00e9 la difficult\u00e9 du sentier et les conditions m\u00e9t\u00e9orologiques changeantes, il est g\u00e9n\u00e9ralement d\u00e9conseill\u00e9 de porter des enfants dans des porte-b\u00e9b\u00e9s \u00e0 Kjerag, car ils se refroidissent plus vite que les randonneurs actifs.<\/p>\n<p>En r\u00e8gle g\u00e9n\u00e9rale, nous d\u00e9conseillons la randonn\u00e9e avec des enfants de moins de 8 ans. Les enfants doivent \u00eatre habitu\u00e9s aux terrains escarp\u00e9s pour garantir leur s\u00e9curit\u00e9 et leur plaisir. Soyez pr\u00eat \u00e0 faire demi-tour si n\u00e9cessaire!<\/p>\n<p>[\/et_pb_accordion_item][et_pb_accordion_item title=&#8221;Puis-je emmener un chien lors de la randonn\u00e9e?&#8221; _builder_version=&#8221;4.27.0&#8243; _module_preset=&#8221;default&#8221; global_colors_info=&#8221;{}&#8221; open=&#8221;off&#8221;]<\/p>\n<p>Oui, vous pouvez emmener un chien lors de la randonn\u00e9e, mais il doit toujours \u00eatre tenu en laisse. Il y a des moutons dans la zone, et certains randonneurs peuvent se sentir inconfortables avec des chiens. Assurez-vous que votre chien est en bonne forme et habitu\u00e9 aux longues randonn\u00e9es en montagne avant de l\u2019emmener.<\/p>\n<p>[\/et_pb_accordion_item][et_pb_accordion_item title=&#8221;Puis-je faire voler un drone \u00e0 Kjerag?&#8221; _builder_version=&#8221;4.27.0&#8243; _module_preset=&#8221;default&#8221; global_colors_info=&#8221;{}&#8221; open=&#8221;off&#8221;]<\/p>\n<p>Non, les drones sont strictement interdits \u00e0 Kjerag, qui se trouve dans la Zone de Paysage Prot\u00e9g\u00e9 de Frafjordheiane.<\/p>\n<p>[\/et_pb_accordion_item][et_pb_accordion_item title=&#8221;Pourquoi le stationnement \u00e0 Kjerag est-il si cher?&#8221; _builder_version=&#8221;4.27.0&#8243; _module_preset=&#8221;default&#8221; global_colors_info=&#8221;{}&#8221; open=&#8221;off&#8221;]<\/p>\n<p>Kjerag est g\u00e9r\u00e9 par Lysefjorden Utvikling, une organisation \u00e0 but non lucratif qui se consacre \u00e0 l&#8217;entretien des installations de stationnement et des sentiers de haute qualit\u00e9. Les frais de stationnement servent directement \u00e0 l&#8217;entretien de ces installations, avec tous les revenus r\u00e9investis.<\/p>\n<p>Ces frais permettent de financer le personnel qui travaille dur pour maintenir le parking, les toilettes et les environs propres, s\u00fbrs et bien organis\u00e9s. Offrir ces services, comme les toilettes, l&#8217;eau, les \u00e9gouts, la gestion des d\u00e9chets, le Wi-Fi et un bureau d&#8217;information touristique, est particuli\u00e8rement co\u00fbteux en raison de l&#8217;emplacement isol\u00e9 de Kjerag.<\/p>\n<p>Nous nous engageons \u00e0 satisfaire les attentes des visiteurs et \u00e0 am\u00e9liorer votre exp\u00e9rience \u00e0 Kjerag. En payant ces frais, vous contribuez directement au maintien de ces standards. Nous appr\u00e9cions vos retours et vous invitons \u00e0 partager vos avis via le questionnaire anonyme disponible par QR code et tablettes dans nos installations de stationnement.<\/p>\n<p>[\/et_pb_accordion_item][et_pb_accordion_item title=&#8221;Puis-je laisser ma voiture plus d&#8217;une journ\u00e9e au parking de Kjerag?&#8221; _builder_version=&#8221;4.27.0&#8243; _module_preset=&#8221;default&#8221; global_colors_info=&#8221;{}&#8221; open=&#8221;off&#8221;]<\/p>\n<p>Oui, si vous avez l\u2019intention de randonner autour du Lysefjord pendant plusieurs jours, vous pouvez laisser votre voiture au parking de Kjerag. Veuillez informer le personnel d\u00e8s votre arriv\u00e9e afin qu\u2019il soit au courant que votre voiture sera stationn\u00e9e pour une p\u00e9riode prolong\u00e9e. Ils pourront vous aider \u00e0 trouver une place ad\u00e9quate. Indiquez-nous \u00e9galement quand vous pr\u00e9voyez de revenir. Notez bien que le camping ou le sommeil dans votre v\u00e9hicule au parking de Kjerag est interdit. Vous ne serez factur\u00e9 que pour une seule journ\u00e9e de stationnement.<\/p>\n<p>[\/et_pb_accordion_item][et_pb_accordion_item title=&#8221;Puis-je camper ou passer la nuit au parking de Kjerag?&#8221; _builder_version=&#8221;4.27.0&#8243; _module_preset=&#8221;default&#8221; global_colors_info=&#8221;{}&#8221; open=&#8221;off&#8221;]<\/p>\n<p>Le camping ou le sommeil dans tout type de v\u00e9hicule est formellement interdit au parking de Kjerag, qui est r\u00e9serv\u00e9 uniquement aux randonneurs pour la journ\u00e9e. Nous n\u2019avons pas d\u2019installations de camping sur place. Pour camper, nous vous recommandons de vous rendre \u00e0 Lysebotn, situ\u00e9 \u00e0 quelques kilom\u00e8tres. Pour des raisons de s\u00e9curit\u00e9 et d\u2019hygi\u00e8ne, les r\u00e8gles de stationnement sont strictement appliqu\u00e9es.<\/p>\n<p>[\/et_pb_accordion_item][et_pb_accordion_item title=&#8221;Puis-je encore randonner \u00e0 Kjerag lorsque les routes depuis Sirdal et Lysebotn sont ferm\u00e9es?&#8221; _builder_version=&#8221;4.27.0&#8243; _module_preset=&#8221;default&#8221; global_colors_info=&#8221;{}&#8221; open=&#8221;off&#8221;]<\/p>\n<p>Non, en g\u00e9n\u00e9ral, les routes vers Kjerag ferment en novembre et rouvrent \u00e0 la mi-mai. Notre site web et notre page Facebook vous tiendront inform\u00e9 de l\u2019\u00e9tat des routes.<\/p>\n<p>Pendant l\u2019hiver, la neige s\u2019accumule sur la route, atteignant souvent 6 \u00e0 8 m\u00e8tres de profondeur. En mai, la route doit \u00eatre d\u00e9gag\u00e9e et s\u00e9curis\u00e9e avant de pouvoir rouvrir. Lorsque la route est ferm\u00e9e, il est impossible d\u2019acc\u00e9der au parking de Kjerag. La zone de stationnement, les installations, le sentier et le rocher de Kjerag sont \u00e9galement ensevelis sous la neige, les rendant invisibles et extr\u00eamement dangereux \u00e0 acc\u00e9der.<\/p>\n<p>Bien que vous puissiez peut-\u00eatre prendre un ferry jusqu\u2019\u00e0 Lysebotn pendant l\u2019hiver, la route menant au parking de Kjerag restera ferm\u00e9e et inaccessible. Nous comprenons qu\u2019il peut \u00eatre difficile d\u2019attendre, mais tant que la route est ferm\u00e9e, Kjerag est tout simplement inaccessible. Veuillez \u00eatre pr\u00e9par\u00e9 aux conditions hivernales sur le sentier m\u00eame apr\u00e8s l\u2019ouverture de la route, car la neige peut couvrir le sentier jusqu\u2019\u00e0 fin juin.<\/p>\n<p>[\/et_pb_accordion_item][et_pb_accordion_item title=&#8221;Quels sont les horaires d&#8217;ouverture du parking de Kjerag?&#8221; _builder_version=&#8221;4.27.0&#8243; _module_preset=&#8221;default&#8221; global_colors_info=&#8221;{}&#8221; open=&#8221;off&#8221;]<\/p>\n<div class=\"flex max-w-full flex-col flex-grow\">\n<div data-message-author-role=\"assistant\" data-message-id=\"038c79c4-d1c3-406d-81da-ae0ccb9ac2ed\" dir=\"auto\" class=\"min-h-[20px] text-message flex w-full flex-col items-end gap-2 whitespace-normal break-words [.text-message+&amp;]:mt-5\">\n<div class=\"flex w-full flex-col gap-1 empty:hidden first:pt-[3px]\">\n<div class=\"markdown prose w-full break-words dark:prose-invert light\">\n<p>Le parking de Kjerag est ouvert 24h\/24 et 7j\/7, de la mi-mai jusqu&#8217;\u00e0 fin octobre, vous permettant d&#8217;arriver et de partir \u00e0 tout moment. Le bureau d&#8217;information touristique est ouvert pendant la journ\u00e9e, avec des horaires commen\u00e7ant \u00e0 7h30 en haute saison et \u00e0 partir de 8h ou 9h en saison interm\u00e9diaire. Le parking est supervis\u00e9 jusqu&#8217;\u00e0 20h en haute saison et jusqu&#8217;\u00e0 19h, 18h ou 17h pendant les saisons interm\u00e9diaires.<\/p>\n<p>En cas d&#8217;urgence en dehors des heures de pr\u00e9sence du personnel, vous pouvez nous contacter au (+47) 40 30 68 65 jusqu&#8217;\u00e0 23h. Veuillez noter que le camping ou le sommeil dans des v\u00e9hicules ou des tentes \u00e0 ou pr\u00e8s du parking de Kjerag est interdit. Des contr\u00f4les sont effectu\u00e9s en dehors des heures de pr\u00e9sence du personnel.<\/p>\n<\/div>\n<\/div>\n<\/div>\n<\/div>\n<p>[\/et_pb_accordion_item][\/et_pb_accordion][\/et_pb_column][\/et_pb_row][\/et_pb_section][et_pb_section fb_built=&#8221;1&#8243; module_class=&#8221;shortInfoAbout&#8221; _builder_version=&#8221;4.16&#8243; background_color=&#8221;rgba(102,201,3,0.1)&#8221; global_colors_info=&#8221;{}&#8221;][et_pb_row _builder_version=&#8221;4.16&#8243; custom_padding=&#8221;5px|0px|35px|0px|false|false&#8221; animation_direction=&#8221;bottom&#8221; global_colors_info=&#8221;{}&#8221;][et_pb_column type=&#8221;4_4&#8243; _builder_version=&#8221;4.16&#8243; custom_padding=&#8221;|||&#8221; global_colors_info=&#8221;{}&#8221; custom_padding__hover=&#8221;|||&#8221;][et_pb_text _builder_version=&#8221;4.27.0&#8243; header_font=&#8221;||||||||&#8221; header_4_font=&#8221;|300||on|||||&#8221; header_4_text_align=&#8221;center&#8221; header_4_font_size=&#8221;24px&#8221; header_4_letter_spacing=&#8221;0.1em&#8221; header_4_line_height=&#8221;1.2em&#8221; custom_margin=&#8221;||0px&#8221; header_4_font_size_tablet=&#8221;22px&#8221; header_4_font_size_phone=&#8221;18px&#8221; header_4_font_size_last_edited=&#8221;on|phone&#8221; global_colors_info=&#8221;{}&#8221;]<\/p>\n<div class=\"flex max-w-full flex-col flex-grow\">\n<div data-message-author-role=\"assistant\" data-message-id=\"aac2c9dc-f654-482b-a9fa-e9a4c8b7f5c3\" dir=\"auto\" class=\"min-h-[20px] text-message flex w-full flex-col items-end gap-2 whitespace-normal break-words [.text-message+&amp;]:mt-5\">\n<div class=\"flex w-full flex-col gap-1 empty:hidden first:pt-[3px]\">\n<div class=\"markdown prose w-full break-words dark:prose-invert light\">\n<h4 style=\"text-align: center;\">Qui sommes-nous<\/h4>\n<\/div>\n<\/div>\n<\/div>\n<\/div>\n<p>[\/et_pb_text][et_pb_text _builder_version=&#8221;4.16&#8243; header_font=&#8221;|700||on|||||&#8221; header_text_align=&#8221;center&#8221; header_font_size=&#8221;72px&#8221; header_letter_spacing=&#8221;0.1em&#8221; header_line_height=&#8221;1.2em&#8221; header_2_font=&#8221;|700||on|||||&#8221; header_2_text_align=&#8221;center&#8221; header_2_font_size=&#8221;72px&#8221; header_2_line_height=&#8221;1.2em&#8221; header_4_font=&#8221;|300||on|||||&#8221; header_4_text_align=&#8221;center&#8221; header_4_font_size=&#8221;24px&#8221; custom_margin=&#8221;||||false&#8221; header_font_size_tablet=&#8221;52px&#8221; header_font_size_phone=&#8221;42px&#8221; header_font_size_last_edited=&#8221;on|phone&#8221; header_2_font_size_tablet=&#8221;52px&#8221; header_2_font_size_phone=&#8221;42px&#8221; header_2_font_size_last_edited=&#8221;on|phone&#8221; header_4_font_size_tablet=&#8221;22px&#8221; header_4_font_size_phone=&#8221;18px&#8221; header_4_font_size_last_edited=&#8221;on|phone&#8221; global_colors_info=&#8221;{}&#8221;]<\/p>\n<h1>Lysefjorden utvikling as<\/h1>\n<p>[\/et_pb_text][et_pb_divider color=&#8221;#66c903&#8243; divider_weight=&#8221;2px&#8221; _builder_version=&#8221;4.16&#8243; max_width=&#8221;250px&#8221; max_width_tablet=&#8221;100px&#8221; max_width_phone=&#8221;&#8221; max_width_last_edited=&#8221;on|phone&#8221; module_alignment=&#8221;center&#8221; global_colors_info=&#8221;{}&#8221;][\/et_pb_divider][et_pb_text _builder_version=&#8221;4.25.2&#8243; text_font=&#8221;||||||||&#8221; text_font_size=&#8221;24px&#8221; text_line_height=&#8221;1.5em&#8221; header_font=&#8221;||||||||&#8221; text_orientation=&#8221;center&#8221; max_width=&#8221;900px&#8221; module_alignment=&#8221;center&#8221; text_font_size_tablet=&#8221;20px&#8221; text_font_size_phone=&#8221;18px&#8221; text_font_size_last_edited=&#8221;on|phone&#8221; global_colors_info=&#8221;{}&#8221;]<\/p>\n<p style=\"text-align: left;\">Lysefjorden Utvikling AS est charg\u00e9 de la gestion du parking de Kjerag.<\/p>\n<p style=\"text-align: left;\">Le Lysefjord est une destination cl\u00e9 pour toute la r\u00e9gion. C&#8217;est pourquoi Lysefjorden Utvikling AS (D\u00e9veloppement du Lysefjord) a \u00e9t\u00e9 cr\u00e9\u00e9e par le Conseil du Comt\u00e9 de Rogaland et plusieurs municipalit\u00e9s autour du fjord. Cette organisation se consacre au d\u00e9veloppement du tourisme dans et autour du Lysefjord, avec des missions principales ax\u00e9es sur l&#8217;infrastructure, le d\u00e9veloppement des affaires et l&#8217;accueil des visiteurs.<\/p>\n<p>[\/et_pb_text][et_pb_image src=&#8221;https:\/\/kjerag.info\/wp-content\/uploads\/2024\/08\/lysefjorden-365-horisontal-rektangel-ingen-undertekst.png&#8221; title_text=&#8221;lysefjorden-365-horisontal-rektangel-ingen-undertekst&#8221; url=&#8221;https:\/\/lysefjorden365.com\/&#8221; url_new_window=&#8221;on&#8221; align=&#8221;center&#8221; _builder_version=&#8221;4.25.2&#8243; _module_preset=&#8221;default&#8221; width=&#8221;75%&#8221; global_colors_info=&#8221;{}&#8221;][\/et_pb_image][\/et_pb_column][\/et_pb_row][\/et_pb_section][et_pb_section fb_built=&#8221;1&#8243; custom_padding_last_edited=&#8221;on|phone&#8221; module_class=&#8221;detailedInfoTrip&#8221; _builder_version=&#8221;4.16&#8243; custom_padding=&#8221;35px|0px|64px|0px|false|false&#8221; custom_padding_tablet=&#8221;0px||0px&#8221; custom_padding_phone=&#8221;&#8221; global_colors_info=&#8221;{}&#8221;][et_pb_row column_structure=&#8221;1_2,1_2&#8243; use_custom_gutter=&#8221;on&#8221; gutter_width=&#8221;3&#8243; _builder_version=&#8221;4.16&#8243; global_colors_info=&#8221;{}&#8221;][et_pb_column type=&#8221;1_2&#8243; _builder_version=&#8221;4.16&#8243; custom_padding=&#8221;|||&#8221; global_colors_info=&#8221;{}&#8221; custom_padding__hover=&#8221;|||&#8221;][et_pb_text _builder_version=&#8221;4.16&#8243; header_font=&#8221;||||||||&#8221; header_5_font=&#8221;||||||||&#8221; header_5_font_size=&#8221;32px&#8221; header_5_letter_spacing=&#8221;0.05em&#8221; custom_margin=&#8221;||10px&#8221; header_5_font_size_tablet=&#8221;28px&#8221; header_5_font_size_phone=&#8221;24px&#8221; header_5_font_size_last_edited=&#8221;on|phone&#8221; global_colors_info=&#8221;{}&#8221;]<\/p>\n<h5>Notre r\u00f4le<\/h5>\n<p>[\/et_pb_text][et_pb_text _builder_version=&#8221;4.16&#8243; text_font=&#8221;|300|||||||&#8221; text_letter_spacing=&#8221;1px&#8221; text_line_height=&#8221;1.5em&#8221; max_width=&#8221;500px&#8221; custom_margin=&#8221;||35px&#8221; global_colors_info=&#8221;{}&#8221;]<\/p>\n<p>Lysefjorden Utvikling est impliqu\u00e9 dans le d\u00e9veloppement du secteur touristique dans et autour du Lysefjord, avec des missions principales ax\u00e9es sur l&#8217;infrastructure, le d\u00e9veloppement des affaires et l&#8217;accueil des visiteurs.<\/p>\n<p>Pour r\u00e9aliser notre vision d&#8217;un fjord dynamique et en accord avec les valeurs d&#8217;une &#8220;destination durable&#8221;, nous mettons en place une gestion des visiteurs cibl\u00e9e. Cela signifie que nous cherchons \u00e0 attirer les visiteurs que nous souhaitons, au bon endroit, au bon moment, en quantit\u00e9 appropri\u00e9e, et qui se comportent de mani\u00e8re responsable. Nous visons \u00e9galement \u00e0 offrir la meilleure exp\u00e9rience possible aux visiteurs, \u00e0 pr\u00e9server la nature et \u00e0 g\u00e9n\u00e9rer des retomb\u00e9es positives pour la communaut\u00e9 locale.<\/p>\n<p>Notre approche de la gestion des visiteurs est bas\u00e9e sur des connaissances approfondies. Lysefjorden Utvikling m\u00e8ne r\u00e9guli\u00e8rement des enqu\u00eates aupr\u00e8s des visiteurs, des op\u00e9rateurs touristiques, des r\u00e9sidents locaux et des propri\u00e9taires de cabanes.<\/p>\n<p>[\/et_pb_text][\/et_pb_column][et_pb_column type=&#8221;1_2&#8243; _builder_version=&#8221;4.16&#8243; custom_padding=&#8221;|||&#8221; global_colors_info=&#8221;{}&#8221; custom_padding__hover=&#8221;|||&#8221;][et_pb_text _builder_version=&#8221;4.27.0&#8243; header_font=&#8221;||||||||&#8221; header_5_font=&#8221;||||||||&#8221; header_5_font_size=&#8221;32px&#8221; header_5_letter_spacing=&#8221;0.05em&#8221; custom_margin=&#8221;||10px&#8221; header_5_font_size_tablet=&#8221;28px&#8221; header_5_font_size_phone=&#8221;24px&#8221; header_5_font_size_last_edited=&#8221;on|phone&#8221; global_colors_info=&#8221;{}&#8221;]<\/p>\n<h5>Le Lysefjord &#8211; Une destination durable?<\/h5>\n<p>[\/et_pb_text][et_pb_text _builder_version=&#8221;4.25.2&#8243; text_font=&#8221;|300|||||||&#8221; text_letter_spacing=&#8221;1px&#8221; text_line_height=&#8221;1.5em&#8221; max_width=&#8221;500px&#8221; custom_margin=&#8221;||35px&#8221; global_colors_info=&#8221;{}&#8221;]<\/p>\n<p>Le Lysefjord est int\u00e9gr\u00e9 au programme de destinations durables, ce qui implique une grande responsabilit\u00e9 dans la protection de la nature, de la culture et de l&#8217;environnement. Nous nous engageons \u00e0 d\u00e9velopper le Lysefjord en tant qu&#8217;atout positif pour la communaut\u00e9 locale et \u00e0 cr\u00e9er une industrie prosp\u00e8re et durable. Notre objectif est de garantir de bonnes exp\u00e9riences tant pour les visiteurs que pour les habitants de la r\u00e9gion. Nous privil\u00e9gions les nouvelles technologies et solutions qui contribuent \u00e0 cet engagement.<\/p>\n<p>[\/et_pb_text][et_pb_button button_url=&#8221;https:\/\/lysefjorden365.com\/sustainable-destination-lysefjorden-norway&#8221; url_new_window=&#8221;on&#8221; button_text=&#8221;D\u00e9couvrez en plus sur nos initiatives en mati\u00e8re de durabilit\u00e9&#8221; button_alignment=&#8221;center&#8221; _builder_version=&#8221;4.27.0&#8243; _module_preset=&#8221;default&#8221; global_colors_info=&#8221;{}&#8221;][\/et_pb_button][et_pb_image src=&#8221;https:\/\/kjerag.info\/wp-content\/uploads\/2024\/08\/Sustainable-Destination-Local-engagement-in-a-long-perspective_Logo_Colour_CMYK.png&#8221; title_text=&#8221;Sustainable-Destination-Local-engagement-in-a-long-perspective_Logo_Colour_CMYK&#8221; _builder_version=&#8221;4.25.2&#8243; _module_preset=&#8221;default&#8221; width=&#8221;50%&#8221; module_alignment=&#8221;center&#8221; global_colors_info=&#8221;{}&#8221;][\/et_pb_image][\/et_pb_column][\/et_pb_row][et_pb_row _builder_version=&#8221;4.16&#8243; global_colors_info=&#8221;{}&#8221;][et_pb_column type=&#8221;4_4&#8243; _builder_version=&#8221;4.16&#8243; custom_padding=&#8221;|||&#8221; global_colors_info=&#8221;{}&#8221; custom_padding__hover=&#8221;|||&#8221;][et_pb_text _builder_version=&#8221;4.27.0&#8243; header_font=&#8221;||||||||&#8221; header_5_font=&#8221;||||||||&#8221; header_5_font_size=&#8221;32px&#8221; header_5_font_size_tablet=&#8221;26px&#8221; header_5_font_size_phone=&#8221;24px&#8221; header_5_font_size_last_edited=&#8221;on|phone&#8221; global_colors_info=&#8221;{}&#8221;]<\/p>\n<div class=\"flex max-w-full flex-col flex-grow\">\n<div data-message-author-role=\"assistant\" data-message-id=\"35c287a1-c5b3-48ae-b438-988dcac28eb3\" dir=\"auto\" class=\"min-h-[20px] text-message flex w-full flex-col items-end gap-2 whitespace-normal break-words [.text-message+&amp;]:mt-5\">\n<div class=\"flex w-full flex-col gap-1 empty:hidden first:pt-[3px]\">\n<div class=\"markdown prose w-full break-words dark:prose-invert light\">\n<h5 style=\"text-align: center;\">Afflux de visiteurs \u00e0 Kjerag<\/h5>\n<\/div>\n<\/div>\n<\/div>\n<\/div>\n<p>[\/et_pb_text][et_pb_image src=&#8221;https:\/\/kjerag.info\/wp-content\/uploads\/2025\/04\/Visitor-numbers-Kjerag.png&#8221; title_text=&#8221;Visitor numbers Kjerag&#8221; align_tablet=&#8221;center&#8221; align_phone=&#8221;&#8221; align_last_edited=&#8221;on|desktop&#8221; disabled_on=&#8221;on|off|off&#8221; _builder_version=&#8221;4.27.4&#8243; max_width=&#8221;80%&#8221; module_alignment=&#8221;center&#8221; hover_enabled=&#8221;0&#8243; global_colors_info=&#8221;{}&#8221; sticky_enabled=&#8221;0&#8243;][\/et_pb_image][\/et_pb_column][\/et_pb_row][\/et_pb_section]<\/p>\n","protected":false},"excerpt":{"rendered":"<p>Informations de contact Avant de nous contacter, merci de consulter d&#8217;abord la section FAQ. E-mail\u00a0kjerag@lysefjorden365.no T\u00e9l\u00e9phone\u00a0(+47) 40 30 68 65\u00c0 notre connaissance, personne n\u2019est jamais tomb\u00e9 du rocher de Kjerag. Statistiquement, c\u2019est plus s\u00fbr que de conduire une voiture, probablement parce que les risques sont tr\u00e8s \u00e9vidents. Une chute du rocher serait fatale. Se tenir [&hellip;]<\/p>\n","protected":false},"author":16,"featured_media":219810,"parent":0,"menu_order":0,"comment_status":"closed","ping_status":"closed","template":"","meta":{"_et_pb_use_builder":"on","_et_pb_old_content":"","_et_gb_content_width":"","footnotes":""},"class_list":["post-219809","page","type-page","status-publish","has-post-thumbnail","hentry"],"yoast_head":"<!-- This site is optimized with the Yoast SEO plugin v27.4 - https:\/\/yoast.com\/product\/yoast-seo-wordpress\/ -->\n<title>Contactez-nous et FAQ sur Kjerag<\/title>\n<meta name=\"description\" content=\"Contactez-nous pour toute question sur Kjerag et consultez notre FAQ pour pr\u00e9parer votre visite.\" \/>\n<meta name=\"robots\" content=\"index, follow, max-snippet:-1, max-image-preview:large, max-video-preview:-1\" \/>\n<link rel=\"canonical\" href=\"https:\/\/kjerag.info\/zh\/\u7ecf\u5e38\u63d0\u51fa\u7684\u8054\u7cfb\u95ee\u9898\/\" \/>\n<meta property=\"og:locale\" content=\"zh_CN\" \/>\n<meta property=\"og:type\" content=\"article\" \/>\n<meta property=\"og:title\" content=\"Contactez-nous et FAQ sur Kjerag\" \/>\n<meta property=\"og:description\" content=\"Contactez-nous pour toute question sur Kjerag et consultez notre FAQ pour pr\u00e9parer votre visite.\" \/>\n<meta property=\"og:url\" content=\"https:\/\/kjerag.info\/zh\/\u7ecf\u5e38\u63d0\u51fa\u7684\u8054\u7cfb\u95ee\u9898\/\" \/>\n<meta property=\"og:site_name\" content=\"Kjerag 365\" \/>\n<meta property=\"article:modified_time\" content=\"2025-04-08T12:47:41+00:00\" \/>\n<meta property=\"og:image\" content=\"https:\/\/kjerag.info\/wp-content\/uploads\/2024\/08\/kjerag-365-symbol-sirkel.png\" \/>\n\t<meta property=\"og:image:width\" content=\"350\" \/>\n\t<meta property=\"og:image:height\" content=\"350\" \/>\n\t<meta property=\"og:image:type\" content=\"image\/png\" \/>\n<meta name=\"twitter:card\" content=\"summary_large_image\" \/>\n<meta name=\"twitter:label1\" content=\"Est. reading time\" \/>\n\t<meta name=\"twitter:data1\" content=\"8 \u5206\" \/>\n<script type=\"application\/ld+json\" class=\"yoast-schema-graph\">{\"@context\":\"https:\\\/\\\/schema.org\",\"@graph\":[{\"@type\":\"WebPage\",\"@id\":\"https:\\\/\\\/kjerag.info\\\/fr\\\/contact-questions-frequemment-posees\\\/\",\"url\":\"https:\\\/\\\/kjerag.info\\\/fr\\\/contact-questions-frequemment-posees\\\/\",\"name\":\"Contactez-nous et FAQ sur Kjerag\",\"isPartOf\":{\"@id\":\"https:\\\/\\\/kjerag.info\\\/#website\"},\"primaryImageOfPage\":{\"@id\":\"https:\\\/\\\/kjerag.info\\\/fr\\\/contact-questions-frequemment-posees\\\/#primaryimage\"},\"image\":{\"@id\":\"https:\\\/\\\/kjerag.info\\\/fr\\\/contact-questions-frequemment-posees\\\/#primaryimage\"},\"thumbnailUrl\":\"https:\\\/\\\/kjerag.info\\\/wp-content\\\/uploads\\\/2024\\\/08\\\/kjerag-365-symbol-sirkel.png\",\"datePublished\":\"2024-09-11T07:29:43+00:00\",\"dateModified\":\"2025-04-08T12:47:41+00:00\",\"description\":\"Contactez-nous pour toute question sur Kjerag et consultez notre FAQ pour pr\u00e9parer votre visite.\",\"breadcrumb\":{\"@id\":\"https:\\\/\\\/kjerag.info\\\/fr\\\/contact-questions-frequemment-posees\\\/#breadcrumb\"},\"inLanguage\":\"zh-Hans\",\"potentialAction\":[{\"@type\":\"ReadAction\",\"target\":[\"https:\\\/\\\/kjerag.info\\\/fr\\\/contact-questions-frequemment-posees\\\/\"]}]},{\"@type\":\"ImageObject\",\"inLanguage\":\"zh-Hans\",\"@id\":\"https:\\\/\\\/kjerag.info\\\/fr\\\/contact-questions-frequemment-posees\\\/#primaryimage\",\"url\":\"https:\\\/\\\/kjerag.info\\\/wp-content\\\/uploads\\\/2024\\\/08\\\/kjerag-365-symbol-sirkel.png\",\"contentUrl\":\"https:\\\/\\\/kjerag.info\\\/wp-content\\\/uploads\\\/2024\\\/08\\\/kjerag-365-symbol-sirkel.png\",\"width\":350,\"height\":350,\"caption\":\"Breathtaking panoramic shot of Kjerag mountain showcasing the iconic Kjerag bolt in Norway's fjord scenery.\"},{\"@type\":\"BreadcrumbList\",\"@id\":\"https:\\\/\\\/kjerag.info\\\/fr\\\/contact-questions-frequemment-posees\\\/#breadcrumb\",\"itemListElement\":[{\"@type\":\"ListItem\",\"position\":1,\"name\":\"Hjem\",\"item\":\"https:\\\/\\\/kjerag.info\\\/\"},{\"@type\":\"ListItem\",\"position\":2,\"name\":\"Contact | Questions Fr\u00e9quemment Pos\u00e9es\"}]},{\"@type\":\"WebSite\",\"@id\":\"https:\\\/\\\/kjerag.info\\\/#website\",\"url\":\"https:\\\/\\\/kjerag.info\\\/\",\"name\":\"Kjerag 365\",\"description\":\"All you need to know for your hike to Kjerag\",\"potentialAction\":[{\"@type\":\"SearchAction\",\"target\":{\"@type\":\"EntryPoint\",\"urlTemplate\":\"https:\\\/\\\/kjerag.info\\\/?s={search_term_string}\"},\"query-input\":{\"@type\":\"PropertyValueSpecification\",\"valueRequired\":true,\"valueName\":\"search_term_string\"}}],\"inLanguage\":\"zh-Hans\"}]}<\/script>\n<!-- \/ Yoast SEO plugin. -->","yoast_head_json":{"title":"\u8054\u7cfb\u6211\u4eec\u548c Kjerag \u5e38\u89c1\u95ee\u9898","description":"\u5982\u679c\u60a8\u5bf9\u8c22\u62c9\u683c\u6709\u4efb\u4f55\u7591\u95ee\uff0c\u8bf7\u8054\u7cfb\u6211\u4eec\uff0c\u5e76\u67e5\u9605\u5e38\u89c1\u95ee\u9898\uff0c\u4e3a\u8bbf\u95ee\u505a\u597d\u51c6\u5907\u3002.","robots":{"index":"index","follow":"follow","max-snippet":"max-snippet:-1","max-image-preview":"max-image-preview:large","max-video-preview":"max-video-preview:-1"},"canonical":"https:\/\/kjerag.info\/zh\/\u7ecf\u5e38\u63d0\u51fa\u7684\u8054\u7cfb\u95ee\u9898\/","og_locale":"zh_CN","og_type":"article","og_title":"Contactez-nous et FAQ sur Kjerag","og_description":"Contactez-nous pour toute question sur Kjerag et consultez notre FAQ pour pr\u00e9parer votre visite.","og_url":"https:\/\/kjerag.info\/zh\/\u7ecf\u5e38\u63d0\u51fa\u7684\u8054\u7cfb\u95ee\u9898\/","og_site_name":"Kjerag 365","article_modified_time":"2025-04-08T12:47:41+00:00","og_image":[{"width":350,"height":350,"url":"https:\/\/kjerag.info\/wp-content\/uploads\/2024\/08\/kjerag-365-symbol-sirkel.png","type":"image\/png"}],"twitter_card":"summary_large_image","twitter_misc":{"Est. reading time":"8 \u5206"},"schema":{"@context":"https:\/\/schema.org","@graph":[{"@type":"WebPage","@id":"https:\/\/kjerag.info\/fr\/contact-questions-frequemment-posees\/","url":"https:\/\/kjerag.info\/fr\/contact-questions-frequemment-posees\/","name":"\u8054\u7cfb\u6211\u4eec\u548c Kjerag \u5e38\u89c1\u95ee\u9898","isPartOf":{"@id":"https:\/\/kjerag.info\/#website"},"primaryImageOfPage":{"@id":"https:\/\/kjerag.info\/fr\/contact-questions-frequemment-posees\/#primaryimage"},"image":{"@id":"https:\/\/kjerag.info\/fr\/contact-questions-frequemment-posees\/#primaryimage"},"thumbnailUrl":"https:\/\/kjerag.info\/wp-content\/uploads\/2024\/08\/kjerag-365-symbol-sirkel.png","datePublished":"2024-09-11T07:29:43+00:00","dateModified":"2025-04-08T12:47:41+00:00","description":"\u5982\u679c\u60a8\u5bf9\u8c22\u62c9\u683c\u6709\u4efb\u4f55\u7591\u95ee\uff0c\u8bf7\u8054\u7cfb\u6211\u4eec\uff0c\u5e76\u67e5\u9605\u5e38\u89c1\u95ee\u9898\uff0c\u4e3a\u8bbf\u95ee\u505a\u597d\u51c6\u5907\u3002.","breadcrumb":{"@id":"https:\/\/kjerag.info\/fr\/contact-questions-frequemment-posees\/#breadcrumb"},"inLanguage":"zh-Hans","potentialAction":[{"@type":"ReadAction","target":["https:\/\/kjerag.info\/fr\/contact-questions-frequemment-posees\/"]}]},{"@type":"ImageObject","inLanguage":"zh-Hans","@id":"https:\/\/kjerag.info\/fr\/contact-questions-frequemment-posees\/#primaryimage","url":"https:\/\/kjerag.info\/wp-content\/uploads\/2024\/08\/kjerag-365-symbol-sirkel.png","contentUrl":"https:\/\/kjerag.info\/wp-content\/uploads\/2024\/08\/kjerag-365-symbol-sirkel.png","width":350,"height":350,"caption":"Breathtaking panoramic shot of Kjerag mountain showcasing the iconic Kjerag bolt in Norway's fjord scenery."},{"@type":"BreadcrumbList","@id":"https:\/\/kjerag.info\/fr\/contact-questions-frequemment-posees\/#breadcrumb","itemListElement":[{"@type":"ListItem","position":1,"name":"Hjem","item":"https:\/\/kjerag.info\/"},{"@type":"ListItem","position":2,"name":"Contact | Questions Fr\u00e9quemment Pos\u00e9es"}]},{"@type":"WebSite","@id":"https:\/\/kjerag.info\/#website","url":"https:\/\/kjerag.info\/","name":"\u8c22\u62c9\u683c 365","description":"\u5f92\u6b65\u524d\u5f80\u8c22\u62c9\u683c\u6240\u9700\u7684\u6240\u6709\u4fe1\u606f","potentialAction":[{"@type":"SearchAction","target":{"@type":"EntryPoint","urlTemplate":"https:\/\/kjerag.info\/?s={search_term_string}"},"query-input":{"@type":"PropertyValueSpecification","valueRequired":true,"valueName":"search_term_string"}}],"inLanguage":"zh-Hans"}]}},"_links":{"self":[{"href":"https:\/\/kjerag.info\/zh\/wp-json\/wp\/v2\/pages\/219809","targetHints":{"allow":["GET"]}}],"collection":[{"href":"https:\/\/kjerag.info\/zh\/wp-json\/wp\/v2\/pages"}],"about":[{"href":"https:\/\/kjerag.info\/zh\/wp-json\/wp\/v2\/types\/page"}],"author":[{"embeddable":true,"href":"https:\/\/kjerag.info\/zh\/wp-json\/wp\/v2\/users\/16"}],"replies":[{"embeddable":true,"href":"https:\/\/kjerag.info\/zh\/wp-json\/wp\/v2\/comments?post=219809"}],"version-history":[{"count":0,"href":"https:\/\/kjerag.info\/zh\/wp-json\/wp\/v2\/pages\/219809\/revisions"}],"wp:featuredmedia":[{"embeddable":true,"href":"https:\/\/kjerag.info\/zh\/wp-json\/wp\/v2\/media\/219810"}],"wp:attachment":[{"href":"https:\/\/kjerag.info\/zh\/wp-json\/wp\/v2\/media?parent=219809"}],"curies":[{"name":"wp","href":"https:\/\/api.w.org\/{rel}","templated":true}]}}