{"id":219787,"date":"2024-09-02T19:43:33","date_gmt":"2024-09-02T17:43:33","guid":{"rendered":"https:\/\/kjerag.info\/?page_id=219787"},"modified":"2025-11-05T11:45:58","modified_gmt":"2025-11-05T10:45:58","slug":"zwerftocht-naar-de-haven","status":"publish","type":"page","link":"https:\/\/kjerag.info\/nl\/wanderung-zum-kjerag\/","title":{"rendered":"Wandeling naar de Kjerag"},"content":{"rendered":"<p>[et_pb_section fb_built=&#8221;1&#8243; custom_padding_last_edited=&#8221;on|phone&#8221; disabled_on=&#8221;on|off|off&#8221; _builder_version=&#8221;4.25.2&#8243; background_image=&#8221;https:\/\/kjerag.info\/wp-content\/uploads\/2024\/08\/Kjerag-horisontal-scaled.jpg&#8221; parallax=&#8221;on&#8221; custom_margin=&#8221;||0px&#8221; custom_margin_tablet=&#8221;||10px&#8221; custom_margin_phone=&#8221;&#8221; custom_margin_last_edited=&#8221;on|phone&#8221; custom_padding=&#8221;125px|25px|150px|25px|false|false&#8221; custom_padding_tablet=&#8221;75px|0px|75px|0px&#8221; custom_padding_phone=&#8221;75px||75px&#8221; global_colors_info=&#8221;{}&#8221;][et_pb_row disabled_on=&#8221;off|off|off&#8221; _builder_version=&#8221;4.16&#8243; custom_padding=&#8221;32px|0px|0|0px|false|false&#8221; global_colors_info=&#8221;{}&#8221;][et_pb_column type=&#8221;4_4&#8243; _builder_version=&#8221;4.16&#8243; custom_padding=&#8221;|||&#8221; global_colors_info=&#8221;{}&#8221; custom_padding__hover=&#8221;|||&#8221;][et_pb_text _builder_version=&#8221;4.25.2&#8243; text_font=&#8221;||||||||&#8221; header_font=&#8221;||||||||&#8221; header_4_font=&#8221;Oswald|300|||||||&#8221; header_4_text_align=&#8221;center&#8221; header_4_text_color=&#8221;#3c3c3c&#8221; header_4_font_size=&#8221;32px&#8221; header_4_letter_spacing=&#8221;0.1em&#8221; custom_margin_tablet=&#8221;0px|||0px&#8221; custom_margin_phone=&#8221;&#8221; custom_margin_last_edited=&#8221;on|desktop&#8221; animation_direction=&#8221;top&#8221; header_4_font_size_tablet=&#8221;28px&#8221; header_4_font_size_phone=&#8221;24px&#8221; header_4_font_size_last_edited=&#8221;on|phone&#8221; global_colors_info=&#8221;{}&#8221;]<\/p>\n<h4><span style=\"color: #ffffff;\">Kjerag \u2013 Die Majest\u00e4t des Lysefjords<\/span><\/h4>\n<p>&nbsp;<\/p>\n<p>[\/et_pb_text][et_pb_divider color=&#8221;#66c903&#8243; divider_weight=&#8221;2px&#8221; _builder_version=&#8221;4.16&#8243; max_width=&#8221;350px&#8221; max_width_tablet=&#8221;100px&#8221; max_width_phone=&#8221;&#8221; max_width_last_edited=&#8221;on|phone&#8221; module_alignment=&#8221;center&#8221; animation_direction=&#8221;bottom&#8221; global_colors_info=&#8221;{}&#8221;][\/et_pb_divider][\/et_pb_column][\/et_pb_row][\/et_pb_section][et_pb_section fb_built=&#8221;1&#8243; disabled_on=&#8221;off|off|off&#8221; admin_label=&#8221;Message front&#8221; module_class=&#8221;meldingFront&#8221; _builder_version=&#8221;4.25.2&#8243; custom_margin=&#8221;|||-280px&#8221; custom_margin_tablet=&#8221;|||0px&#8221; custom_margin_phone=&#8221;&#8221; custom_margin_last_edited=&#8221;on|phone&#8221; custom_padding=&#8221;0px|0px|25px|0px&#8221; custom_css_main_element=&#8221;z-index: 2;&#8221; locked=&#8221;off&#8221; collapsed=&#8221;off&#8221; global_colors_info=&#8221;{}&#8221;][et_pb_row column_structure=&#8221;1_4,3_4&#8243; use_custom_gutter=&#8221;on&#8221; gutter_width=&#8221;1&#8243; disabled_on=&#8221;off|off|off&#8221; _builder_version=&#8221;4.25.2&#8243; background_size=&#8221;initial&#8221; background_position=&#8221;top_left&#8221; background_repeat=&#8221;repeat&#8221; module_alignment=&#8221;center&#8221; custom_margin=&#8221;|||&#8221; custom_padding=&#8221;0|0px|32px|0px|false|false&#8221; animation_direction=&#8221;bottom&#8221; use_custom_width=&#8221;on&#8221; global_colors_info=&#8221;{}&#8221;][et_pb_column type=&#8221;1_4&#8243; admin_label=&#8221;Column&#8221; _builder_version=&#8221;4.16&#8243; custom_padding=&#8221;|||&#8221; global_colors_info=&#8221;{}&#8221; custom_padding__hover=&#8221;|||&#8221;][et_pb_kkblogext_grid posts_number=&#8221;1&#8243; include_categories=&#8221;60&#8243; show_thumbnail=&#8221;off&#8221; show_content=&#8221;none&#8221; show_author=&#8221;off&#8221; show_categories=&#8221;off&#8221; show_pagination=&#8221;off&#8221; disabled_on=&#8221;off|off|off&#8221; module_class=&#8221;messageImage&#8221; _builder_version=&#8221;4.25.2&#8243; title_font=&#8221;|||on|||||&#8221; title_text_align=&#8221;right&#8221; title_font_size=&#8221;16&#8243; meta_font=&#8221;|800|||||||&#8221; meta_text_align=&#8221;right&#8221; meta_font_size=&#8221;16&#8243; body_font=&#8221;|800|||||||&#8221; body_text_align=&#8221;right&#8221; custom_css_main_element=&#8221;\t&#8221; global_colors_info=&#8221;{}&#8221;][\/et_pb_kkblogext_grid][\/et_pb_column][et_pb_column type=&#8221;3_4&#8243; _builder_version=&#8221;4.25.2&#8243; custom_padding=&#8221;|||&#8221; global_colors_info=&#8221;{}&#8221; custom_padding__hover=&#8221;|||&#8221;][et_pb_kkblogext_grid posts_number=&#8221;1&#8243; include_categories=&#8221;60&#8243; show_thumbnail=&#8221;off&#8221; trunc_num=&#8221;140&#8243; show_author=&#8221;off&#8221; show_date=&#8221;off&#8221; show_categories=&#8221;off&#8221; show_pagination=&#8221;off&#8221; module_class=&#8221;messageTxt&#8221; _builder_version=&#8221;4.27.0&#8243; title_font=&#8221;|||on|||||&#8221; title_text_align=&#8221;center&#8221; title_font_size=&#8221;24px&#8221; meta_font=&#8221;||||||||&#8221; meta_font_size=&#8221;12&#8243; body_font=&#8221;|300|||||||&#8221; body_text_align=&#8221;center&#8221; custom_margin=&#8221;30px||||false|false&#8221; custom_padding=&#8221;||||false|false&#8221; title_font_size_tablet=&#8221;22px&#8221; title_font_size_phone=&#8221;20px&#8221; title_font_size_last_edited=&#8221;on|phone&#8221; body_font_size_tablet=&#8221;&#8221; body_font_size_phone=&#8221;14px&#8221; body_font_size_last_edited=&#8221;on|phone&#8221; custom_css_main_element=&#8221;\t&#8221; global_colors_info=&#8221;{}&#8221;][\/et_pb_kkblogext_grid][\/et_pb_column][\/et_pb_row][et_pb_row use_custom_gutter=&#8221;on&#8221; gutter_width=&#8221;1&#8243; disabled_on=&#8221;off|off|on&#8221; admin_label=&#8221;Yr widget&#8221; _builder_version=&#8221;4.25.2&#8243; background_color=&#8221;#ffffff&#8221; background_size=&#8221;initial&#8221; background_position=&#8221;top_left&#8221; background_repeat=&#8221;repeat&#8221; vertical_offset=&#8221;-12px&#8221; vertical_offset_tablet=&#8221;-12px&#8221; vertical_offset_phone=&#8221;-12px&#8221; vertical_offset_last_edited=&#8221;on|phone&#8221; width=&#8221;100%&#8221; module_alignment=&#8221;right&#8221; height=&#8221;100%&#8221; custom_margin=&#8221;||||false|false&#8221; custom_padding=&#8221;0|0px|32px|0px|false|false&#8221; animation_direction=&#8221;bottom&#8221; use_custom_width=&#8221;on&#8221; global_colors_info=&#8221;{}&#8221;][et_pb_column type=&#8221;4_4&#8243; admin_label=&#8221;Column&#8221; _builder_version=&#8221;4.25.2&#8243; positioning=&#8221;absolute&#8221; position_origin_a=&#8221;top_right&#8221; position_origin_r=&#8221;top_right&#8221; vertical_offset=&#8221;0px&#8221; horizontal_offset=&#8221;39%&#8221; z_index=&#8221;9999&#8243; horizontal_offset_tablet=&#8221;39%&#8221; horizontal_offset_phone=&#8221;15%&#8221; horizontal_offset_last_edited=&#8221;on|phone&#8221; custom_padding=&#8221;|||&#8221; custom_css_main_element=&#8221;width: 50%!important;&#8221; global_colors_info=&#8221;{}&#8221; custom_padding__hover=&#8221;|||&#8221; custom_css_main_element_last_edited=&#8221;on|phone&#8221; custom_css_main_element_phone=&#8221;width: 80%!important;&#8221; custom_css_main_element_tablet=&#8221;width: 50%!important;&#8221;][et_pb_image src=&#8221;https:\/\/kjerag.info\/wp-content\/uploads\/2019\/02\/weather-cloud-sun-2.svg&#8221; title_text=&#8221;weather-cloud-sun-2&#8243; admin_label=&#8221;Image&#8221; _builder_version=&#8221;4.25.2&#8243; _module_preset=&#8221;default&#8221; max_width=&#8221;250px&#8221; custom_margin=&#8221;||0px||false|false&#8221; global_colors_info=&#8221;{}&#8221;][\/et_pb_image][et_pb_toggle title=&#8221;Weather forecast&#8221; open_toggle_text_color=&#8221;#000000&#8243; open_toggle_background_color=&#8221;RGBA(255,255,255,0)&#8221; closed_toggle_background_color=&#8221;RGBA(255,255,255,0)&#8221; icon_color=&#8221;#4E9307&#8243; toggle_icon=&#8221;&#x43;||divi||400&#8243; use_icon_font_size=&#8221;on&#8221; icon_font_size=&#8221;20px&#8221; open_icon_color=&#8221;#000000&#8243; open_toggle_icon=&#8221;&#xe04f;||divi||400&#8243; open_use_icon_font_size=&#8221;on&#8221; open_icon_font_size=&#8221;20px&#8221; admin_label=&#8221;Toggle&#8221; _builder_version=&#8221;4.25.2&#8243; _module_preset=&#8221;default&#8221; title_text_color=&#8221;#000000&#8243; title_font_size=&#8221;14px&#8221; width=&#8221;100%&#8221; custom_margin=&#8221;-95px||||false|false&#8221; custom_css_main_element=&#8221;position: absolute; ||z-index: 999999 !important; ||overflow: visible;||width: 100%!important;&#8221; custom_css_open_toggle=&#8221;  -webkit-touch-callout: none; \/* iOS Safari *\/||    -webkit-user-select: none; \/* Safari *\/||     -khtml-user-select: none; \/* Konqueror HTML *\/||       -moz-user-select: none; \/* Old versions of Firefox *\/||        -ms-user-select: none; \/* Internet Explorer\/Edge *\/||            user-select: none; \/* Non-prefixed version, currently||                                  supported by Chrome, Edge, Opera and Firefox *\/&#8221; custom_css_toggle_icon=&#8221;position: absolute;||left: 100px;||top: 10px;||z-index: 9999;&#8221; border_width_all=&#8221;0px&#8221; global_colors_info=&#8221;{}&#8221;]<\/p>\n<div class=\"weatherForecastFront\"><iframe loading=\"lazy\" class=\"yr-widget-card\" src=\"https:\/\/www.yr.no\/en\/content\/1-26420\/widgets\/card.html\" width=\"100%\" height=\"367\" style=\"border: none;\"><\/iframe><\/div>\n<p>[\/et_pb_toggle][\/et_pb_column][\/et_pb_row][\/et_pb_section][et_pb_section fb_built=&#8221;1&#8243; module_class=&#8221;shortInfoTrip&#8221; _builder_version=&#8221;4.20.1&#8243; custom_margin=&#8221;||10px||false|false&#8221; custom_padding=&#8221;55px|0px|0px|0px|false|false&#8221; border_width_bottom=&#8221;1px&#8221; border_color_bottom=&#8221;rgba(0,0,0,0.15)&#8221; global_colors_info=&#8221;{}&#8221;][et_pb_row _builder_version=&#8221;4.20.1&#8243; custom_padding=&#8221;5px|0px|0|0px|false|false&#8221; animation_direction=&#8221;bottom&#8221; global_colors_info=&#8221;{}&#8221;][et_pb_column type=&#8221;4_4&#8243; _builder_version=&#8221;4.16&#8243; custom_padding=&#8221;|||&#8221; global_colors_info=&#8221;{}&#8221; custom_padding__hover=&#8221;|||&#8221;][et_pb_text _builder_version=&#8221;4.25.2&#8243; header_font=&#8221;|700||on|||||&#8221; header_text_align=&#8221;center&#8221; header_font_size=&#8221;72px&#8221; header_letter_spacing=&#8221;0.1em&#8221; header_line_height=&#8221;1.2em&#8221; header_2_font=&#8221;|700||on|||||&#8221; header_2_text_align=&#8221;center&#8221; header_2_font_size=&#8221;72px&#8221; header_2_line_height=&#8221;1.2em&#8221; header_4_font=&#8221;|300||on|||||&#8221; header_4_text_align=&#8221;center&#8221; header_4_font_size=&#8221;24px&#8221; custom_margin=&#8221;||||false&#8221; header_font_size_tablet=&#8221;52px&#8221; header_font_size_phone=&#8221;42px&#8221; header_font_size_last_edited=&#8221;on|phone&#8221; header_2_font_size_tablet=&#8221;52px&#8221; header_2_font_size_phone=&#8221;42px&#8221; header_2_font_size_last_edited=&#8221;on|phone&#8221; header_4_font_size_tablet=&#8221;22px&#8221; header_4_font_size_phone=&#8221;18px&#8221; header_4_font_size_last_edited=&#8221;on|phone&#8221; global_colors_info=&#8221;{}&#8221;]<\/p>\n<h1>Wanderung zum kjerag<\/h1>\n<p>[\/et_pb_text][et_pb_divider color=&#8221;#66c903&#8243; divider_weight=&#8221;2px&#8221; _builder_version=&#8221;4.16&#8243; max_width=&#8221;200px&#8221; max_width_tablet=&#8221;100px&#8221; max_width_phone=&#8221;&#8221; max_width_last_edited=&#8221;on|phone&#8221; module_alignment=&#8221;center&#8221; animation_direction=&#8221;bottom&#8221; global_colors_info=&#8221;{}&#8221;][\/et_pb_divider][et_pb_text _builder_version=&#8221;4.25.2&#8243; text_font=&#8221;||||||||&#8221; text_font_size=&#8221;24px&#8221; text_line_height=&#8221;1.5em&#8221; header_font=&#8221;||||||||&#8221; text_orientation=&#8221;center&#8221; max_width=&#8221;900px&#8221; module_alignment=&#8221;center&#8221; custom_margin=&#8221;||40px||false|false&#8221; custom_padding=&#8221;||40px||false|false&#8221; text_font_size_tablet=&#8221;20px&#8221; text_font_size_phone=&#8221;18px&#8221; text_font_size_last_edited=&#8221;on|phone&#8221; text_orientation_tablet=&#8221;center&#8221; text_orientation_phone=&#8221;center&#8221; text_orientation_last_edited=&#8221;on|tablet&#8221; global_colors_info=&#8221;{}&#8221;]<\/p>\n<p>Wir m\u00f6chten sicherstellen, dass Ihre Wanderung sicher und angenehm verl\u00e4uft. Auf dieser Seite finden Sie alle wichtigen Informationen zum Kjerag-Weg und zur Vorbereitung auf Ihr Wanderabenteuer.<\/p>\n<p>[\/et_pb_text][et_pb_image src=&#8221;https:\/\/kjerag.info\/wp-content\/uploads\/2024\/08\/Kjerag-banner.png&#8221; title_text=&#8221;Kjerag-banner&#8221; disabled_on=&#8221;on|off|off&#8221; _builder_version=&#8221;4.25.2&#8243; _module_preset=&#8221;default&#8221; global_colors_info=&#8221;{}&#8221;][\/et_pb_image][\/et_pb_column][\/et_pb_row][\/et_pb_section][et_pb_section fb_built=&#8221;1&#8243; custom_padding_last_edited=&#8221;on|phone&#8221; module_class=&#8221;shortInfoTrip&#8221; _builder_version=&#8221;4.20.1&#8243; custom_padding=&#8221;55px|0px|35px|0px|false|false&#8221; custom_padding_tablet=&#8221;55px|0px|35px|0px|false|false&#8221; custom_padding_phone=&#8221;25px||||false|false&#8221; global_colors_info=&#8221;{}&#8221;][et_pb_row _builder_version=&#8221;4.27.0&#8243; _module_preset=&#8221;default&#8221; locked=&#8221;off&#8221; global_colors_info=&#8221;{}&#8221;][et_pb_column type=&#8221;4_4&#8243; _builder_version=&#8221;4.27.0&#8243; _module_preset=&#8221;default&#8221; global_colors_info=&#8221;{}&#8221;][et_pb_image src=&#8221;https:\/\/kjerag.info\/wp-content\/uploads\/2024\/09\/T-1.png&#8221; title_text=&#8221;T-1&#8243; align=&#8221;center&#8221; _builder_version=&#8221;4.27.0&#8243; _module_preset=&#8221;default&#8221; width=&#8221;4%&#8221; global_colors_info=&#8221;{}&#8221;][\/et_pb_image][et_pb_text _builder_version=&#8221;4.27.0&#8243; _module_preset=&#8221;3b86b6b1-f6cb-4f5d-98d5-d63265a03cca&#8221; global_colors_info=&#8221;{}&#8221;]<\/p>\n<h2 style=\"text-align: center;\">Kjerag-Weg: Informationen<\/h2>\n<p>[\/et_pb_text][\/et_pb_column][\/et_pb_row][et_pb_row column_structure=&#8221;1_3,2_3&#8243; _builder_version=&#8221;4.25.2&#8243; _module_preset=&#8221;default&#8221; global_colors_info=&#8221;{}&#8221;][et_pb_column type=&#8221;1_3&#8243; _builder_version=&#8221;4.25.2&#8243; _module_preset=&#8221;default&#8221; global_colors_info=&#8221;{}&#8221;][et_pb_image src=&#8221;https:\/\/kjerag.info\/wp-content\/uploads\/2024\/08\/Kjerag-Trail_02.jpg&#8221; title_text=&#8221;Kjerag Trail_02&#8243; _builder_version=&#8221;4.25.2&#8243; _module_preset=&#8221;default&#8221; global_colors_info=&#8221;{}&#8221;][\/et_pb_image][\/et_pb_column][et_pb_column type=&#8221;2_3&#8243; _builder_version=&#8221;4.25.2&#8243; _module_preset=&#8221;default&#8221; global_colors_info=&#8221;{}&#8221;][et_pb_text _builder_version=&#8221;4.27.0&#8243; text_font=&#8221;|300|||||||&#8221; text_letter_spacing=&#8221;1px&#8221; text_line_height=&#8221;1.5em&#8221; text_orientation=&#8221;center&#8221; max_width=&#8221;900px&#8221; module_alignment=&#8221;center&#8221; custom_margin=&#8221;||35px&#8221; global_colors_info=&#8221;{}&#8221;]<\/p>\n<p style=\"text-align: left;\">Wanderer, die nach Kjerag wollen, starten ihre Tour vom Kjerag-Parkplatz bei \u00d8ygardst\u00f8l. Gleich daneben befindet sich das Eagle\u2019s Nest, ein Restaurant, das spektakul\u00e4r auf einer 640 Meter hohen Klippe liegt und einen fantastischen Blick auf Lysebotn bietet. Die Wanderung nach Kjerag ist anspruchsvoll und erstreckt sich \u00fcber 5,5 Kilometer pro Strecke mit einem H\u00f6henunterschied von 750 Metern. Der Aufstieg dauert in der Regel 2,5 bis 3 Stunden pro Weg. Die beiden Hauptattraktionen auf dem Kjerag-Plateau sind der Aussichtspunkt Nesatindane und der Kjeragbolten.<\/p>\n<p style=\"text-align: left;\"><span style=\"font-size: 18px;\">Der Wanderweg ist mit den roten \u201eT\u201c-Zeichen markiert, dem bekannten Symbol des Norwegischen Wandervereins (DNT). Um den Weg zu erleichtern, sind Teile des Pfads mit Steinen befestigt, und an schwierigeren Stellen gibt es Sicherheitsketten und Gel\u00e4nder. Es wird empfohlen, unbedingt auf dem markierten Weg zu bleiben \u2013 f\u00fcr die eigene Sicherheit und um die Natur zu schonen.<\/span><\/p>\n<p>[\/et_pb_text][\/et_pb_column][\/et_pb_row][et_pb_row column_structure=&#8221;1_5,1_5,1_5,1_5,1_5&#8243; use_custom_gutter=&#8221;on&#8221; gutter_width=&#8221;3&#8243; make_equal=&#8221;on&#8221; _builder_version=&#8221;4.16&#8243; custom_margin=&#8221;||55px&#8221; custom_margin_tablet=&#8221;||35px&#8221; custom_margin_phone=&#8221;&#8221; custom_margin_last_edited=&#8221;on|phone&#8221; global_colors_info=&#8221;{}&#8221;][et_pb_column type=&#8221;1_5&#8243; _builder_version=&#8221;4.16&#8243; custom_padding=&#8221;|||&#8221; global_colors_info=&#8221;{}&#8221; custom_padding__hover=&#8221;|||&#8221;][et_pb_blurb title=&#8221;Gesamte Strecke&#8221; image=&#8221;https:\/\/kjerag.info\/wp-content\/uploads\/2018\/11\/distance-icon.svg&#8221; icon_placement=&#8221;left&#8221; image_icon_width=&#8221;50px&#8221; _builder_version=&#8221;4.27.0&#8243; header_font=&#8221;|600||on|||||&#8221; header_text_align=&#8221;center&#8221; header_text_color=&#8221;#4e9307&#8243; header_font_size=&#8221;24px&#8221; body_font=&#8221;|600|||||||&#8221; body_text_align=&#8221;center&#8221; body_text_color=&#8221;#000000&#8243; body_font_size=&#8221;22px&#8221; text_orientation=&#8221;center&#8221; animation_direction=&#8221;bottom&#8221; header_font_size_tablet=&#8221;22px&#8221; header_font_size_phone=&#8221;20px&#8221; header_font_size_last_edited=&#8221;on|phone&#8221; image_max_width=&#8221;75px&#8221; global_colors_info=&#8221;{}&#8221;]<\/p>\n<p>11 km<\/p>\n<p>[\/et_pb_blurb][\/et_pb_column][et_pb_column type=&#8221;1_5&#8243; _builder_version=&#8221;4.16&#8243; custom_padding=&#8221;|||&#8221; global_colors_info=&#8221;{}&#8221; custom_padding__hover=&#8221;|||&#8221;][et_pb_blurb title=&#8221;H\u00f6hen-unterschied&#8221; image=&#8221;https:\/\/kjerag.info\/wp-content\/uploads\/2018\/11\/elevation-icon.svg&#8221; icon_placement=&#8221;left&#8221; image_icon_width=&#8221;75px&#8221; _builder_version=&#8221;4.27.0&#8243; header_font=&#8221;|600||on|||||&#8221; header_text_align=&#8221;center&#8221; header_text_color=&#8221;#4e9307&#8243; header_font_size=&#8221;24px&#8221; body_font=&#8221;|600|||||||&#8221; body_text_align=&#8221;center&#8221; body_text_color=&#8221;#000000&#8243; body_font_size=&#8221;22px&#8221; text_orientation=&#8221;center&#8221; animation_direction=&#8221;bottom&#8221; header_font_size_tablet=&#8221;22px&#8221; header_font_size_phone=&#8221;20px&#8221; header_font_size_last_edited=&#8221;on|phone&#8221; image_max_width=&#8221;75px&#8221; global_colors_info=&#8221;{}&#8221;]<\/p>\n<p>750 m<\/p>\n<p>[\/et_pb_blurb][\/et_pb_column][et_pb_column type=&#8221;1_5&#8243; _builder_version=&#8221;4.16&#8243; custom_padding=&#8221;|||&#8221; global_colors_info=&#8221;{}&#8221; custom_padding__hover=&#8221;|||&#8221;][et_pb_blurb title=&#8221;Gesamtzeit&#8221; image=&#8221;https:\/\/kjerag.info\/wp-content\/uploads\/2018\/11\/time-icon.svg&#8221; icon_placement=&#8221;left&#8221; image_icon_width=&#8221;75px&#8221; _builder_version=&#8221;4.27.0&#8243; header_font=&#8221;|600||on|||||&#8221; header_text_align=&#8221;center&#8221; header_text_color=&#8221;#4e9307&#8243; header_font_size=&#8221;24px&#8221; body_font=&#8221;|600|||||||&#8221; body_text_align=&#8221;center&#8221; body_text_color=&#8221;#000000&#8243; body_font_size=&#8221;22px&#8221; text_orientation=&#8221;center&#8221; animation_direction=&#8221;bottom&#8221; header_font_size_tablet=&#8221;22px&#8221; header_font_size_phone=&#8221;20px&#8221; header_font_size_last_edited=&#8221;on|phone&#8221; image_max_width=&#8221;75px&#8221; global_colors_info=&#8221;{}&#8221;]<\/p>\n<p>5-6 Stunden<\/p>\n<p>[\/et_pb_blurb][\/et_pb_column][et_pb_column type=&#8221;1_5&#8243; _builder_version=&#8221;4.16&#8243; custom_padding=&#8221;|||&#8221; global_colors_info=&#8221;{}&#8221; custom_padding__hover=&#8221;|||&#8221;][et_pb_blurb title=&#8221;Wetter-vorhersage&#8221; url=&#8221;https:\/\/www.yr.no\/en\/forecast\/daily-table\/1-26420\/Norway\/Rogaland\/Sandnes\/Kjerag&#8221; url_new_window=&#8221;on&#8221; image=&#8221;https:\/\/kjerag.info\/wp-content\/uploads\/2018\/11\/weather-icon.svg&#8221; icon_placement=&#8221;left&#8221; image_icon_width=&#8221;75px&#8221; _builder_version=&#8221;4.27.0&#8243; header_font=&#8221;|600||on|||||&#8221; header_text_align=&#8221;center&#8221; header_text_color=&#8221;#4e9307&#8243; header_font_size=&#8221;24px&#8221; body_font=&#8221;|600|||||||&#8221; body_text_align=&#8221;center&#8221; body_text_color=&#8221;#000000&#8243; body_font_size=&#8221;22px&#8221; text_orientation=&#8221;center&#8221; animation_direction=&#8221;bottom&#8221; link_option_url=&#8221;https:\/\/www.yr.no\/en\/forecast\/daily-table\/1-26420\/Norway\/Rogaland\/Sandnes\/Kjerag&#8221; link_option_url_new_window=&#8221;on&#8221; header_font_size_tablet=&#8221;22px&#8221; header_font_size_phone=&#8221;20px&#8221; header_font_size_last_edited=&#8221;on|phone&#8221; image_max_width=&#8221;75px&#8221; global_colors_info=&#8221;{}&#8221;][\/et_pb_blurb][\/et_pb_column][et_pb_column type=&#8221;1_5&#8243; _builder_version=&#8221;4.16&#8243; custom_padding=&#8221;|||&#8221; global_colors_info=&#8221;{}&#8221; custom_padding__hover=&#8221;|||&#8221;][et_pb_blurb title=&#8221;GPX-Datei kjerag&#8221; url=&#8221;@ET-DC@eyJkeW5hbWljIjp0cnVlLCJjb250ZW50IjoicG9zdF9saW5rX3VybF9hdHRhY2htZW50Iiwic2V0dGluZ3MiOnsicG9zdF9pZCI6IjIxOTU4NyJ9fQ==@&#8221; url_new_window=&#8221;on&#8221; image=&#8221;https:\/\/kjerag.info\/wp-content\/uploads\/2024\/08\/GPX-icon.png&#8221; icon_placement=&#8221;left&#8221; image_icon_width=&#8221;75px&#8221; _builder_version=&#8221;4.27.0&#8243; _dynamic_attributes=&#8221;url,link_option_url&#8221; header_font=&#8221;|600||on|||||&#8221; header_text_align=&#8221;center&#8221; header_text_color=&#8221;#4e9307&#8243; header_font_size=&#8221;24px&#8221; body_font=&#8221;|600|||||||&#8221; body_text_align=&#8221;center&#8221; body_text_color=&#8221;#000000&#8243; body_font_size=&#8221;22px&#8221; text_orientation=&#8221;center&#8221; animation_direction=&#8221;bottom&#8221; link_option_url=&#8221;@ET-DC@eyJkeW5hbWljIjp0cnVlLCJjb250ZW50IjoicG9zdF9saW5rX3VybF9hdHRhY2htZW50Iiwic2V0dGluZ3MiOnsicG9zdF9pZCI6IjIxOTU4NyJ9fQ==@&#8221; link_option_url_new_window=&#8221;on&#8221; header_font_size_tablet=&#8221;22px&#8221; header_font_size_phone=&#8221;20px&#8221; header_font_size_last_edited=&#8221;on|phone&#8221; image_max_width=&#8221;75px&#8221; global_colors_info=&#8221;{}&#8221;][\/et_pb_blurb][\/et_pb_column][\/et_pb_row][et_pb_row column_structure=&#8221;2_3,1_3&#8243; _builder_version=&#8221;4.25.2&#8243; _module_preset=&#8221;default&#8221; global_colors_info=&#8221;{}&#8221;][et_pb_column type=&#8221;2_3&#8243; _builder_version=&#8221;4.25.2&#8243; _module_preset=&#8221;default&#8221; global_colors_info=&#8221;{}&#8221;][et_pb_text _builder_version=&#8221;4.27.0&#8243; header_font=&#8221;||||||||&#8221; header_5_font=&#8221;||||||||&#8221; header_5_font_size=&#8221;32px&#8221; header_5_letter_spacing=&#8221;0.05em&#8221; custom_margin=&#8221;||30px||false|false&#8221; header_5_font_size_tablet=&#8221;28px&#8221; header_5_font_size_phone=&#8221;24px&#8221; header_5_font_size_last_edited=&#8221;on|phone&#8221; locked=&#8221;off&#8221; global_colors_info=&#8221;{}&#8221;]<\/p>\n<h5 style=\"text-align: center;\">T\u00e4gliche Informationen zum Trail<\/h5>\n<p>&nbsp;<\/p>\n<p>[\/et_pb_text][et_pb_text _builder_version=&#8221;4.25.2&#8243; text_font=&#8221;|300|||||||&#8221; text_letter_spacing=&#8221;1px&#8221; text_line_height=&#8221;1.5em&#8221; text_orientation=&#8221;center&#8221; max_width=&#8221;900px&#8221; module_alignment=&#8221;center&#8221; custom_margin=&#8221;||35px&#8221; global_colors_info=&#8221;{}&#8221;]<\/p>\n<p style=\"text-align: left;\">Am Kjerag-Parkplatz betreiben wir ein Touristeninformationsb\u00fcro, das Wanderern und allen Besuchern der Region zur Seite steht. Wir geben Tipps zur Wanderung zum Kjerag, informieren \u00fcber die aktuellen Wegbedingungen und unterst\u00fctzen bei der Planung Ihrer Reise im und um den Lysefjord. W\u00e4hrend der Saison (Mai-Oktober) ver\u00f6ffentlichen wir t\u00e4glich Wetter- und Trail-Updates auf unserer Facebook-Seite. F\u00fcr weitere Unterst\u00fctzung k\u00f6nnen Sie uns auch per E-Mail oder Telefon kontaktieren.<\/p>\n<p>[\/et_pb_text][\/et_pb_column][et_pb_column type=&#8221;1_3&#8243; _builder_version=&#8221;4.25.2&#8243; _module_preset=&#8221;default&#8221; global_colors_info=&#8221;{}&#8221;][et_pb_image src=&#8221;https:\/\/kjerag.info\/wp-content\/uploads\/2024\/08\/kjerag-365-symbol-sirkel.png&#8221; title_text=&#8221;kjerag-365-symbol-sirkel&#8221; _builder_version=&#8221;4.25.2&#8243; _module_preset=&#8221;default&#8221; max_width=&#8221;150px&#8221; module_alignment=&#8221;center&#8221; global_colors_info=&#8221;{}&#8221;][\/et_pb_image][et_pb_button button_url=&#8221;@ET-DC@eyJkeW5hbWljIjp0cnVlLCJjb250ZW50IjoicG9zdF9saW5rX3VybF9hdHRhY2htZW50Iiwic2V0dGluZ3MiOnsicG9zdF9pZCI6IjIxOTU4NiJ9fQ==@&#8221; url_new_window=&#8221;on&#8221; button_text=&#8221;Folgen Sie uns auf Facebook f\u00fcr t\u00e4gliche Updates&#8221; button_alignment=&#8221;center&#8221; _builder_version=&#8221;4.27.0&#8243; _dynamic_attributes=&#8221;button_url&#8221; _module_preset=&#8221;default&#8221; global_colors_info=&#8221;{}&#8221;][\/et_pb_button][et_pb_text _builder_version=&#8221;4.25.2&#8243; text_font=&#8221;|300|||||||&#8221; text_letter_spacing=&#8221;1px&#8221; text_line_height=&#8221;1.5em&#8221; text_orientation=&#8221;center&#8221; max_width=&#8221;900px&#8221; module_alignment=&#8221;center&#8221; custom_margin=&#8221;||35px&#8221; global_colors_info=&#8221;{}&#8221;]<\/p>\n<p style=\"text-align: center;\"><strong><a href=\"mailto:kjerag@lysefjorden365.no\" target=\"_blank\" rel=\"noopener\">kjerag@lysefjorden365.no<\/a><\/strong><\/p>\n<p style=\"text-align: center;\"><strong>(+47) 40 30 68 65<\/strong><\/p>\n<p>[\/et_pb_text][\/et_pb_column][\/et_pb_row][\/et_pb_section][et_pb_section fb_built=&#8221;1&#8243; custom_padding_last_edited=&#8221;on|phone&#8221; module_class=&#8221;shortInfoTrip&#8221; _builder_version=&#8221;4.25.2&#8243; background_color=&#8221;rgba(102,201,3,0.1)&#8221; custom_margin=&#8221;||0px||false|false&#8221; custom_margin_tablet=&#8221;||60px||false|false&#8221; custom_margin_phone=&#8221;||0px||false|false&#8221; custom_margin_last_edited=&#8221;on|phone&#8221; custom_padding=&#8221;55px|0px|95px|0px|false|false&#8221; custom_padding_tablet=&#8221;55px|0px|95px|0px|false|false&#8221; custom_padding_phone=&#8221;15px||55px||false|false&#8221; global_colors_info=&#8221;{}&#8221;][et_pb_row _builder_version=&#8221;4.16&#8243; custom_padding=&#8221;37.6562px|0px|0|0px|false|false&#8221; global_colors_info=&#8221;{}&#8221;][et_pb_column type=&#8221;4_4&#8243; _builder_version=&#8221;4.16&#8243; custom_padding=&#8221;|||&#8221; global_colors_info=&#8221;{}&#8221; custom_padding__hover=&#8221;|||&#8221;][et_pb_text _builder_version=&#8221;4.27.0&#8243; header_font=&#8221;||||||||&#8221; header_5_font=&#8221;||||||||&#8221; header_5_font_size=&#8221;32px&#8221; header_5_letter_spacing=&#8221;0.05em&#8221; custom_margin=&#8221;||30px||false|false&#8221; header_5_font_size_tablet=&#8221;28px&#8221; header_5_font_size_phone=&#8221;24px&#8221; header_5_font_size_last_edited=&#8221;on|phone&#8221; locked=&#8221;off&#8221; global_colors_info=&#8221;{}&#8221;]<\/p>\n<h5 style=\"text-align: center;\">Wegkarte Kjerag<\/h5>\n<p>[\/et_pb_text][et_pb_image src=&#8221;https:\/\/kjerag.info\/wp-content\/uploads\/2024\/08\/Kjerag-Trail-Map.jpg&#8221; title_text=&#8221;Kjerag-Trail-Map&#8221; show_in_lightbox=&#8221;on&#8221; _builder_version=&#8221;4.25.2&#8243; _module_preset=&#8221;default&#8221; global_colors_info=&#8221;{}&#8221;][\/et_pb_image][et_pb_button button_url=&#8221;https:\/\/ut.no\/tur\/118458905\/fottur-til-kjerag-og-kjeragbolten-majesteten-i-lysefjorden\/kart#14.21\/59.04011\/6.62381&#8243; url_new_window=&#8221;on&#8221; button_text=&#8221;Hier klicken f\u00fcr eine digitale Wanderkarte, die Sie w\u00e4hrend der Wanderung nutzen k\u00f6nnen (UT.NO)&#8221; button_alignment=&#8221;center&#8221; _builder_version=&#8221;4.27.0&#8243; _module_preset=&#8221;default&#8221; locked=&#8221;off&#8221; global_colors_info=&#8221;{}&#8221;][\/et_pb_button][\/et_pb_column][\/et_pb_row][et_pb_row column_structure=&#8221;1_2,1_2&#8243; _builder_version=&#8221;4.25.2&#8243; _module_preset=&#8221;default&#8221; custom_margin=&#8221;||||false|false&#8221; custom_padding=&#8221;60px|||||&#8221; global_colors_info=&#8221;{}&#8221;][et_pb_column type=&#8221;1_2&#8243; _builder_version=&#8221;4.17.4&#8243; _module_preset=&#8221;default&#8221; global_colors_info=&#8221;{}&#8221;][et_pb_text _builder_version=&#8221;4.27.0&#8243; header_font=&#8221;||||||||&#8221; header_5_font=&#8221;||||||||&#8221; header_5_font_size=&#8221;32px&#8221; header_5_letter_spacing=&#8221;0.05em&#8221; custom_margin=&#8221;||10px&#8221; header_5_font_size_tablet=&#8221;28px&#8221; header_5_font_size_phone=&#8221;24px&#8221; header_5_font_size_last_edited=&#8221;on|phone&#8221; locked=&#8221;off&#8221; global_colors_info=&#8221;{}&#8221;]<\/p>\n<h5 style=\"text-align: center;\">H\u00f6henprofil des Kjerag<\/h5>\n<p>[\/et_pb_text][et_pb_image src=&#8221;https:\/\/kjerag.info\/wp-content\/uploads\/2024\/08\/height-profile-Kjerag.png&#8221; title_text=&#8221;height-profile-Kjerag&#8221; show_in_lightbox=&#8221;on&#8221; _builder_version=&#8221;4.25.2&#8243; _module_preset=&#8221;default&#8221; width=&#8221;93%&#8221; width_tablet=&#8221;100%&#8221; width_phone=&#8221;100%&#8221; width_last_edited=&#8221;on|phone&#8221; module_alignment=&#8221;center&#8221; global_colors_info=&#8221;{}&#8221;][\/et_pb_image][\/et_pb_column][et_pb_column type=&#8221;1_2&#8243; _builder_version=&#8221;4.17.4&#8243; _module_preset=&#8221;default&#8221; global_colors_info=&#8221;{}&#8221;][et_pb_text _builder_version=&#8221;4.27.0&#8243; header_font=&#8221;||||||||&#8221; header_5_font=&#8221;||||||||&#8221; header_5_font_size=&#8221;32px&#8221; header_5_letter_spacing=&#8221;0.05em&#8221; custom_margin=&#8221;0px||10px||false|false&#8221; custom_margin_tablet=&#8221;40px||||false|false&#8221; custom_margin_phone=&#8221;40px||||false|false&#8221; custom_margin_last_edited=&#8221;on|phone&#8221; header_5_font_size_tablet=&#8221;28px&#8221; header_5_font_size_phone=&#8221;24px&#8221; header_5_font_size_last_edited=&#8221;on|phone&#8221; locked=&#8221;off&#8221; global_colors_info=&#8221;{}&#8221;]<\/p>\n<h5 style=\"text-align: center;\">Video zum Kjerag-Weg<\/h5>\n<p>[\/et_pb_text][et_pb_video src=&#8221;https:\/\/kjerag.info\/wp-content\/uploads\/2024\/08\/Kjerag-3D.mp4&#8243; _builder_version=&#8221;4.25.2&#8243; _module_preset=&#8221;default&#8221; global_colors_info=&#8221;{}&#8221;][\/et_pb_video][\/et_pb_column][\/et_pb_row][et_pb_row _builder_version=&#8221;4.20.1&#8243; _module_preset=&#8221;default&#8221; custom_margin=&#8221;||||false|false&#8221; global_colors_info=&#8221;{}&#8221;][et_pb_column type=&#8221;4_4&#8243; _builder_version=&#8221;4.17.4&#8243; _module_preset=&#8221;default&#8221; global_colors_info=&#8221;{}&#8221;][et_pb_text disabled_on=&#8221;on|off|off&#8221; _builder_version=&#8221;4.27.0&#8243; _module_preset=&#8221;default&#8221; global_colors_info=&#8221;{}&#8221;]<\/p>\n<p style=\"text-align: center;\">Sie k\u00f6nnen auch unsere Kjerag-Karte und Infos im PDF-Format herunterladen.\u00a0<\/p>\n<p>[\/et_pb_text][et_pb_button button_url=&#8221;@ET-DC@eyJkeW5hbWljIjp0cnVlLCJjb250ZW50IjoicG9zdF9saW5rX3VybF9hdHRhY2htZW50Iiwic2V0dGluZ3MiOnsicG9zdF9pZCI6IjIxOTU4NiJ9fQ==@&#8221; url_new_window=&#8221;on&#8221; button_text=&#8221;Digitale Kjerag-Karte und Infos herunterladen&#8221; button_alignment=&#8221;center&#8221; _builder_version=&#8221;4.27.0&#8243; _dynamic_attributes=&#8221;button_url&#8221; _module_preset=&#8221;default&#8221; global_colors_info=&#8221;{}&#8221;][\/et_pb_button][\/et_pb_column][\/et_pb_row][et_pb_row column_structure=&#8221;1_2,1_2&#8243; _builder_version=&#8221;4.25.2&#8243; _module_preset=&#8221;default&#8221; custom_margin=&#8221;||||false|false&#8221; global_colors_info=&#8221;{}&#8221;][et_pb_column type=&#8221;1_2&#8243; _builder_version=&#8221;4.17.4&#8243; _module_preset=&#8221;default&#8221; global_colors_info=&#8221;{}&#8221;][et_pb_text _builder_version=&#8221;4.27.0&#8243; header_font=&#8221;||||||||&#8221; header_5_font=&#8221;||||||||&#8221; header_5_font_size=&#8221;32px&#8221; header_5_letter_spacing=&#8221;0.05em&#8221; custom_margin=&#8221;||10px&#8221; header_5_font_size_tablet=&#8221;28px&#8221; header_5_font_size_phone=&#8221;24px&#8221; header_5_font_size_last_edited=&#8221;on|phone&#8221; locked=&#8221;off&#8221; global_colors_info=&#8221;{}&#8221;]<\/p>\n<h5 style=\"text-align: center;\">Kjeragbolten<\/h5>\n<p>[\/et_pb_text][et_pb_image src=&#8221;https:\/\/kjerag.info\/wp-content\/uploads\/2024\/08\/Kjerag-horisontal-scaled.jpg&#8221; title_text=&#8221;Kjerag-horisontal&#8221; _builder_version=&#8221;4.25.2&#8243; _module_preset=&#8221;default&#8221; width_tablet=&#8221;100%&#8221; width_phone=&#8221;100%&#8221; width_last_edited=&#8221;on|desktop&#8221; module_alignment=&#8221;center&#8221; global_colors_info=&#8221;{}&#8221;][\/et_pb_image][\/et_pb_column][et_pb_column type=&#8221;1_2&#8243; _builder_version=&#8221;4.17.4&#8243; _module_preset=&#8221;default&#8221; global_colors_info=&#8221;{}&#8221;][et_pb_text _builder_version=&#8221;4.27.0&#8243; header_font=&#8221;||||||||&#8221; header_5_font=&#8221;||||||||&#8221; header_5_font_size=&#8221;32px&#8221; header_5_letter_spacing=&#8221;0.05em&#8221; custom_margin=&#8221;||10px&#8221; header_5_font_size_tablet=&#8221;28px&#8221; header_5_font_size_phone=&#8221;24px&#8221; header_5_font_size_last_edited=&#8221;on|phone&#8221; locked=&#8221;off&#8221; global_colors_info=&#8221;{}&#8221;]<\/p>\n<h5 style=\"text-align: center;\">Nesatindane<\/h5>\n<p>[\/et_pb_text][et_pb_image src=&#8221;https:\/\/kjerag.info\/wp-content\/uploads\/2024\/08\/Kjerag-Nesatinden.jpg&#8221; title_text=&#8221;Kjerag-Nesatinden&#8221; _builder_version=&#8221;4.25.2&#8243; _module_preset=&#8221;default&#8221; width_tablet=&#8221;100%&#8221; width_phone=&#8221;100%&#8221; width_last_edited=&#8221;on|desktop&#8221; module_alignment=&#8221;center&#8221; global_colors_info=&#8221;{}&#8221;][\/et_pb_image][\/et_pb_column][\/et_pb_row][et_pb_row _builder_version=&#8221;4.20.1&#8243; _module_preset=&#8221;default&#8221; custom_margin=&#8221;||||false|false&#8221; global_colors_info=&#8221;{}&#8221;][et_pb_column type=&#8221;4_4&#8243; _builder_version=&#8221;4.17.4&#8243; _module_preset=&#8221;default&#8221; global_colors_info=&#8221;{}&#8221;][et_pb_image src=&#8221;https:\/\/kjerag.info\/wp-content\/uploads\/2024\/08\/Kjerag-Trail-Instructions.jpg&#8221; title_text=&#8221;Kjerag-Trail-Instructions&#8221; show_in_lightbox=&#8221;on&#8221; _builder_version=&#8221;4.25.2&#8243; _module_preset=&#8221;default&#8221; global_colors_info=&#8221;{}&#8221;][\/et_pb_image][\/et_pb_column][\/et_pb_row][et_pb_row column_structure=&#8221;2_3,1_3&#8243; use_custom_gutter=&#8221;on&#8221; gutter_width=&#8221;3&#8243; _builder_version=&#8221;4.27.4&#8243; custom_margin=&#8221;3px|auto||auto|false|false&#8221; custom_margin_tablet=&#8221;70px||||false|false&#8221; custom_margin_phone=&#8221;0px||||false|false&#8221; custom_margin_last_edited=&#8221;on|phone&#8221; hover_enabled=&#8221;0&#8243; locked=&#8221;off&#8221; global_colors_info=&#8221;{}&#8221; sticky_enabled=&#8221;0&#8243;][et_pb_column type=&#8221;2_3&#8243; _builder_version=&#8221;4.16&#8243; custom_padding=&#8221;|||&#8221; global_colors_info=&#8221;{}&#8221; custom_padding__hover=&#8221;|||&#8221;][et_pb_text _builder_version=&#8221;4.27.4&#8243; header_font=&#8221;||||||||&#8221; header_5_font=&#8221;||||||||&#8221; header_5_font_size=&#8221;32px&#8221; header_5_letter_spacing=&#8221;0.05em&#8221; custom_margin=&#8221;||10px&#8221; hover_enabled=&#8221;0&#8243; header_5_font_size_tablet=&#8221;28px&#8221; header_5_font_size_phone=&#8221;24px&#8221; header_5_font_size_last_edited=&#8221;on|phone&#8221; global_colors_info=&#8221;{}&#8221; sticky_enabled=&#8221;0&#8243;]<\/p>\n<h5 data-start=\"283\" data-end=\"319\">Ausr\u00fcstungsverleih<\/h5>\n<p data-start=\"321\" data-end=\"420\">[\/et_pb_text][et_pb_text _builder_version=&#8221;4.27.4&#8243; text_font=&#8221;|300|||||||&#8221; text_letter_spacing=&#8221;1px&#8221; text_line_height=&#8221;1.5em&#8221; custom_margin=&#8221;||35px&#8221; custom_padding=&#8221;||0px|||&#8221; hover_enabled=&#8221;0&#8243; global_colors_info=&#8221;{}&#8221; sticky_enabled=&#8221;0&#8243;]<\/p>\n<p data-start=\"321\" data-end=\"420\">F\u00fcr Ihren Komfort und Ihre Sicherheit vermieten wir auf dem Parkplatz Kjerag folgende Ausr\u00fcstung:<\/p>\n<ul data-start=\"422\" data-end=\"528\">\n<li data-start=\"422\" data-end=\"447\">\n<p data-start=\"424\" data-end=\"447\">Wanderst\u00f6cke (75 NOK)<\/p>\n<\/li>\n<li data-start=\"448\" data-end=\"474\">\n<p data-start=\"450\" data-end=\"474\">Wanderjacken (150 NOK)<\/p>\n<\/li>\n<li data-start=\"475\" data-end=\"500\">\n<p data-start=\"477\" data-end=\"500\">Wanderhosen (150 NOK)<\/p>\n<\/li>\n<li data-start=\"501\" data-end=\"528\">\n<p data-start=\"503\" data-end=\"528\">Wanderstiefel (250 NOK)<\/p>\n<\/li>\n<\/ul>\n<p data-start=\"530\" data-end=\"596\">Zus\u00e4tzlich k\u00f6nnen Sie M\u00fctzen, Handschuhe und Stirnlampen kaufen.<\/p>\n<p>[\/et_pb_text][\/et_pb_column][et_pb_column type=&#8221;1_3&#8243; _builder_version=&#8221;4.16&#8243; custom_padding=&#8221;|||&#8221; global_colors_info=&#8221;{}&#8221; custom_padding__hover=&#8221;|||&#8221;][et_pb_image src=&#8221;https:\/\/kjerag.info\/wp-content\/uploads\/2025\/05\/Kjerag-equipment-rental.webp&#8221; alt=&#8221;Preikestolen Sunrise&#8221; title_text=&#8221;Kjerag-equipment rental&#8221; _builder_version=&#8221;4.27.4&#8243; _module_preset=&#8221;default&#8221; hover_enabled=&#8221;0&#8243; global_colors_info=&#8221;{}&#8221; sticky_enabled=&#8221;0&#8243;][\/et_pb_image][\/et_pb_column][\/et_pb_row][et_pb_row column_structure=&#8221;1_3,2_3&#8243; use_custom_gutter=&#8221;on&#8221; gutter_width=&#8221;3&#8243; _builder_version=&#8221;4.25.2&#8243; custom_margin=&#8221;70px||||false|false&#8221; custom_margin_tablet=&#8221;70px||||false|false&#8221; custom_margin_phone=&#8221;0px||||false|false&#8221; custom_margin_last_edited=&#8221;on|phone&#8221; locked=&#8221;off&#8221; global_colors_info=&#8221;{}&#8221;][et_pb_column type=&#8221;1_3&#8243; _builder_version=&#8221;4.16&#8243; custom_padding=&#8221;|||&#8221; global_colors_info=&#8221;{}&#8221; custom_padding__hover=&#8221;|||&#8221;][et_pb_image src=&#8221;https:\/\/kjerag.info\/wp-content\/uploads\/2024\/08\/Standing-on-Kjerag-Boulder-scaled.jpg&#8221; alt=&#8221;Preikestolen Sunrise&#8221; title_text=&#8221;Standing on Kjerag Boulder&#8221; _builder_version=&#8221;4.25.2&#8243; _module_preset=&#8221;default&#8221; global_colors_info=&#8221;{}&#8221;][\/et_pb_image][\/et_pb_column][et_pb_column type=&#8221;2_3&#8243; _builder_version=&#8221;4.16&#8243; custom_padding=&#8221;|||&#8221; global_colors_info=&#8221;{}&#8221; custom_padding__hover=&#8221;|||&#8221;][et_pb_text _builder_version=&#8221;4.27.0&#8243; header_font=&#8221;||||||||&#8221; header_5_font=&#8221;||||||||&#8221; header_5_font_size=&#8221;32px&#8221; header_5_letter_spacing=&#8221;0.05em&#8221; custom_margin=&#8221;||10px&#8221; header_5_font_size_tablet=&#8221;28px&#8221; header_5_font_size_phone=&#8221;24px&#8221; header_5_font_size_last_edited=&#8221;on|phone&#8221; global_colors_info=&#8221;{}&#8221;]<\/p>\n<h5>Ist es sicher, auf dem Felsen zu stehen?<\/h5>\n<p>[\/et_pb_text][et_pb_text _builder_version=&#8221;4.27.0&#8243; text_font=&#8221;|300|||||||&#8221; text_letter_spacing=&#8221;1px&#8221; text_line_height=&#8221;1.5em&#8221; custom_margin=&#8221;||35px&#8221; custom_padding=&#8221;||0px|||&#8221; global_colors_info=&#8221;{}&#8221;]<\/p>\n<p>Soweit wir wissen, ist bisher niemand vom Kjerag-Felsen gefallen. Statistisch gesehen ist es sicherer als Autofahren \u2013 vermutlich, weil die Risiken so offensichtlich sind.<\/p>\n<p><strong>Ein Sturz vom Felsen w\u00e4re t\u00f6dlich.<\/strong><\/p>\n<p>Das Betreten des Felsens geschieht auf eigenes Risiko und sollte nur Ihre pers\u00f6nliche Entscheidung sein. Etwa 45 % der Wanderer entscheiden sich dagegen, auf dem Felsen zu stehen, also lassen Sie sich nicht unter Druck setzen, wenn Sie sich unsicher f\u00fchlen.<\/p>\n<p>Vermeiden Sie es, auf den Felsen zu gehen, wenn:<\/p>\n<ul>\n<li>Sie unter H\u00f6henangst leiden<\/li>\n<li>Der Felsen durch Regen, Schnee oder Eis rutschig ist<\/li>\n<li>Es sehr windig ist<\/li>\n<\/ul>\n<p>Laufen oder Springen sollten Sie beim Auf- oder Abstieg vom Felsen vermeiden. Wenn Sie in Panik geraten, versuchen Sie, ruhig zu bleiben, w\u00e4hrend Sie sich auf dem Felsen befinden.<span><\/span><\/p>\n<p>[\/et_pb_text][\/et_pb_column][\/et_pb_row][et_pb_row column_structure=&#8221;2_3,1_3&#8243; use_custom_gutter=&#8221;on&#8221; gutter_width=&#8221;3&#8243; _builder_version=&#8221;4.25.2&#8243; custom_margin=&#8221;70px||||false|false&#8221; custom_margin_tablet=&#8221;70px||||false|false&#8221; custom_margin_phone=&#8221;0px||||false|false&#8221; custom_margin_last_edited=&#8221;on|phone&#8221; locked=&#8221;off&#8221; global_colors_info=&#8221;{}&#8221;][et_pb_column type=&#8221;2_3&#8243; _builder_version=&#8221;4.16&#8243; custom_padding=&#8221;|||&#8221; global_colors_info=&#8221;{}&#8221; custom_padding__hover=&#8221;|||&#8221;][et_pb_text _builder_version=&#8221;4.27.0&#8243; header_font=&#8221;||||||||&#8221; header_5_font=&#8221;||||||||&#8221; header_5_font_size=&#8221;32px&#8221; header_5_letter_spacing=&#8221;0.05em&#8221; custom_margin=&#8221;||10px&#8221; header_5_font_size_tablet=&#8221;28px&#8221; header_5_font_size_phone=&#8221;24px&#8221; header_5_font_size_last_edited=&#8221;on|phone&#8221; global_colors_info=&#8221;{}&#8221;]<\/p>\n<h5>Nesatindane \u2013 eine gro\u00dfartige alternative Aussicht<\/h5>\n<p>[\/et_pb_text][et_pb_text _builder_version=&#8221;4.20.1&#8243; text_font=&#8221;|300|||||||&#8221; text_letter_spacing=&#8221;1px&#8221; text_line_height=&#8221;1.5em&#8221; custom_margin=&#8221;||35px&#8221; custom_padding=&#8221;||0px|||&#8221; global_colors_info=&#8221;{}&#8221;]<\/p>\n<p>Nesatindane ist eine gro\u00dfartige Alternative zum Kjeragbolten und bietet noch beeindruckendere Ausblicke, ohne dass man auf einen riskanten Felsen hinausgehen muss. Der Panoramablick von Nesatindane ist einzigartig und macht ihn zu einem Muss f\u00fcr alle, die die H\u00f6hen des Kjeragbolten meiden m\u00f6chten.<\/p>\n<p>Nur 5 Gehminuten vom Kjeragbolten entfernt, bietet Nesatindane spektakul\u00e4re Aussichten auf den Lysefjord und die umliegenden Bergketten. Von hier aus k\u00f6nnen Sie den gesamten Fjord von Lysebotn bis Preikestolen \u00fcberblicken und die zerkl\u00fcfteten Berge im Nordosten sehen.<\/p>\n<p>Um Nesatindane zu erreichen, nehmen Sie den Seitenweg etwa 300 Meter vor dem Kjeragbolten (siehe Karte). Seien Sie vorsichtig bei den tiefen Spalten im Berg, wenn Sie sich dem Aussichtspunkt n\u00e4hern.<\/p>\n<p>Am Nesatindane ist es wichtig, sich vom Rand fernzuhalten und unn\u00f6tige Risiken zu vermeiden. Wenn Sie Gl\u00fcck haben, k\u00f6nnten Sie Base-Jumper sehen, die von den gegen\u00fcberliegenden Klippen abspringen. Kjerag ist bekannt als Top-Ziel f\u00fcr Base-Jumping. Der Legende nach haben gro\u00dfe Felsst\u00fcrze von Kjerag die Halbinsel Geitaneset geschaffen, die heute als Landepunkt f\u00fcr Springer dient und nur von Nesatindane aus sichtbar ist, nicht vom Kjeragbolten.<\/p>\n<p><span><\/span><\/p>\n<p>[\/et_pb_text][\/et_pb_column][et_pb_column type=&#8221;1_3&#8243; _builder_version=&#8221;4.16&#8243; custom_padding=&#8221;|||&#8221; global_colors_info=&#8221;{}&#8221; custom_padding__hover=&#8221;|||&#8221;][et_pb_image src=&#8221;https:\/\/kjerag.info\/wp-content\/uploads\/2024\/08\/Kjerag-Nesatinden-viewpoint-scaled.jpg&#8221; alt=&#8221;Preikestolen Sunrise&#8221; title_text=&#8221;Kjerag-Nesatinden viewpoint&#8221; _builder_version=&#8221;4.25.2&#8243; _module_preset=&#8221;default&#8221; global_colors_info=&#8221;{}&#8221;][\/et_pb_image][\/et_pb_column][\/et_pb_row][\/et_pb_section][et_pb_section fb_built=&#8221;1&#8243; custom_padding_last_edited=&#8221;on|phone&#8221; disabled_on=&#8221;off|off|off&#8221; _builder_version=&#8221;4.25.2&#8243; background_color=&#8221;RGBA(255,255,255,0)&#8221; background_image=&#8221;https:\/\/kjerag.info\/wp-content\/uploads\/2024\/08\/Kjerag-ice.jpg&#8221; parallax=&#8221;on&#8221; custom_margin=&#8221;||0px&#8221; custom_margin_tablet=&#8221;||10px&#8221; custom_margin_phone=&#8221;&#8221; custom_margin_last_edited=&#8221;on|phone&#8221; custom_padding=&#8221;125px|25px|150px|25px|false|false&#8221; custom_padding_tablet=&#8221;75px|0px|75px|0px&#8221; custom_padding_phone=&#8221;75px||75px&#8221; global_colors_info=&#8221;{}&#8221;][\/et_pb_section][et_pb_section fb_built=&#8221;1&#8243; custom_padding_last_edited=&#8221;on|phone&#8221; module_class=&#8221;detailedInfoTrip&#8221; _builder_version=&#8221;4.20.1&#8243; custom_margin=&#8221;||-2px||false|false&#8221; custom_padding=&#8221;4px|0px|4px|0px|false|false&#8221; custom_padding_tablet=&#8221;0px||0px&#8221; custom_padding_phone=&#8221;15px||&#8221; border_width_bottom=&#8221;1px&#8221; border_color_bottom=&#8221;rgba(10,10,10,0.1)&#8221; global_colors_info=&#8221;{}&#8221;][et_pb_row _builder_version=&#8221;4.20.1&#8243; _module_preset=&#8221;default&#8221; max_width=&#8221;900px&#8221; custom_margin=&#8221;||0px||false|false&#8221; custom_padding=&#8221;||0px||false|false&#8221; global_colors_info=&#8221;{}&#8221;][et_pb_column type=&#8221;4_4&#8243; _builder_version=&#8221;4.20.1&#8243; _module_preset=&#8221;default&#8221; global_colors_info=&#8221;{}&#8221;][et_pb_text _builder_version=&#8221;4.27.0&#8243; _module_preset=&#8221;3b86b6b1-f6cb-4f5d-98d5-d63265a03cca&#8221; global_colors_info=&#8221;{}&#8221;]<\/p>\n<h2 style=\"text-align: center;\">Kjerag \u2013 Wann ist die beste Zeit?<\/h2>\n<p>[\/et_pb_text][et_pb_text _builder_version=&#8221;4.25.2&#8243; text_font=&#8221;|300|||||||&#8221; text_letter_spacing=&#8221;1px&#8221; text_line_height=&#8221;1.5em&#8221; text_orientation=&#8221;center&#8221; custom_margin=&#8221;||0px||false|false&#8221; custom_margin_tablet=&#8221;||0px||false|false&#8221; custom_margin_phone=&#8221;||20px||false|false&#8221; custom_margin_last_edited=&#8221;on|phone&#8221; custom_padding=&#8221;||0px|||&#8221; global_colors_info=&#8221;{}&#8221;]<\/p>\n<p style=\"text-align: left;\">Die Stra\u00dfe zum Kjerag-Weg ist von Ende Mai bis Oktober ge\u00f6ffnet, und w\u00e4hrend dieser Zeit stehen Parkm\u00f6glichkeiten sowie touristische Informationen zur Verf\u00fcgung. Beachten Sie, dass sich Wetter- und Wegbedingungen je nach Saison, Tag und sogar Tageszeit stark \u00e4ndern k\u00f6nnen. Stellen Sie sicher, dass Sie sich gut vorbereiten und die passende Ausr\u00fcstung f\u00fcr Ihren Besuch mitbringen.<\/p>\n<p>[\/et_pb_text][\/et_pb_column][\/et_pb_row][et_pb_row column_structure=&#8221;1_2,1_2&#8243; use_custom_gutter=&#8221;on&#8221; gutter_width=&#8221;3&#8243; _builder_version=&#8221;4.20.1&#8243; custom_margin=&#8221;70px||||false|false&#8221; custom_margin_tablet=&#8221;70px||||false|false&#8221; custom_margin_phone=&#8221;0px||||false|false&#8221; custom_margin_last_edited=&#8221;on|phone&#8221; global_colors_info=&#8221;{}&#8221;][et_pb_column type=&#8221;1_2&#8243; _builder_version=&#8221;4.16&#8243; custom_padding=&#8221;|||&#8221; global_colors_info=&#8221;{}&#8221; custom_padding__hover=&#8221;|||&#8221;][et_pb_text _builder_version=&#8221;4.27.0&#8243; header_font=&#8221;||||||||&#8221; header_5_font=&#8221;||||||||&#8221; header_5_font_size=&#8221;32px&#8221; header_5_letter_spacing=&#8221;0.05em&#8221; custom_margin=&#8221;||10px&#8221; header_5_font_size_tablet=&#8221;28px&#8221; header_5_font_size_phone=&#8221;24px&#8221; header_5_font_size_last_edited=&#8221;on|phone&#8221; global_colors_info=&#8221;{}&#8221;]<\/p>\n<h5>Monate der Hochsaison<\/h5>\n<p>[\/et_pb_text][et_pb_text _builder_version=&#8221;4.20.1&#8243; text_font=&#8221;|300|||||||&#8221; text_letter_spacing=&#8221;1px&#8221; text_line_height=&#8221;1.5em&#8221; custom_margin=&#8221;||35px&#8221; custom_padding=&#8221;||0px|||&#8221; global_colors_info=&#8221;{}&#8221;]<\/p>\n<p>Juni, Juli und August sind die Hauptreisezeiten, in denen Besucher aus aller Welt in unsere Region kommen. In diesen Monaten sind die Tage lang und das Wetter oft g\u00fcnstig. An sonnigen Wochenenden kann der Weg zum Kjerag jedoch recht voll werden, mit etwas Gedr\u00e4nge und m\u00f6glichen Wartezeiten am Felsen.<\/p>\n<p>Unser Parkplatz bietet viel Platz und ist selten vollst\u00e4ndig belegt. Auch wenn wir empfehlen, fr\u00fch mit der Wanderung zu beginnen, ist es besonders wichtig, Ihre Tour entsprechend dem Wetter und den Tageslichtstunden zu planen, da der Weg lang und anspruchsvoll ist.<\/p>\n<p><span><\/span><\/p>\n<p>[\/et_pb_text][\/et_pb_column][et_pb_column type=&#8221;1_2&#8243; _builder_version=&#8221;4.16&#8243; custom_padding=&#8221;|||&#8221; global_colors_info=&#8221;{}&#8221; custom_padding__hover=&#8221;|||&#8221;][et_pb_image src=&#8221;https:\/\/kjerag.info\/wp-content\/uploads\/2024\/08\/Kjerag-trail_03.jpg&#8221; alt=&#8221;Preikestolen Sunrise&#8221; title_text=&#8221;Kjerag-trail_03&#8243; _builder_version=&#8221;4.25.2&#8243; _module_preset=&#8221;default&#8221; global_colors_info=&#8221;{}&#8221;][\/et_pb_image][\/et_pb_column][\/et_pb_row][et_pb_row column_structure=&#8221;1_2,1_2&#8243; module_id=&#8221;winter&#8221; _builder_version=&#8221;4.25.2&#8243; _module_preset=&#8221;default&#8221; global_colors_info=&#8221;{}&#8221;][et_pb_column type=&#8221;1_2&#8243; _builder_version=&#8221;4.20.1&#8243; _module_preset=&#8221;default&#8221; global_colors_info=&#8221;{}&#8221;][et_pb_image src=&#8221;https:\/\/kjerag.info\/wp-content\/uploads\/2024\/08\/Kjerag-snow-scaled.jpg&#8221; title_text=&#8221;Kjerag-snow&#8221; _builder_version=&#8221;4.25.2&#8243; _module_preset=&#8221;default&#8221; global_colors_info=&#8221;{}&#8221;][\/et_pb_image][\/et_pb_column][et_pb_column type=&#8221;1_2&#8243; _builder_version=&#8221;4.20.1&#8243; _module_preset=&#8221;default&#8221; global_colors_info=&#8221;{}&#8221;][et_pb_text _builder_version=&#8221;4.27.0&#8243; header_font=&#8221;||||||||&#8221; header_5_font=&#8221;||||||||&#8221; header_5_font_size=&#8221;32px&#8221; header_5_letter_spacing=&#8221;0.05em&#8221; custom_margin=&#8221;||10px&#8221; header_5_font_size_tablet=&#8221;28px&#8221; header_5_font_size_phone=&#8221;24px&#8221; header_5_font_size_last_edited=&#8221;on|phone&#8221; global_colors_info=&#8221;{}&#8221;]<\/p>\n<h5>Wanderungsvorbereitung in der Nebensaison<\/h5>\n<p>[\/et_pb_text][et_pb_text _builder_version=&#8221;4.23.1&#8243; text_font=&#8221;|300|||||||&#8221; text_letter_spacing=&#8221;1px&#8221; text_line_height=&#8221;1.5em&#8221; custom_margin=&#8221;||35px&#8221; custom_padding=&#8221;||0px|||&#8221; global_colors_info=&#8221;{}&#8221;]<\/p>\n<p>Das Klima am Kjerag ist etwa 10 Grad k\u00e4lter als in Stavanger, und die st\u00e4rkeren Winde machen die Bedingungen anspruchsvoller. Schnee kann bis Mitte Juni liegen bleiben und schon Ende September zur\u00fcckkehren. Daher sollten Sie sich auf warme Kleidung, Handschuhe und eine M\u00fctze vorbereiten. Regen kann die steilen Granitflanken rutschig machen, weshalb robuste Wanderschuhe und wasserdichte Ausr\u00fcstung unerl\u00e4sslich sind.<\/p>\n<p>Au\u00dferhalb der Hochsaison oder f\u00fcr weniger erfahrene Wanderer kann es sinnvoll sein, eine gef\u00fchrte Tour in Betracht zu ziehen, um eine sichere und gut vorbereitete Wanderung zu gew\u00e4hrleisten. Ein \u00f6rtlicher Guide kann Ihr Erlebnis zus\u00e4tzlich bereichern und Ihnen helfen, das Beste aus Ihrem Besuch herauszuholen.<\/p>\n<p>[\/et_pb_text][\/et_pb_column][\/et_pb_row][et_pb_row _builder_version=&#8221;4.25.2&#8243; _module_preset=&#8221;default&#8221; global_colors_info=&#8221;{}&#8221;][et_pb_column type=&#8221;4_4&#8243; _builder_version=&#8221;4.25.2&#8243; _module_preset=&#8221;default&#8221; global_colors_info=&#8221;{}&#8221;][et_pb_text _builder_version=&#8221;4.27.0&#8243; text_font=&#8221;|300|||||||&#8221; text_letter_spacing=&#8221;1px&#8221; text_line_height=&#8221;1.5em&#8221; custom_margin=&#8221;||35px&#8221; custom_padding=&#8221;||0px|||&#8221; global_colors_info=&#8221;{}&#8221;]<\/p>\n<div class=\"flex max-w-full flex-col flex-grow\">\n<div data-message-author-role=\"assistant\" data-message-id=\"a01109e3-780d-4500-9895-112c174bb3d5\" dir=\"auto\" class=\"min-h-[20px] text-message flex w-full flex-col items-end gap-2 break-words [.text-message+&amp;]:mt-5 overflow-x-auto whitespace-normal\">\n<div class=\"flex w-full flex-col gap-1 empty:hidden first:pt-[3px]\">\n<div class=\"markdown prose w-full break-words dark:prose-invert light\">\n<p>Die folgende Tabelle gibt Ihnen einen guten \u00dcberblick \u00fcber die Anzahl der Wanderer am Kjerag, die durchschnittlichen Temperaturen sowie Regen- und Sonnenstunden im Laufe des Jahres.<\/p>\n<\/div>\n<\/div>\n<\/div>\n<\/div>\n<div class=\"mt-1 flex gap-3 empty:hidden -ml-2\">\n<div class=\"items-center justify-start rounded-xl p-1 flex\">\n<div class=\"flex items-center\">\n<div class=\"flex\"><\/div>\n<div class=\"flex items-center pb-0\"><\/div>\n<\/div>\n<\/div>\n<\/div>\n<p>[\/et_pb_text][et_pb_text _builder_version=&#8221;4.25.2&#8243; text_font=&#8221;|300|||||||&#8221; text_letter_spacing=&#8221;1px&#8221; text_line_height=&#8221;1.5em&#8221; custom_margin=&#8221;||35px&#8221; custom_padding=&#8221;||0px|||&#8221; global_colors_info=&#8221;{}&#8221;]<\/p>\n<div id=\"table-scroll\" class=\"table-scroll\">\n<div class=\"table-wrap\">\n<table width=\"100%\" border=\"1\" class=\"whenToGoTable\" style=\"margin-left: auto; margin-right: auto;\">\n<tbody>\n<tr>\n<td class=\"fixed-side\">Month<\/td>\n<td>Hiking\u00a0Crowds<\/td>\n<td>Average<br \/>\nTemperature<br \/>\nat the Top<\/td>\n<td>Rainy<br \/>\nDays<\/td>\n<td>Daily<br \/>\nHours of<br \/>\nSunshine<\/td>\n<td>Don&#8217;t<br \/>\nstart\u00a0the<br \/>\nhike\u00a0after:<\/td>\n<\/tr>\n<tr>\n<td class=\"fixed-side\">January<\/td>\n<td><span style=\"color: #ff0000;\">Road closed<\/span><\/td>\n<td><span style=\"color: #00ccff;\">-8\u00b0C \/ 18\u00b0F<\/span><\/td>\n<td>22<\/td>\n<td>1<\/td>\n<td>N\/A<\/td>\n<\/tr>\n<tr>\n<td class=\"fixed-side\">February<\/td>\n<td><span style=\"color: #ff0000;\">Road closed<\/span><\/td>\n<td><span style=\"color: #00ccff;\">-8\u00b0C \/ 18\u00b0F<\/span><\/td>\n<td>20<\/td>\n<td>3<\/td>\n<td>N\/A<\/td>\n<\/tr>\n<tr>\n<td class=\"fixed-side\">March<\/td>\n<td><span style=\"color: #ff0000;\">Road closed<\/span><\/td>\n<td><span style=\"color: #00ccff;\">-5\u00b0C \/ 23\u00b0F<\/span><\/td>\n<td>18<\/td>\n<td>5<\/td>\n<td>N\/A<\/td>\n<\/tr>\n<tr>\n<td class=\"fixed-side\" style=\"width: 19%;\">April<\/td>\n<td><span style=\"color: #ff0000;\">Road closed<\/span><\/td>\n<td><span style=\"color: #00ccff;\">-3\u00b0C \/ 27\u00b0F<\/span><\/td>\n<td>17<\/td>\n<td>6<\/td>\n<td>N\/A<\/td>\n<\/tr>\n<tr>\n<td class=\"fixed-side\">May<\/td>\n<td><img decoding=\"async\" src=\"https:\/\/kjerag.info\/wp-content\/uploads\/2018\/11\/plan-hike-icon.svg\" width=\"20px\" height=\"undefined\" alt=\"\" class=\"wp-image-207700 alignnone size-full\" \/><img decoding=\"async\" src=\"https:\/\/kjerag.info\/wp-content\/uploads\/2018\/11\/plan-hike-icon.svg\" width=\"20px\" height=\"undefined\" alt=\"\" class=\"wp-image-207700 alignnone size-full\" \/><\/p>\n<p><span style=\"color: #4e9307;\"><em>Road normally opens May 20<\/em><\/span><\/td>\n<td>1<span>\u00b0<\/span>C \/ 34<span>\u00b0<\/span>F<\/p>\n<p><span style=\"color: #00ccff;\"><em>Expect snow on the trail<\/em><\/span><\/td>\n<td>17<\/td>\n<td>7<\/td>\n<td style=\"width: 40.0558%;\">3:00 pm<\/td>\n<\/tr>\n<tr>\n<td class=\"fixed-side\">June<\/td>\n<td><img decoding=\"async\" src=\"https:\/\/kjerag.info\/wp-content\/uploads\/2018\/11\/plan-hike-icon.svg\" width=\"20px\" height=\"undefined\" alt=\"\" class=\"wp-image-207700 alignnone size-full\" \/><img decoding=\"async\" src=\"https:\/\/kjerag.info\/wp-content\/uploads\/2018\/11\/plan-hike-icon.svg\" width=\"20px\" height=\"undefined\" alt=\"\" class=\"wp-image-207700 alignnone size-full\" \/><img decoding=\"async\" src=\"https:\/\/kjerag.info\/wp-content\/uploads\/2018\/11\/plan-hike-icon.svg\" width=\"20px\" height=\"undefined\" alt=\"\" class=\"wp-image-207700 alignnone size-full\" \/><img decoding=\"async\" src=\"https:\/\/kjerag.info\/wp-content\/uploads\/2018\/11\/plan-hike-icon.svg\" width=\"20px\" height=\"undefined\" alt=\"\" class=\"wp-image-207700 alignnone size-full\" \/><\/td>\n<td>5<span>\u00b0<\/span>C \/ 41<span>\u00b0<\/span>F<\/p>\n<p><span style=\"color: #00ccff;\"><em>Expect snow on the trail<\/em><\/span><\/td>\n<td>17<\/td>\n<td>8<\/td>\n<td>4:00 pm<\/td>\n<\/tr>\n<tr>\n<td class=\"fixed-side\">July<\/td>\n<td><img decoding=\"async\" src=\"https:\/\/kjerag.info\/wp-content\/uploads\/2018\/11\/plan-hike-icon.svg\" width=\"20px\" height=\"undefined\" alt=\"\" class=\"wp-image-207700 alignnone size-full\" \/><img decoding=\"async\" src=\"https:\/\/kjerag.info\/wp-content\/uploads\/2018\/11\/plan-hike-icon.svg\" width=\"20px\" height=\"undefined\" alt=\"\" class=\"wp-image-207700 alignnone size-full\" \/><img decoding=\"async\" src=\"https:\/\/kjerag.info\/wp-content\/uploads\/2018\/11\/plan-hike-icon.svg\" width=\"20px\" height=\"undefined\" alt=\"\" class=\"wp-image-207700 alignnone size-full\" \/><img decoding=\"async\" src=\"https:\/\/kjerag.info\/wp-content\/uploads\/2018\/11\/plan-hike-icon.svg\" width=\"20px\" height=\"undefined\" alt=\"\" class=\"wp-image-207700 alignnone size-full\" \/><img decoding=\"async\" src=\"https:\/\/kjerag.info\/wp-content\/uploads\/2018\/11\/plan-hike-icon.svg\" width=\"20px\" height=\"undefined\" alt=\"\" class=\"wp-image-207700 alignnone size-full\" \/><\/td>\n<td>6<span>\u00b0<\/span>C \/ 43<span>\u00b0<\/span>F<\/td>\n<td>18<\/td>\n<td>7<\/td>\n<td>4:00 pm<\/td>\n<\/tr>\n<tr>\n<td class=\"fixed-side\">August<\/td>\n<td><img decoding=\"async\" src=\"https:\/\/kjerag.info\/wp-content\/uploads\/2018\/11\/plan-hike-icon.svg\" width=\"20px\" height=\"undefined\" alt=\"\" class=\"wp-image-207700 alignnone size-full\" \/><img decoding=\"async\" src=\"https:\/\/kjerag.info\/wp-content\/uploads\/2018\/11\/plan-hike-icon.svg\" width=\"20px\" height=\"undefined\" alt=\"\" class=\"wp-image-207700 alignnone size-full\" \/><img decoding=\"async\" src=\"https:\/\/kjerag.info\/wp-content\/uploads\/2018\/11\/plan-hike-icon.svg\" width=\"20px\" height=\"undefined\" alt=\"\" class=\"wp-image-207700 alignnone size-full\" \/><img decoding=\"async\" src=\"https:\/\/kjerag.info\/wp-content\/uploads\/2018\/11\/plan-hike-icon.svg\" width=\"20px\" height=\"undefined\" alt=\"\" class=\"wp-image-207700 alignnone size-full\" \/><\/td>\n<td>6<span>\u00b0<\/span>C \/ 43<span>\u00b0<\/span>F<\/td>\n<td>21<\/td>\n<td>6<\/td>\n<td>3:00 pm<\/td>\n<\/tr>\n<tr>\n<td class=\"fixed-side\">September<\/td>\n<td><img decoding=\"async\" src=\"https:\/\/kjerag.info\/wp-content\/uploads\/2018\/11\/plan-hike-icon.svg\" width=\"20px\" height=\"undefined\" alt=\"\" class=\"wp-image-207700 alignnone size-full\" \/><img decoding=\"async\" src=\"https:\/\/kjerag.info\/wp-content\/uploads\/2018\/11\/plan-hike-icon.svg\" width=\"20px\" height=\"undefined\" alt=\"\" class=\"wp-image-207700 alignnone size-full\" \/><img decoding=\"async\" src=\"https:\/\/kjerag.info\/wp-content\/uploads\/2018\/11\/plan-hike-icon.svg\" width=\"20px\" height=\"undefined\" alt=\"\" class=\"wp-image-207700 alignnone size-full\" \/><\/td>\n<td>3<span>\u00b0<\/span>C \/ 37<span>\u00b0<\/span>F<\/td>\n<td>24<\/td>\n<td>4<\/td>\n<td>1:00 pm<\/td>\n<\/tr>\n<tr>\n<td class=\"fixed-side\">October<\/td>\n<td><img decoding=\"async\" src=\"https:\/\/kjerag.info\/wp-content\/uploads\/2018\/11\/plan-hike-icon.svg\" width=\"20px\" height=\"undefined\" alt=\"\" class=\"wp-image-207700 alignnone size-full\" \/><\/td>\n<td>0<span>\u00b0<\/span>C \/ 32<span>\u00b0<\/span>F<\/p>\n<p><span style=\"color: #00ccff;\"><em>Expect snow on the trail<\/em><\/span><\/td>\n<td>24<\/td>\n<td>3<\/td>\n<td>12:00 pm<\/td>\n<\/tr>\n<tr>\n<td class=\"fixed-side\">November<\/td>\n<td><span style=\"color: #ff0000;\">Road closed<\/span><\/td>\n<td><span style=\"color: #00ccff;\">-4\u00b0C \/ 25\u00b0F<\/span><\/td>\n<td>26<\/td>\n<td>1<\/td>\n<td>N\/A<\/td>\n<\/tr>\n<tr>\n<td class=\"fixed-side\">December<\/td>\n<td><span style=\"color: #ff0000;\">Road closed<\/span><\/td>\n<td><span style=\"color: #00ccff;\">-7\u00b0C \/ 19\u00b0F<\/span><\/td>\n<td>24<\/td>\n<td>1<\/td>\n<td>N\/A<\/td>\n<\/tr>\n<\/tbody>\n<\/table>\n<\/div>\n<\/div>\n<p>[\/et_pb_text][\/et_pb_column][\/et_pb_row][\/et_pb_section][et_pb_section fb_built=&#8221;1&#8243; custom_padding_last_edited=&#8221;on|phone&#8221; module_class=&#8221;shortInfoTrip&#8221; _builder_version=&#8221;4.20.1&#8243; background_color=&#8221;rgba(102,201,3,0.1)&#8221; custom_margin=&#8221;||0px||false|false&#8221; custom_margin_tablet=&#8221;||60px||false|false&#8221; custom_margin_phone=&#8221;||0px||false|false&#8221; custom_margin_last_edited=&#8221;on|phone&#8221; custom_padding=&#8221;55px|0px|95px|0px|false|false&#8221; custom_padding_tablet=&#8221;55px|0px|95px|0px|false|false&#8221; custom_padding_phone=&#8221;15px||55px||false|false&#8221; global_colors_info=&#8221;{}&#8221;][et_pb_row custom_padding_last_edited=&#8221;on|phone&#8221; _builder_version=&#8221;4.20.1&#8243; _module_preset=&#8221;default&#8221; custom_margin_tablet=&#8221;&#8221; custom_margin_phone=&#8221;||0px||false|false&#8221; custom_margin_last_edited=&#8221;on|phone&#8221; custom_padding_tablet=&#8221;&#8221; custom_padding_phone=&#8221;||0px||false|false&#8221; global_colors_info=&#8221;{}&#8221;][et_pb_column type=&#8221;4_4&#8243; _builder_version=&#8221;4.20.1&#8243; _module_preset=&#8221;default&#8221; global_colors_info=&#8221;{}&#8221;][et_pb_text _builder_version=&#8221;4.27.0&#8243; _module_preset=&#8221;3b86b6b1-f6cb-4f5d-98d5-d63265a03cca&#8221; global_colors_info=&#8221;{}&#8221;]<\/p>\n<h2 style=\"text-align: center;\">Vorbereitung und Sicherheit<\/h2>\n<p>[\/et_pb_text][\/et_pb_column][\/et_pb_row][et_pb_row column_structure=&#8221;2_5,3_5&#8243; use_custom_gutter=&#8221;on&#8221; gutter_width=&#8221;3&#8243; _builder_version=&#8221;4.25.2&#8243; custom_margin=&#8221;0px|auto||auto|false|false&#8221; custom_margin_tablet=&#8221;70px||||false|false&#8221; custom_margin_phone=&#8221;0px||||false|false&#8221; custom_margin_last_edited=&#8221;on|phone&#8221; global_colors_info=&#8221;{}&#8221;][et_pb_column type=&#8221;2_5&#8243; _builder_version=&#8221;4.16&#8243; custom_padding=&#8221;|||&#8221; global_colors_info=&#8221;{}&#8221; custom_padding__hover=&#8221;|||&#8221;][et_pb_image src=&#8221;https:\/\/kjerag.info\/wp-content\/uploads\/2024\/08\/Kjerag-trail_04.jpg&#8221; alt=&#8221;Preikestolen Sunrise&#8221; title_text=&#8221;Kjerag-trail_04&#8243; _builder_version=&#8221;4.25.2&#8243; _module_preset=&#8221;default&#8221; global_colors_info=&#8221;{}&#8221;][\/et_pb_image][\/et_pb_column][et_pb_column type=&#8221;3_5&#8243; _builder_version=&#8221;4.16&#8243; custom_padding=&#8221;|||&#8221; global_colors_info=&#8221;{}&#8221; custom_padding__hover=&#8221;|||&#8221;][et_pb_text _builder_version=&#8221;4.20.1&#8243; text_font=&#8221;|300|||||||&#8221; text_letter_spacing=&#8221;1px&#8221; text_line_height=&#8221;1.5em&#8221; custom_margin=&#8221;||35px&#8221; custom_padding=&#8221;||0px|||&#8221; global_colors_info=&#8221;{}&#8221;]<\/p>\n<p><strong>Eine Wanderung zum Kjerag ist ein beeindruckendes Erlebnis, aber Vorbereitung und Sicherheitsma\u00dfnahmen sind unerl\u00e4sslich.<\/strong><\/p>\n<p>Informieren Sie stets jemandem \u00fcber Ihre Wanderpl\u00e4ne und die voraussichtliche R\u00fcckkehrzeit. Die besetzten Parkeinrichtungen am Ausgangspunkt sind eine wertvolle Ressource \u2013 fragen Sie das Personal nach den aktuellen Bedingungen und beachten Sie ihre Tipps, insbesondere zu geeigneter Ausr\u00fcstung.<\/p>\n<p><span><\/span><\/p>\n<p>[\/et_pb_text][\/et_pb_column][\/et_pb_row][et_pb_row column_structure=&#8221;3_5,2_5&#8243; use_custom_gutter=&#8221;on&#8221; gutter_width=&#8221;3&#8243; _builder_version=&#8221;4.25.2&#8243; custom_margin=&#8221;0px|auto||auto|false|false&#8221; custom_margin_tablet=&#8221;70px||||false|false&#8221; custom_margin_phone=&#8221;0px||||false|false&#8221; custom_margin_last_edited=&#8221;on|phone&#8221; global_colors_info=&#8221;{}&#8221;][et_pb_column type=&#8221;3_5&#8243; _builder_version=&#8221;4.16&#8243; custom_padding=&#8221;|||&#8221; global_colors_info=&#8221;{}&#8221; custom_padding__hover=&#8221;|||&#8221;][et_pb_text _builder_version=&#8221;4.27.0&#8243; text_font=&#8221;|300|||||||&#8221; text_letter_spacing=&#8221;1px&#8221; text_line_height=&#8221;1.5em&#8221; custom_margin=&#8221;||35px&#8221; custom_padding=&#8221;||0px|||&#8221; global_colors_info=&#8221;{}&#8221;]<\/p>\n<p>Teile des Weges verlaufen entlang steiler Klippen, daher ist besondere Vorsicht geboten, insbesondere wenn Kinder dabei sind. Wegen der Schwierigkeit des Weges und der oft herausfordernden Wetterbedingungen empfehlen wir generell, keine Kinder in Tragegestellen mitzunehmen, da sie schneller ausk\u00fchlen als aktive Wanderer.<\/p>\n<p>Im Allgemeinen raten wir davon ab, mit Kindern unter 8 Jahren zu wandern. Kinder sollten an steiles Gel\u00e4nde gew\u00f6hnt sein, und es ist wichtig, dass sie sicher bleiben und die Wanderung genie\u00dfen k\u00f6nnen. Seien Sie darauf vorbereitet, umzudrehen, wenn es notwendig wird.<span><\/span><\/p>\n<p>[\/et_pb_text][\/et_pb_column][et_pb_column type=&#8221;2_5&#8243; _builder_version=&#8221;4.16&#8243; custom_padding=&#8221;|||&#8221; global_colors_info=&#8221;{}&#8221; custom_padding__hover=&#8221;|||&#8221;][et_pb_image src=&#8221;https:\/\/kjerag.info\/wp-content\/uploads\/2024\/08\/Kjerag-trail_07-scaled.jpg&#8221; alt=&#8221;Preikestolen Sunrise&#8221; title_text=&#8221;Kjerag-trail_07&#8243; _builder_version=&#8221;4.25.2&#8243; _module_preset=&#8221;default&#8221; global_colors_info=&#8221;{}&#8221;][\/et_pb_image][\/et_pb_column][\/et_pb_row][et_pb_row column_structure=&#8221;2_5,3_5&#8243; use_custom_gutter=&#8221;on&#8221; gutter_width=&#8221;3&#8243; _builder_version=&#8221;4.25.2&#8243; custom_margin=&#8221;0px|auto||auto|false|false&#8221; custom_margin_tablet=&#8221;70px||||false|false&#8221; custom_margin_phone=&#8221;0px||||false|false&#8221; custom_margin_last_edited=&#8221;on|phone&#8221; global_colors_info=&#8221;{}&#8221;][et_pb_column type=&#8221;2_5&#8243; _builder_version=&#8221;4.16&#8243; custom_padding=&#8221;|||&#8221; global_colors_info=&#8221;{}&#8221; custom_padding__hover=&#8221;|||&#8221;][et_pb_image src=&#8221;https:\/\/kjerag.info\/wp-content\/uploads\/2024\/08\/Kjerag-sheep-scaled.jpg&#8221; alt=&#8221;Preikestolen Sunrise&#8221; title_text=&#8221;Kjerag sheep&#8221; _builder_version=&#8221;4.27.0&#8243; _module_preset=&#8221;default&#8221; global_colors_info=&#8221;{}&#8221;][\/et_pb_image][\/et_pb_column][et_pb_column type=&#8221;3_5&#8243; _builder_version=&#8221;4.16&#8243; custom_padding=&#8221;|||&#8221; global_colors_info=&#8221;{}&#8221; custom_padding__hover=&#8221;|||&#8221;][et_pb_text _builder_version=&#8221;4.27.0&#8243; text_font=&#8221;|300|||||||&#8221; text_letter_spacing=&#8221;1px&#8221; text_line_height=&#8221;1.5em&#8221; custom_margin=&#8221;||35px&#8221; custom_padding=&#8221;||0px|||&#8221; global_colors_info=&#8221;{}&#8221;]<\/p>\n<p>Der Kjerag-Weg f\u00fchrt durch ein traditionelles Weidegebiet f\u00fcr Schafe. Um deren Wohlbefinden sicherzustellen, sollten Sie die Schafe nicht st\u00f6ren oder erschrecken. Es ist verboten, sie zu f\u00fcttern, da dies gesundheitssch\u00e4dlich f\u00fcr sie sein kann.<\/p>\n<p>Schafe reagieren besonders empfindlich auf Hunde und k\u00f6nnen gestresst werden, was zu gef\u00e4hrlichen Situationen f\u00fchren kann, etwa dem Wegrennen von Klippen. Zur Sicherheit der Schafe, der Wildtiere und anderer Wanderer ist es daher wichtig, dass Ihr Hund auf dem gesamten Weg immer an der Leine bleibt.<\/p>\n<p>[\/et_pb_text][\/et_pb_column][\/et_pb_row][et_pb_row column_structure=&#8221;3_5,2_5&#8243; use_custom_gutter=&#8221;on&#8221; gutter_width=&#8221;3&#8243; _builder_version=&#8221;4.25.2&#8243; custom_margin=&#8221;0px|auto||auto|false|false&#8221; custom_margin_tablet=&#8221;70px||||false|false&#8221; custom_margin_phone=&#8221;0px||||false|false&#8221; custom_margin_last_edited=&#8221;on|phone&#8221; global_colors_info=&#8221;{}&#8221;][et_pb_column type=&#8221;3_5&#8243; _builder_version=&#8221;4.16&#8243; custom_padding=&#8221;|||&#8221; global_colors_info=&#8221;{}&#8221; custom_padding__hover=&#8221;|||&#8221;][et_pb_text _builder_version=&#8221;4.27.0&#8243; text_font=&#8221;|300|||||||&#8221; text_letter_spacing=&#8221;1px&#8221; text_line_height=&#8221;1.5em&#8221; custom_margin=&#8221;||35px&#8221; custom_padding=&#8221;||0px|||&#8221; global_colors_info=&#8221;{}&#8221;]<\/p>\n<p>Wenn Sie \u00fcberlegen, Ihren Hund mitzunehmen, stellen Sie bitte sicher, dass er fit ist und an lange Bergwanderungen gew\u00f6hnt ist. Sie kennen die F\u00e4higkeiten Ihres Hundes am besten, sollten jedoch bedenken, dass das Terrain steil und rutschig sein kann. F\u00fcr kleine oder \u00e4ltere Hunde k\u00f6nnte die Wanderung zu anspruchsvoll sein, und das Tragen Ihres Hundes wird nicht empfohlen.<\/p>\n<p>Bitte haben Sie auch im Hinterkopf, dass einige Wanderer sich in der N\u00e4he von Hunden unwohl f\u00fchlen k\u00f6nnten.<\/p>\n<p>Im folgenden Video geben wir Ihnen Tipps zur Vorbereitung auf Ihre Wanderung.<\/p>\n<p>[\/et_pb_text][\/et_pb_column][et_pb_column type=&#8221;2_5&#8243; _builder_version=&#8221;4.16&#8243; custom_padding=&#8221;|||&#8221; global_colors_info=&#8221;{}&#8221; custom_padding__hover=&#8221;|||&#8221;][et_pb_image src=&#8221;https:\/\/kjerag.info\/wp-content\/uploads\/2024\/08\/Kjerag-dog.jpg&#8221; alt=&#8221;Preikestolen Sunrise&#8221; title_text=&#8221;Kjerag dog&#8221; _builder_version=&#8221;4.27.0&#8243; _module_preset=&#8221;default&#8221; global_colors_info=&#8221;{}&#8221;][\/et_pb_image][\/et_pb_column][\/et_pb_row][et_pb_row custom_padding_last_edited=&#8221;on|phone&#8221; _builder_version=&#8221;4.20.1&#8243; _module_preset=&#8221;default&#8221; custom_margin_tablet=&#8221;&#8221; custom_margin_phone=&#8221;||0px||false|false&#8221; custom_margin_last_edited=&#8221;on|phone&#8221; custom_padding_tablet=&#8221;&#8221; custom_padding_phone=&#8221;||0px||false|false&#8221; global_colors_info=&#8221;{}&#8221;][et_pb_column type=&#8221;4_4&#8243; _builder_version=&#8221;4.20.1&#8243; _module_preset=&#8221;default&#8221; global_colors_info=&#8221;{}&#8221;][et_pb_video src=&#8221;https:\/\/www.youtube.com\/watch?v=xB6wMMls3Xc&#8221; _builder_version=&#8221;4.25.2&#8243; _module_preset=&#8221;default&#8221; global_colors_info=&#8221;{}&#8221;][\/et_pb_video][\/et_pb_column][\/et_pb_row][et_pb_row column_structure=&#8221;1_2,1_2&#8243; module_id=&#8221;winter&#8221; _builder_version=&#8221;4.25.2&#8243; _module_preset=&#8221;default&#8221; locked=&#8221;off&#8221; global_colors_info=&#8221;{}&#8221;][et_pb_column type=&#8221;1_2&#8243; _builder_version=&#8221;4.20.1&#8243; _module_preset=&#8221;default&#8221; global_colors_info=&#8221;{}&#8221;][et_pb_image src=&#8221;https:\/\/kjerag.info\/wp-content\/uploads\/2024\/08\/Kjerag-nodbu.jpeg&#8221; title_text=&#8221;Kjerag-nodbu&#8221; _builder_version=&#8221;4.25.2&#8243; _module_preset=&#8221;default&#8221; global_colors_info=&#8221;{}&#8221;][\/et_pb_image][\/et_pb_column][et_pb_column type=&#8221;1_2&#8243; _builder_version=&#8221;4.20.1&#8243; _module_preset=&#8221;default&#8221; global_colors_info=&#8221;{}&#8221;][et_pb_text _builder_version=&#8221;4.27.0&#8243; header_font=&#8221;||||||||&#8221; header_5_font=&#8221;||||||||&#8221; header_5_font_size=&#8221;32px&#8221; header_5_letter_spacing=&#8221;0.05em&#8221; custom_margin=&#8221;||10px&#8221; header_5_font_size_tablet=&#8221;28px&#8221; header_5_font_size_phone=&#8221;24px&#8221; header_5_font_size_last_edited=&#8221;on|phone&#8221; global_colors_info=&#8221;{}&#8221;]<\/p>\n<h5>Notf\u00e4lle<\/h5>\n<p>[\/et_pb_text][et_pb_text _builder_version=&#8221;4.23.1&#8243; text_font=&#8221;|300|||||||&#8221; text_letter_spacing=&#8221;1px&#8221; text_line_height=&#8221;1.5em&#8221; custom_margin=&#8221;||35px&#8221; custom_padding=&#8221;||0px|||&#8221; global_colors_info=&#8221;{}&#8221;]<\/p>\n<p>Wanderungen zum Kjerag erfolgen auf eigene Gefahr. Obwohl der Weg gut markiert ist, k\u00f6nnen Unf\u00e4lle oder pl\u00f6tzliche Erkrankungen jederzeit auftreten.<\/p>\n<p>Im Notfall w\u00e4hlen Sie die 113. Handyempfang ist an den H\u00e4ngen und Gipfeln der drei H\u00fcgel sowie am Aussichtspunkt Nesatinden verf\u00fcgbar. Am Kjerag Boulder, in Teilen des Plateaus und in den T\u00e4lern ist der Empfang jedoch schlecht oder gar nicht vorhanden.<\/p>\n<p>Ein Notfallunterstand befindet sich auf dem Gipfel von H\u00fcgel 2. Dieser ist ausschlie\u00dflich f\u00fcr Notf\u00e4lle gedacht und darf nicht als Unterkunft oder f\u00fcr Pausen genutzt werden.<\/p>\n<p>[\/et_pb_text][\/et_pb_column][\/et_pb_row][\/et_pb_section][et_pb_section fb_built=&#8221;1&#8243; _builder_version=&#8221;4.20.1&#8243; locked=&#8221;off&#8221; global_colors_info=&#8221;{}&#8221;][et_pb_row column_structure=&#8221;2_3,1_3&#8243; make_equal=&#8221;on&#8221; custom_padding_last_edited=&#8221;on|phone&#8221; _builder_version=&#8221;4.20.1&#8243; _module_preset=&#8221;default&#8221; custom_margin=&#8221;0px||0px||true|false&#8221; custom_padding=&#8221;60px||60px||true|false&#8221; custom_padding_tablet=&#8221;60px||60px||true|false&#8221; custom_padding_phone=&#8221;10px||40px||false|false&#8221; locked=&#8221;off&#8221; global_colors_info=&#8221;{}&#8221;][et_pb_column type=&#8221;2_3&#8243; _builder_version=&#8221;4.20.1&#8243; _module_preset=&#8221;default&#8221; global_colors_info=&#8221;{}&#8221;][et_pb_text _builder_version=&#8221;4.16&#8243; header_font=&#8221;||||||||&#8221; header_5_font=&#8221;||||||||&#8221; header_5_font_size=&#8221;32px&#8221; header_5_letter_spacing=&#8221;0.05em&#8221; custom_margin=&#8221;||10px&#8221; header_5_font_size_tablet=&#8221;28px&#8221; header_5_font_size_phone=&#8221;24px&#8221; header_5_font_size_last_edited=&#8221;on|phone&#8221; global_colors_info=&#8221;{}&#8221;]<\/p>\n<h5>Nachhaltigkeit<\/h5>\n<p>[\/et_pb_text][et_pb_text _builder_version=&#8221;4.27.0&#8243; text_font=&#8221;|300|||||||&#8221; text_letter_spacing=&#8221;1px&#8221; text_line_height=&#8221;1.5em&#8221; custom_margin=&#8221;||35px&#8221; custom_padding=&#8221;0px|||||&#8221; global_colors_info=&#8221;{}&#8221;]<\/p>\n<p>Kjerag ist Teil des Lysefjords und als nachhaltiges Ziel ausgezeichnet. Wir m\u00f6chten Sie dazu ermutigen, Ihre Wanderung zu genie\u00dfen und dabei die Umwelt zu respektieren.<\/p>\n<ul>\n<li><strong>Es gibt entlang des Weges keine Toiletten.<\/strong> Bitte nutzen Sie vor Ihrer Wanderung die Toiletten am Parkplatz. Lassen Sie keine Hygieneprodukte oder Toilettenpapier zur\u00fcck.<\/li>\n<li><strong>Hinterlassen Sie keinen M\u00fcll.<\/strong> Nehmen Sie ihn mit, bis Sie ihn in den M\u00fclleimern am Parkplatz ordnungsgem\u00e4\u00df entsorgen k\u00f6nnen.<\/li>\n<\/ul>\n<p>Lassen Sie uns gemeinsam daf\u00fcr sorgen, dass Kjerag sauber und einladend f\u00fcr zuk\u00fcnftige Besucher bleibt. Bitte beachten Sie das Prinzip \u201eLeave No Trace\u201c und hinterlassen Sie nur Ihre Fu\u00dfabdr\u00fccke.<\/p>\n<p>Vielen Dank f\u00fcr Ihre Mithilfe und eine wunderbare Wanderung!<\/p>\n<p>[\/et_pb_text][\/et_pb_column][et_pb_column type=&#8221;1_3&#8243; _builder_version=&#8221;4.20.1&#8243; _module_preset=&#8221;default&#8221; global_colors_info=&#8221;{}&#8221;][et_pb_image src=&#8221;https:\/\/kjerag.info\/wp-content\/uploads\/2023\/03\/Sustainable-Destination-Local-engagement-in-a-long-perspective_Logo_Colour_CMYK.png&#8221; title_text=&#8221;Sustainable Destination-Local engagement in a long perspective_Logo_Colour_CMYK&#8221; _builder_version=&#8221;4.20.1&#8243; _module_preset=&#8221;default&#8221; global_colors_info=&#8221;{}&#8221;][\/et_pb_image][\/et_pb_column][\/et_pb_row][\/et_pb_section][et_pb_section fb_built=&#8221;1&#8243; disabled_on=&#8221;off|off|off&#8221; module_class=&#8221;blogGridFront&#8221; _builder_version=&#8221;4.16&#8243; locked=&#8221;on&#8221; global_colors_info=&#8221;{}&#8221;][et_pb_row module_class=&#8221;blogGridRow &#8221; _builder_version=&#8221;4.16&#8243; custom_padding=&#8221;32px|0px|0|0px|false|false&#8221; global_colors_info=&#8221;{}&#8221;][et_pb_column type=&#8221;4_4&#8243; _builder_version=&#8221;4.16&#8243; custom_padding=&#8221;|||&#8221; global_colors_info=&#8221;{}&#8221; custom_padding__hover=&#8221;|||&#8221;][et_pb_blog fullwidth=&#8221;off&#8221; posts_number=&#8221;3&#8243; include_categories=&#8221;all&#8221; show_author=&#8221;off&#8221; show_date=&#8221;off&#8221; show_pagination=&#8221;off&#8221; masonry_tile_background_color=&#8221;rgba(0,0,0,0)&#8221; module_class=&#8221;blogGrid mb_blogGrid_allInOne&#8221; _builder_version=&#8221;4.16&#8243; header_font=&#8221;|||on|||||&#8221; header_font_size=&#8221;24px&#8221; body_font=&#8221;|300|||||||&#8221; body_font_size=&#8221;16px&#8221; meta_font=&#8221;|||on|||||&#8221; meta_text_color=&#8221;#ffffff&#8221; meta_font_size=&#8221;13px&#8221; custom_margin=&#8221;||30px&#8221; custom_padding=&#8221;||0px&#8221; header_font_size_tablet=&#8221;21px&#8221; header_font_size_phone=&#8221;20px&#8221; header_font_size_last_edited=&#8221;on|phone&#8221; border_width_all=&#8221;0px&#8221; global_colors_info=&#8221;{}&#8221;][\/et_pb_blog][\/et_pb_column][\/et_pb_row][\/et_pb_section][et_pb_section fb_built=&#8221;1&#8243; module_class=&#8221;destinationBottom&#8221; _builder_version=&#8221;4.16&#8243; custom_margin=&#8221;||&#8221; custom_padding=&#8221;0|5px|0|0px|false|false&#8221; saved_tabs=&#8221;all&#8221; locked=&#8221;off&#8221; global_colors_info=&#8221;{}&#8221;][\/et_pb_section]<\/p>\n","protected":false},"excerpt":{"rendered":"<p>Kjerag \u2013 Die Majest\u00e4t des Lysefjords &nbsp;Wanderung zum kjeragWir m\u00f6chten sicherstellen, dass Ihre Wanderung sicher und angenehm verl\u00e4uft. Auf dieser Seite finden Sie alle wichtigen Informationen zum Kjerag-Weg und zur Vorbereitung auf Ihr Wanderabenteuer.Kjerag-Weg: InformationenWanderer, die nach Kjerag wollen, starten ihre Tour vom Kjerag-Parkplatz bei \u00d8ygardst\u00f8l. Gleich daneben befindet sich das Eagle\u2019s Nest, ein Restaurant, [&hellip;]<\/p>\n","protected":false},"author":16,"featured_media":219563,"parent":0,"menu_order":0,"comment_status":"closed","ping_status":"closed","template":"","meta":{"_et_pb_use_builder":"on","_et_pb_old_content":"","_et_gb_content_width":"","footnotes":""},"class_list":["post-219787","page","type-page","status-publish","has-post-thumbnail","hentry"],"yoast_head":"<!-- This site is optimized with the Yoast SEO plugin v27.4 - https:\/\/yoast.com\/product\/yoast-seo-wordpress\/ -->\n<title>Kjerag Wanderung: Alles \u00fcber den Trail, Vorbereitung und Sicherheit<\/title>\n<meta name=\"description\" content=\"Planen Sie Ihre Wanderung zum Kjerag mit unseren umfassenden Informationen. Erfahren Sie alles \u00fcber den anspruchsvollen Weg, Sicherheitsvorkehrungen, Wetterbedingungen und alternative Aussichtspunkte wie Nesatind. Nutzen Sie unsere Tipps zur Vorbereitung und bleiben Sie sicher auf Ihrem Abenteuer im Lysefjord.\u201cWenn Sie noch weitere Seiten oder spezifische Anpassungen ben\u00f6tigen, lassen Sie es mich wissen!\" \/>\n<meta name=\"robots\" content=\"index, follow, max-snippet:-1, max-image-preview:large, max-video-preview:-1\" \/>\n<link rel=\"canonical\" href=\"https:\/\/kjerag.info\/nl\/wandelen-naar-kjerag\/\" \/>\n<meta property=\"og:locale\" content=\"nl_NL\" \/>\n<meta property=\"og:type\" content=\"article\" \/>\n<meta property=\"og:title\" content=\"Kjerag Wanderung: Alles \u00fcber den Trail, Vorbereitung und Sicherheit\" \/>\n<meta property=\"og:description\" content=\"Planen Sie Ihre Wanderung zum Kjerag mit unseren umfassenden Informationen. Erfahren Sie alles \u00fcber den anspruchsvollen Weg, Sicherheitsvorkehrungen, Wetterbedingungen und alternative Aussichtspunkte wie Nesatind. Nutzen Sie unsere Tipps zur Vorbereitung und bleiben Sie sicher auf Ihrem Abenteuer im Lysefjord.\u201cWenn Sie noch weitere Seiten oder spezifische Anpassungen ben\u00f6tigen, lassen Sie es mich wissen!\" \/>\n<meta property=\"og:url\" content=\"https:\/\/kjerag.info\/nl\/wandelen-naar-kjerag\/\" \/>\n<meta property=\"og:site_name\" content=\"Kjerag 365\" \/>\n<meta property=\"article:modified_time\" content=\"2025-11-05T10:45:58+00:00\" \/>\n<meta property=\"og:image\" content=\"https:\/\/kjerag.info\/wp-content\/uploads\/2024\/08\/Kjerag-horisontal-scaled.jpg\" \/>\n\t<meta property=\"og:image:width\" content=\"2560\" \/>\n\t<meta property=\"og:image:height\" content=\"1707\" \/>\n\t<meta property=\"og:image:type\" content=\"image\/jpeg\" \/>\n<meta name=\"twitter:card\" content=\"summary_large_image\" \/>\n<meta name=\"twitter:label1\" content=\"Est. reading time\" \/>\n\t<meta name=\"twitter:data1\" content=\"16 minuten\" \/>\n<script type=\"application\/ld+json\" class=\"yoast-schema-graph\">{\"@context\":\"https:\\\/\\\/schema.org\",\"@graph\":[{\"@type\":\"WebPage\",\"@id\":\"https:\\\/\\\/kjerag.info\\\/hiking-to-kjerag\\\/\",\"url\":\"https:\\\/\\\/kjerag.info\\\/hiking-to-kjerag\\\/\",\"name\":\"Kjerag Wanderung: Alles \u00fcber den Trail, Vorbereitung und Sicherheit\",\"isPartOf\":{\"@id\":\"https:\\\/\\\/kjerag.info\\\/#website\"},\"primaryImageOfPage\":{\"@id\":\"https:\\\/\\\/kjerag.info\\\/hiking-to-kjerag\\\/#primaryimage\"},\"image\":{\"@id\":\"https:\\\/\\\/kjerag.info\\\/hiking-to-kjerag\\\/#primaryimage\"},\"thumbnailUrl\":\"https:\\\/\\\/kjerag.info\\\/wp-content\\\/uploads\\\/2024\\\/08\\\/Kjerag-horisontal-scaled.jpg\",\"datePublished\":\"2024-09-02T17:43:33+00:00\",\"dateModified\":\"2025-11-05T10:45:58+00:00\",\"description\":\"Planen Sie Ihre Wanderung zum Kjerag mit unseren umfassenden Informationen. Erfahren Sie alles \u00fcber den anspruchsvollen Weg, Sicherheitsvorkehrungen, Wetterbedingungen und alternative Aussichtspunkte wie Nesatind. Nutzen Sie unsere Tipps zur Vorbereitung und bleiben Sie sicher auf Ihrem Abenteuer im Lysefjord.\u201cWenn Sie noch weitere Seiten oder spezifische Anpassungen ben\u00f6tigen, lassen Sie es mich wissen!\",\"breadcrumb\":{\"@id\":\"https:\\\/\\\/kjerag.info\\\/hiking-to-kjerag\\\/#breadcrumb\"},\"inLanguage\":\"nl-NL\",\"potentialAction\":[{\"@type\":\"ReadAction\",\"target\":[\"https:\\\/\\\/kjerag.info\\\/hiking-to-kjerag\\\/\"]}]},{\"@type\":\"ImageObject\",\"inLanguage\":\"nl-NL\",\"@id\":\"https:\\\/\\\/kjerag.info\\\/hiking-to-kjerag\\\/#primaryimage\",\"url\":\"https:\\\/\\\/kjerag.info\\\/wp-content\\\/uploads\\\/2024\\\/08\\\/Kjerag-horisontal-scaled.jpg\",\"contentUrl\":\"https:\\\/\\\/kjerag.info\\\/wp-content\\\/uploads\\\/2024\\\/08\\\/Kjerag-horisontal-scaled.jpg\",\"width\":2560,\"height\":1707},{\"@type\":\"BreadcrumbList\",\"@id\":\"https:\\\/\\\/kjerag.info\\\/hiking-to-kjerag\\\/#breadcrumb\",\"itemListElement\":[{\"@type\":\"ListItem\",\"position\":1,\"name\":\"Hjem\",\"item\":\"https:\\\/\\\/kjerag.info\\\/\"},{\"@type\":\"ListItem\",\"position\":2,\"name\":\"Wanderung zum Kjerag\"}]},{\"@type\":\"WebSite\",\"@id\":\"https:\\\/\\\/kjerag.info\\\/#website\",\"url\":\"https:\\\/\\\/kjerag.info\\\/\",\"name\":\"Kjerag 365\",\"description\":\"All you need to know for your hike to Kjerag\",\"potentialAction\":[{\"@type\":\"SearchAction\",\"target\":{\"@type\":\"EntryPoint\",\"urlTemplate\":\"https:\\\/\\\/kjerag.info\\\/?s={search_term_string}\"},\"query-input\":{\"@type\":\"PropertyValueSpecification\",\"valueRequired\":true,\"valueName\":\"search_term_string\"}}],\"inLanguage\":\"nl-NL\"}]}<\/script>\n<!-- \/ Yoast SEO plugin. -->","yoast_head_json":{"title":"Kjerag wandelen: Alles over het pad, voorkeuren en veiligheid","description":"Plan uw reis naar Kjerag met onze uitgebreide informatie. Lees alles over de route, veiligheidsmaatregelen, wetterbedingungen en alternatieve bestemmingen zoals Nesatind. Maak gebruik van onze tips voor voorkeuren en wees zeker van uw reis naar de Lysefjord. Als u nog meer informatie of speciale tips nodig hebt, laat het me dan weten!","robots":{"index":"index","follow":"follow","max-snippet":"max-snippet:-1","max-image-preview":"max-image-preview:large","max-video-preview":"max-video-preview:-1"},"canonical":"https:\/\/kjerag.info\/nl\/wandelen-naar-kjerag\/","og_locale":"nl_NL","og_type":"article","og_title":"Kjerag Wanderung: Alles \u00fcber den Trail, Vorbereitung und Sicherheit","og_description":"Planen Sie Ihre Wanderung zum Kjerag mit unseren umfassenden Informationen. Erfahren Sie alles \u00fcber den anspruchsvollen Weg, Sicherheitsvorkehrungen, Wetterbedingungen und alternative Aussichtspunkte wie Nesatind. Nutzen Sie unsere Tipps zur Vorbereitung und bleiben Sie sicher auf Ihrem Abenteuer im Lysefjord.\u201cWenn Sie noch weitere Seiten oder spezifische Anpassungen ben\u00f6tigen, lassen Sie es mich wissen!","og_url":"https:\/\/kjerag.info\/nl\/wandelen-naar-kjerag\/","og_site_name":"Kjerag 365","article_modified_time":"2025-11-05T10:45:58+00:00","og_image":[{"width":2560,"height":1707,"url":"https:\/\/kjerag.info\/wp-content\/uploads\/2024\/08\/Kjerag-horisontal-scaled.jpg","type":"image\/jpeg"}],"twitter_card":"summary_large_image","twitter_misc":{"Est. reading time":"16 minuten"},"schema":{"@context":"https:\/\/schema.org","@graph":[{"@type":"WebPage","@id":"https:\/\/kjerag.info\/hiking-to-kjerag\/","url":"https:\/\/kjerag.info\/hiking-to-kjerag\/","name":"Kjerag wandelen: Alles over het pad, voorkeuren en veiligheid","isPartOf":{"@id":"https:\/\/kjerag.info\/#website"},"primaryImageOfPage":{"@id":"https:\/\/kjerag.info\/hiking-to-kjerag\/#primaryimage"},"image":{"@id":"https:\/\/kjerag.info\/hiking-to-kjerag\/#primaryimage"},"thumbnailUrl":"https:\/\/kjerag.info\/wp-content\/uploads\/2024\/08\/Kjerag-horisontal-scaled.jpg","datePublished":"2024-09-02T17:43:33+00:00","dateModified":"2025-11-05T10:45:58+00:00","description":"Plan uw reis naar Kjerag met onze uitgebreide informatie. Lees alles over de route, veiligheidsmaatregelen, wetterbedingungen en alternatieve bestemmingen zoals Nesatind. Maak gebruik van onze tips voor voorkeuren en wees zeker van uw reis naar de Lysefjord. Als u nog meer informatie of speciale tips nodig hebt, laat het me dan weten!","breadcrumb":{"@id":"https:\/\/kjerag.info\/hiking-to-kjerag\/#breadcrumb"},"inLanguage":"nl-NL","potentialAction":[{"@type":"ReadAction","target":["https:\/\/kjerag.info\/hiking-to-kjerag\/"]}]},{"@type":"ImageObject","inLanguage":"nl-NL","@id":"https:\/\/kjerag.info\/hiking-to-kjerag\/#primaryimage","url":"https:\/\/kjerag.info\/wp-content\/uploads\/2024\/08\/Kjerag-horisontal-scaled.jpg","contentUrl":"https:\/\/kjerag.info\/wp-content\/uploads\/2024\/08\/Kjerag-horisontal-scaled.jpg","width":2560,"height":1707},{"@type":"BreadcrumbList","@id":"https:\/\/kjerag.info\/hiking-to-kjerag\/#breadcrumb","itemListElement":[{"@type":"ListItem","position":1,"name":"Hjem","item":"https:\/\/kjerag.info\/"},{"@type":"ListItem","position":2,"name":"Wanderung zum Kjerag"}]},{"@type":"WebSite","@id":"https:\/\/kjerag.info\/#website","url":"https:\/\/kjerag.info\/","name":"Kjerag 365","description":"Alles wat je moet weten voor je trektocht naar Kjerag","potentialAction":[{"@type":"SearchAction","target":{"@type":"EntryPoint","urlTemplate":"https:\/\/kjerag.info\/?s={search_term_string}"},"query-input":{"@type":"PropertyValueSpecification","valueRequired":true,"valueName":"search_term_string"}}],"inLanguage":"nl-NL"}]}},"_links":{"self":[{"href":"https:\/\/kjerag.info\/nl\/wp-json\/wp\/v2\/pages\/219787","targetHints":{"allow":["GET"]}}],"collection":[{"href":"https:\/\/kjerag.info\/nl\/wp-json\/wp\/v2\/pages"}],"about":[{"href":"https:\/\/kjerag.info\/nl\/wp-json\/wp\/v2\/types\/page"}],"author":[{"embeddable":true,"href":"https:\/\/kjerag.info\/nl\/wp-json\/wp\/v2\/users\/16"}],"replies":[{"embeddable":true,"href":"https:\/\/kjerag.info\/nl\/wp-json\/wp\/v2\/comments?post=219787"}],"version-history":[{"count":0,"href":"https:\/\/kjerag.info\/nl\/wp-json\/wp\/v2\/pages\/219787\/revisions"}],"wp:featuredmedia":[{"embeddable":true,"href":"https:\/\/kjerag.info\/nl\/wp-json\/wp\/v2\/media\/219563"}],"wp:attachment":[{"href":"https:\/\/kjerag.info\/nl\/wp-json\/wp\/v2\/media?parent=219787"}],"curies":[{"name":"wp","href":"https:\/\/api.w.org\/{rel}","templated":true}]}}