{"id":219764,"date":"2024-08-27T20:06:58","date_gmt":"2024-08-27T18:06:58","guid":{"rendered":"https:\/\/kjerag.info\/?page_id=219764"},"modified":"2025-04-08T14:45:06","modified_gmt":"2025-04-08T12:45:06","slug":"kontakt-faq","status":"publish","type":"page","link":"https:\/\/kjerag.info\/nl\/kontakt-faq\/","title":{"rendered":"Kontakt | FAQ"},"content":{"rendered":"<p>[et_pb_section fb_built=&#8221;1&#8243; _builder_version=&#8221;4.25.2&#8243; _module_preset=&#8221;default&#8221; background_color=&#8221;rgba(102,201,3,0.1)&#8221; global_colors_info=&#8221;{}&#8221;][et_pb_row column_structure=&#8221;1_2,1_2&#8243; _builder_version=&#8221;4.25.2&#8243; _module_preset=&#8221;default&#8221; global_colors_info=&#8221;{}&#8221;][et_pb_column type=&#8221;1_2&#8243; _builder_version=&#8221;4.25.2&#8243; _module_preset=&#8221;default&#8221; global_colors_info=&#8221;{}&#8221;][et_pb_image src=&#8221;https:\/\/kjerag.info\/wp-content\/uploads\/2024\/08\/kjerag-365-symbol-sirkel.png&#8221; title_text=&#8221;kjerag-365-symbol-sirkel&#8221; _builder_version=&#8221;4.25.2&#8243; _module_preset=&#8221;default&#8221; max_width=&#8221;150px&#8221; module_alignment=&#8221;center&#8221; locked=&#8221;off&#8221; global_colors_info=&#8221;{}&#8221;][\/et_pb_image][et_pb_button button_url=&#8221;@ET-DC@eyJkeW5hbWljIjp0cnVlLCJjb250ZW50IjoicG9zdF9saW5rX3VybF9hdHRhY2htZW50Iiwic2V0dGluZ3MiOnsicG9zdF9pZCI6IjIxOTU4NiJ9fQ==@&#8221; url_new_window=&#8221;on&#8221; button_text=&#8221;F\u00f8lg oss p\u00e5 Facebook for daglige oppdateringer&#8221; button_alignment=&#8221;center&#8221; _builder_version=&#8221;4.27.0&#8243; _dynamic_attributes=&#8221;button_url&#8221; _module_preset=&#8221;default&#8221; locked=&#8221;off&#8221; global_colors_info=&#8221;{}&#8221;][\/et_pb_button][\/et_pb_column][et_pb_column type=&#8221;1_2&#8243; _builder_version=&#8221;4.25.2&#8243; _module_preset=&#8221;default&#8221; global_colors_info=&#8221;{}&#8221;][et_pb_text _builder_version=&#8221;4.25.2&#8243; header_font=&#8221;||||||||&#8221; header_5_font=&#8221;||||||||&#8221; header_5_font_size=&#8221;32px&#8221; header_5_letter_spacing=&#8221;0.05em&#8221; custom_margin=&#8221;||10px&#8221; header_5_font_size_tablet=&#8221;28px&#8221; header_5_font_size_phone=&#8221;24px&#8221; header_5_font_size_last_edited=&#8221;on|phone&#8221; global_colors_info=&#8221;{}&#8221;]<\/p>\n<h5>Kontaktinformasjon<\/h5>\n<p>[\/et_pb_text][et_pb_text _builder_version=&#8221;4.25.2&#8243; text_font=&#8221;|300|||||||&#8221; text_letter_spacing=&#8221;1px&#8221; text_line_height=&#8221;1.5em&#8221; max_width=&#8221;500px&#8221; custom_margin=&#8221;||35px&#8221; global_colors_info=&#8221;{}&#8221;]<\/p>\n<p><span style=\"font-size: 18px;\">Vennligst les svaret p\u00e5 de mest stilte sp\u00f8rsm\u00e5lene f\u00f8r du tar kontakt.<\/span><\/p>\n<p><strong style=\"font-size: 18px;\">E-mail<\/strong><span style=\"font-size: 18px;\">\u00a0<\/span><strong style=\"font-size: 18px;\"><a href=\"mailto:kjerag@lysefjorden365.no\" target=\"_blank\" rel=\"noopener\">kjerag@lysefjorden365.no<\/a><\/strong><\/p>\n<p><strong>Telefon<\/strong>\u00a0(+47) 40 30 68 65<\/p>\n<p>[\/et_pb_text][\/et_pb_column][\/et_pb_row][\/et_pb_section][et_pb_section fb_built=&#8221;1&#8243; custom_padding_last_edited=&#8221;on|phone&#8221; module_class=&#8221;shortInfoAbout&#8221; _builder_version=&#8221;4.16&#8243; custom_padding=&#8221;55px|0px|35px|0px|false|false&#8221; custom_padding_tablet=&#8221;||0px|&#8221; custom_padding_phone=&#8221;&#8221; global_colors_info=&#8221;{}&#8221;][et_pb_row _builder_version=&#8221;4.25.2&#8243; _module_preset=&#8221;default&#8221; global_colors_info=&#8221;{}&#8221;][et_pb_column type=&#8221;4_4&#8243; _builder_version=&#8221;4.25.2&#8243; _module_preset=&#8221;default&#8221; global_colors_info=&#8221;{}&#8221;][et_pb_accordion _builder_version=&#8221;4.27.0&#8243; _module_preset=&#8221;default&#8221; global_colors_info=&#8221;{}&#8221;][et_pb_accordion_item title=&#8221;Er det farlig \u00e5 g\u00e5 ut p\u00e5 Kjeragbolten?&#8221; open=&#8221;on&#8221; _builder_version=&#8221;4.27.0&#8243; _module_preset=&#8221;default&#8221; global_colors_info=&#8221;{}&#8221;]<\/p>\n<p>S\u00e5 vidt vi vet, har ingen noen gang falt fra Kjeragbolten. Statistisk sett er det tryggere enn \u00e5 kj\u00f8re bil\u2014sannsynligvis fordi farene er s\u00e5 \u00e5penbare.<\/p>\n<p><strong>Et fall fra bolten vil v\u00e6re fatalt.<\/strong><\/p>\n<p>\u00c5 g\u00e5 ut p\u00e5 Kjeragbolten gj\u00f8res p\u00e5 eget ansvar, og det b\u00f8r v\u00e6re en beslutning du tar helt selv. Rundt 45 % av turg\u00e5erne velger \u00e5 ikke st\u00e5 p\u00e5 bolten, s\u00e5 ikke f\u00f8l deg presset hvis du er usikker.<\/p>\n<p>Unng\u00e5 \u00e5 g\u00e5 ut p\u00e5 bolten hvis:<\/p>\n<ul>\n<li>Du har h\u00f8ydeskrekk<\/li>\n<li>Steinen er glatt p\u00e5 grunn av regn, sn\u00f8 eller is<\/li>\n<li>Det er sterk vind<\/li>\n<\/ul>\n<p>Ikke l\u00f8p eller hopp n\u00e5r du g\u00e5r p\u00e5 eller av bolten. Hvis du blir engstelig, pr\u00f8v \u00e5 holde deg rolig mens du st\u00e5r der.<\/p>\n<p>[\/et_pb_accordion_item][et_pb_accordion_item title=&#8221;Er turen til Kjerag krevende?&#8221; _builder_version=&#8221;4.27.0&#8243; _module_preset=&#8221;default&#8221; global_colors_info=&#8221;{}&#8221; open=&#8221;off&#8221;]<\/p>\n<p>Turen til Kjerag er krevende. Stien er 11 km tur-retur, med tre bakker og 750 meter h\u00f8ydemeter. Det er en fordel \u00e5 ha god turerfaring fra f\u00f8r. Mange vil finne det givende \u00e5 g\u00e5 deler av stien og nyte utsikten over fjorden fra et av utsiktspunktene. De fleste kan fullf\u00f8re hele turen hvis de starter tidlig, har god tid, nok mat, og er riktig kledd med godt fott\u00f8y. Det er viktig \u00e5 bruke solide fjellsko og ha med en vindtett og vanntett jakke. Hvis du m\u00f8ter p\u00e5 vanskelige forhold eller d\u00e5rlig v\u00e6r, er det lurt \u00e5 snu i tide.<\/p>\n<p>[\/et_pb_accordion_item][et_pb_accordion_item title=&#8221;Kan jeg g\u00e5 turen til Kjerag i regn?&#8221; _builder_version=&#8221;4.27.0&#8243; _module_preset=&#8221;default&#8221; global_colors_info=&#8221;{}&#8221; open=&#8221;off&#8221;]<\/p>\n<p>Ja, det er som regel trygt \u00e5 g\u00e5 tur i regnv\u00e6r, men v\u00e6r oppmerksom p\u00e5 at stien blir mye glattere. Vurder \u00e5 utsette turen hvis det er v\u00e6radvarsler, tett t\u00e5ke, eller sterk vind. Du kan f\u00f8lge med p\u00e5 stiforholdene via Kjerag Trail Information p\u00e5 Facebook og sjekke v\u00e6rmeldingen for Kjerag p\u00e5 YR.no. Lytt ogs\u00e5 til r\u00e5dene fra de ansatte.<\/p>\n<p>[\/et_pb_accordion_item][et_pb_accordion_item title=&#8221;Kan jeg ta med barn p\u00e5 tur til Kjerag?&#8221; _builder_version=&#8221;4.27.0&#8243; _module_preset=&#8221;default&#8221; global_colors_info=&#8221;{}&#8221; open=&#8221;off&#8221;]<\/p>\n<p>Stien g\u00e5r til tider langs bratte klipper, s\u00e5 v\u00e6r ekstra oppmerksom, spesielt med barn. P\u00e5 grunn av stiens krevende terreng og uforutsigbare v\u00e6rforhold, anbefaler vi vanligvis ikke \u00e5 b\u00e6re barn i b\u00e6remeis p\u00e5 Kjerag, da de raskt kan bli kalde.<\/p>\n<p>Vi frar\u00e5der generelt \u00e5 ta med barn under 8 \u00e5r p\u00e5 denne turen. Barn b\u00f8r v\u00e6re vant til bratte stigninger og m\u00e5 f\u00f8le seg trygge og ha en positiv opplevelse. Husk \u00e5 v\u00e6re forberedt p\u00e5 \u00e5 snu hvis det skulle bli n\u00f8dvendig!<\/p>\n<p>[\/et_pb_accordion_item][et_pb_accordion_item title=&#8221;Kan jeg ta med hund p\u00e5 tur til Kjerag?&#8221; _builder_version=&#8221;4.27.0&#8243; _module_preset=&#8221;default&#8221; global_colors_info=&#8221;{}&#8221; open=&#8221;off&#8221;]<\/p>\n<p>Ja, det er tillatt \u00e5 ha med hund p\u00e5 turen, men den m\u00e5 holdes i b\u00e5nd til enhver tid. Det er beitende sauer i omr\u00e5det, og noen turg\u00e5ere kan v\u00e6re ukomfortable med hunder. Pass p\u00e5 at hunden din er i god form og vant til lange fjellturer f\u00f8r du tar den med.<\/p>\n<p>[\/et_pb_accordion_item][et_pb_accordion_item title=&#8221;Kan jeg fly drone ved Kjerag?&#8221; _builder_version=&#8221;4.27.0&#8243; _module_preset=&#8221;default&#8221; global_colors_info=&#8221;{}&#8221; open=&#8221;off&#8221;]<\/p>\n<div class=\"flex-1 overflow-hidden\">\n<div class=\"h-full\">\n<div class=\"react-scroll-to-bottom--css-rgbyt-79elbk h-full\">\n<div class=\"react-scroll-to-bottom--css-rgbyt-1n7m0yu\">\n<div class=\"flex flex-col text-sm md:pb-9\">\n<article class=\"w-full text-token-text-primary focus-visible:outline-2 focus-visible:outline-offset-[-4px]\" dir=\"auto\" data-testid=\"conversation-turn-147\" data-scroll-anchor=\"true\">\n<div class=\"text-base py-[18px] px-3 md:px-4 m-auto md:px-5\">\n<div class=\"mx-auto flex flex-1 gap-4 text-base md:gap-5 lg:gap-6 md:max-w-3xl lg:max-w-[40rem] xl:max-w-[48rem]\">\n<div class=\"group\/conversation-turn relative flex w-full min-w-0 flex-col agent-turn\">\n<div class=\"flex-col gap-1 md:gap-3\">\n<div class=\"flex max-w-full flex-col flex-grow\">\n<div data-message-author-role=\"assistant\" data-message-id=\"c39c34cc-1bf9-4da2-9747-ee64db1ba7f4\" dir=\"auto\" class=\"min-h-[20px] text-message flex w-full flex-col items-end gap-2 break-words [.text-message+&amp;]:mt-5 overflow-x-auto whitespace-normal\">\n<div class=\"flex w-full flex-col gap-1 empty:hidden first:pt-[3px]\">\n<div class=\"markdown prose w-full break-words dark:prose-invert light\">\n<p>Nei, Kjerag ligger i Frafjordheiane landskapsvernomr\u00e5de, og all bruk av droner er strengt forbudt.<\/p>\n<\/div>\n<\/div>\n<\/div>\n<\/div>\n<\/div>\n<\/div>\n<\/div>\n<\/div>\n<\/article>\n<\/div>\n<\/div>\n<\/div>\n<\/div>\n<\/div>\n<div class=\"md:pt-0 dark:border-white\/20 md:border-transparent md:dark:border-transparent w-full\">\n<div class=\"text-base px-3 md:px-4 m-auto md:px-5\">\n<div class=\"mx-auto flex flex-1 gap-4 text-base md:gap-5 lg:gap-6 md:max-w-3xl lg:max-w-[40rem] xl:max-w-[48rem]\">\n<form class=\"w-full\" type=\"button\" aria-haspopup=\"dialog\" aria-expanded=\"false\" aria-controls=\"radix-:r2qu:\" data-state=\"closed\">\n<div class=\"relative flex h-full max-w-full flex-1 flex-col\">\n<div class=\"absolute bottom-full left-0 right-0 z-20\"><\/div>\n<div class=\"group relative flex w-full items-center\"><\/div>\n<\/div>\n<\/form>\n<\/div>\n<\/div>\n<\/div>\n<p>[\/et_pb_accordion_item][et_pb_accordion_item title=&#8221;Hvorfor koster det s\u00e5 mye \u00e5 parkere?&#8221; _builder_version=&#8221;4.27.0&#8243; _module_preset=&#8221;default&#8221; global_colors_info=&#8221;{}&#8221; open=&#8221;off&#8221;]<\/p>\n<p>Kjerag forvaltes av Lysefjorden Utvikling, en ideell organisasjon som jobber for \u00e5 sikre h\u00f8y kvalitet p\u00e5 parkering og stier. Parkeringsavgiften g\u00e5r uavkortet til vedlikehold av disse fasilitetene, og alle inntektene reinvesteres i omr\u00e5det.<\/p>\n<p>Avgiften er med p\u00e5 \u00e5 dekke kostnadene for v\u00e5re ansatte, som s\u00f8rger for at parkeringsplassen, toalettene og omr\u00e5dene rundt holdes rene, trygge og godt vedlikeholdt. P\u00e5 grunn av Kjerags avsidesliggende beliggenhet er det spesielt kostbart \u00e5 tilby tjenester som toaletter, vann, avl\u00f8p, avfallsh\u00e5ndtering, WiFi og en bemannet turistinformasjon.<\/p>\n<p>Vi er opptatt av \u00e5 m\u00f8te forventningene til v\u00e5re bes\u00f8kende og jobber kontinuerlig med \u00e5 forbedre opplevelsen din p\u00e5 Kjerag. Ved \u00e5 betale parkeringsavgiften hjelper du oss med \u00e5 opprettholde disse standardene. Vi setter stor pris p\u00e5 tilbakemeldinger, og du kan gjerne dele dine tanker via det anonyme sp\u00f8rreskjemaet som er tilgjengelig gjennom QR-koder og nettbrett p\u00e5 parkeringsomr\u00e5det.<\/p>\n<p>[\/et_pb_accordion_item][et_pb_accordion_item title=&#8221;Kan jeg la bilen st\u00e5 p\u00e5 Kjerag Parkering over flere dager?&#8221; _builder_version=&#8221;4.27.0&#8243; _module_preset=&#8221;default&#8221; global_colors_info=&#8221;{}&#8221; open=&#8221;off&#8221;]<\/p>\n<p>Ja, du kan la bilen st\u00e5 p\u00e5 Kjerag parkering hvis du planlegger en flerdagstur langs Lysefjorden. Husk \u00e5 informere personalet ved ankomst, s\u00e5 de vet at bilen vil st\u00e5 der i flere dager, og de kan hjelpe deg med \u00e5 finne en passende parkeringsplass. Fortell oss gjerne n\u00e5r du regner med \u00e5 v\u00e6re tilbake. V\u00e6r oppmerksom p\u00e5 at det ikke er lov \u00e5 campe eller overnatte i bilen p\u00e5 Kjerag parkering. Du blir kun belastet for \u00e9n dags parkering.<\/p>\n<p>[\/et_pb_accordion_item][et_pb_accordion_item title=&#8221;Kan jeg campe \/ overnatte i bilen p\u00e5 Kjerag Parkering?&#8221; _builder_version=&#8221;4.27.0&#8243; _module_preset=&#8221;default&#8221; global_colors_info=&#8221;{}&#8221; open=&#8221;off&#8221;]<\/p>\n<p>Det er ikke tillatt \u00e5 overnatte eller campe i kj\u00f8ret\u00f8y p\u00e5 Kjerag parkering. Parkeringsplassen er kun for dagbes\u00f8kende, og vi har ingen campingfasiliteter tilgjengelig her. For camping anbefaler vi at du drar til Lysebotn, som ligger noen kilometer unna. Vennligst merk at parkeringsreglene blir strengt h\u00e5ndhevet for \u00e5 ivareta b\u00e5de sikkerhet og hygiene.<\/p>\n<p>[\/et_pb_accordion_item][et_pb_accordion_item title=&#8221;Kan jeg fortsatt g\u00e5 tur til Kjerag n\u00e5r fjellovergangene er stengt?&#8221; _builder_version=&#8221;4.27.0&#8243; _module_preset=&#8221;default&#8221; global_colors_info=&#8221;{}&#8221; open=&#8221;off&#8221;]<\/p>\n<p>Veiene til Kjerag pleier \u00e5 stenge i november og \u00e5pner vanligvis igjen i midten av mai. Vi oppdaterer statusen p\u00e5 veiene fortl\u00f8pende p\u00e5 nettsiden v\u00e5r og Facebook-siden.<\/p>\n<p>Om vinteren bygger det seg opp store mengder sn\u00f8 p\u00e5 veien, ofte opp mot 6-8 meter. N\u00e5r v\u00e5ren kommer, m\u00e5 veien graves fram og sikres f\u00f8r den kan \u00e5pnes. N\u00e5r veien er stengt, er det ikke mulig \u00e5 komme seg til Kjerag parkering. Hele omr\u00e5det, inkludert parkeringsplassen, stien og Kjeragbolten, er dekket av sn\u00f8 og er derfor skjult og farlig \u00e5 bevege seg i.<\/p>\n<p>Selv om du kan ta ferge til Lysebotn om vinteren, vil veien opp til Kjerag parkering fortsatt v\u00e6re stengt og utilgjengelig. Vi forst\u00e5r at ventetiden kan v\u00e6re lang, men Kjerag er ikke tilgjengelig s\u00e5 lenge veien er stengt. Selv etter at veien er \u00e5pnet, kan det fortsatt v\u00e6re vinterforhold p\u00e5 stien, med sn\u00f8 som kan ligge helt til sent i juni.<\/p>\n<p>[\/et_pb_accordion_item][et_pb_accordion_item title=&#8221;Hva er \u00e5pningstidene til Kjerag Parkering?&#8221; _builder_version=&#8221;4.27.0&#8243; _module_preset=&#8221;default&#8221; global_colors_info=&#8221;{}&#8221; open=&#8221;off&#8221;]<\/p>\n<p>Kjerag parkering er tilgjengelig d\u00f8gnet rundt fra midten av mai til slutten av oktober, s\u00e5 du kan komme og dra n\u00e5r du vil. Turistinformasjonen har bemanning p\u00e5 dagtid, med \u00e5pning kl. 07:30 i h\u00f8ysesongen og fra kl. 08:00 eller 09:00 i mellomsesongene. I h\u00f8ysesongen er parkeringsomr\u00e5det bemannet fram til kl. 20:00, mens det i mellomsesongene er bemanning fram til kl. 19:00, 18:00 eller 17:00, avhengig av perioden.<\/p>\n<p>Hvis det oppst\u00e5r en n\u00f8dsituasjon utenom bemannede tider, kan du kontakte oss p\u00e5 (+47) 40 30 68 65 fram til kl. 23:00. V\u00e6r oppmerksom p\u00e5 at overnatting i kj\u00f8ret\u00f8y eller telt p\u00e5 eller i n\u00e6rheten av Kjerag parkering er forbudt, og det blir utf\u00f8rt kontroller ogs\u00e5 utenom bemanningstidene.<\/p>\n<p>[\/et_pb_accordion_item][\/et_pb_accordion][\/et_pb_column][\/et_pb_row][\/et_pb_section][et_pb_section fb_built=&#8221;1&#8243; module_class=&#8221;shortInfoAbout&#8221; _builder_version=&#8221;4.16&#8243; background_color=&#8221;rgba(102,201,3,0.1)&#8221; global_colors_info=&#8221;{}&#8221;][et_pb_row _builder_version=&#8221;4.16&#8243; custom_padding=&#8221;5px|0px|35px|0px|false|false&#8221; animation_direction=&#8221;bottom&#8221; global_colors_info=&#8221;{}&#8221;][et_pb_column type=&#8221;4_4&#8243; _builder_version=&#8221;4.16&#8243; custom_padding=&#8221;|||&#8221; global_colors_info=&#8221;{}&#8221; custom_padding__hover=&#8221;|||&#8221;][et_pb_text _builder_version=&#8221;4.27.0&#8243; header_font=&#8221;||||||||&#8221; header_4_font=&#8221;|300||on|||||&#8221; header_4_text_align=&#8221;center&#8221; header_4_font_size=&#8221;24px&#8221; header_4_letter_spacing=&#8221;0.1em&#8221; header_4_line_height=&#8221;1.2em&#8221; custom_margin=&#8221;||0px&#8221; header_4_font_size_tablet=&#8221;22px&#8221; header_4_font_size_phone=&#8221;18px&#8221; header_4_font_size_last_edited=&#8221;on|phone&#8221; global_colors_info=&#8221;{}&#8221;]<\/p>\n<h4>Om oss<\/h4>\n<p>[\/et_pb_text][et_pb_text _builder_version=&#8221;4.16&#8243; header_font=&#8221;|700||on|||||&#8221; header_text_align=&#8221;center&#8221; header_font_size=&#8221;72px&#8221; header_letter_spacing=&#8221;0.1em&#8221; header_line_height=&#8221;1.2em&#8221; header_2_font=&#8221;|700||on|||||&#8221; header_2_text_align=&#8221;center&#8221; header_2_font_size=&#8221;72px&#8221; header_2_line_height=&#8221;1.2em&#8221; header_4_font=&#8221;|300||on|||||&#8221; header_4_text_align=&#8221;center&#8221; header_4_font_size=&#8221;24px&#8221; custom_margin=&#8221;||||false&#8221; header_font_size_tablet=&#8221;52px&#8221; header_font_size_phone=&#8221;42px&#8221; header_font_size_last_edited=&#8221;on|phone&#8221; header_2_font_size_tablet=&#8221;52px&#8221; header_2_font_size_phone=&#8221;42px&#8221; header_2_font_size_last_edited=&#8221;on|phone&#8221; header_4_font_size_tablet=&#8221;22px&#8221; header_4_font_size_phone=&#8221;18px&#8221; header_4_font_size_last_edited=&#8221;on|phone&#8221; global_colors_info=&#8221;{}&#8221;]<\/p>\n<h1>Lysefjorden utvikling as<\/h1>\n<p>[\/et_pb_text][et_pb_divider color=&#8221;#66c903&#8243; divider_weight=&#8221;2px&#8221; _builder_version=&#8221;4.16&#8243; max_width=&#8221;250px&#8221; max_width_tablet=&#8221;100px&#8221; max_width_phone=&#8221;&#8221; max_width_last_edited=&#8221;on|phone&#8221; module_alignment=&#8221;center&#8221; global_colors_info=&#8221;{}&#8221;][\/et_pb_divider][et_pb_text _builder_version=&#8221;4.25.2&#8243; text_font=&#8221;||||||||&#8221; text_font_size=&#8221;24px&#8221; text_line_height=&#8221;1.5em&#8221; header_font=&#8221;||||||||&#8221; text_orientation=&#8221;center&#8221; max_width=&#8221;900px&#8221; module_alignment=&#8221;center&#8221; text_font_size_tablet=&#8221;20px&#8221; text_font_size_phone=&#8221;18px&#8221; text_font_size_last_edited=&#8221;on|phone&#8221; global_colors_info=&#8221;{}&#8221;]<\/p>\n<p>Lysefjorden Utvikling AS st\u00e5r for driften av Kjerag parkering.<\/p>\n<p>Lysefjorden er en viktig turistdestinasjon for regionen, og derfor ble Lysefjorden Utvikling AS etablert av Rogaland fylkeskommune sammen med flere kommuner rundt fjorden. Selskapet jobber med \u00e5 utvikle reiselivet i omr\u00e5det, med fokus p\u00e5 infrastruktur, n\u00e6ringsutvikling og vertskapsfunksjoner.<\/p>\n<p>[\/et_pb_text][et_pb_image src=&#8221;https:\/\/kjerag.info\/wp-content\/uploads\/2024\/08\/lysefjorden-365-horisontal-rektangel-ingen-undertekst.png&#8221; title_text=&#8221;lysefjorden-365-horisontal-rektangel-ingen-undertekst&#8221; url=&#8221;https:\/\/lysefjorden365.com\/&#8221; url_new_window=&#8221;on&#8221; align=&#8221;center&#8221; _builder_version=&#8221;4.25.2&#8243; _module_preset=&#8221;default&#8221; width=&#8221;75%&#8221; global_colors_info=&#8221;{}&#8221;][\/et_pb_image][\/et_pb_column][\/et_pb_row][\/et_pb_section][et_pb_section fb_built=&#8221;1&#8243; custom_padding_last_edited=&#8221;on|phone&#8221; module_class=&#8221;detailedInfoTrip&#8221; _builder_version=&#8221;4.16&#8243; custom_padding=&#8221;35px|0px|64px|0px|false|false&#8221; custom_padding_tablet=&#8221;0px||0px&#8221; custom_padding_phone=&#8221;&#8221; global_colors_info=&#8221;{}&#8221;][et_pb_row column_structure=&#8221;1_2,1_2&#8243; use_custom_gutter=&#8221;on&#8221; gutter_width=&#8221;3&#8243; _builder_version=&#8221;4.16&#8243; global_colors_info=&#8221;{}&#8221;][et_pb_column type=&#8221;1_2&#8243; _builder_version=&#8221;4.16&#8243; custom_padding=&#8221;|||&#8221; global_colors_info=&#8221;{}&#8221; custom_padding__hover=&#8221;|||&#8221;][et_pb_text _builder_version=&#8221;4.16&#8243; header_font=&#8221;||||||||&#8221; header_5_font=&#8221;||||||||&#8221; header_5_font_size=&#8221;32px&#8221; header_5_letter_spacing=&#8221;0.05em&#8221; custom_margin=&#8221;||10px&#8221; header_5_font_size_tablet=&#8221;28px&#8221; header_5_font_size_phone=&#8221;24px&#8221; header_5_font_size_last_edited=&#8221;on|phone&#8221; global_colors_info=&#8221;{}&#8221;]<\/p>\n<h5>Jobben v\u00e5r<\/h5>\n<p>[\/et_pb_text][et_pb_text _builder_version=&#8221;4.16&#8243; text_font=&#8221;|300|||||||&#8221; text_letter_spacing=&#8221;1px&#8221; text_line_height=&#8221;1.5em&#8221; max_width=&#8221;500px&#8221; custom_margin=&#8221;||35px&#8221; global_colors_info=&#8221;{}&#8221;]<\/p>\n<p>Lysefjorden Utvikling jobber med \u00e5 utvikle turismen i og rundt Lysefjorden, med fokus p\u00e5 infrastruktur, n\u00e6ringsutvikling og vertskap.<\/p>\n<p>For \u00e5 n\u00e5 m\u00e5let om en levende fjord og samtidig ivareta verdiene for en &#8220;b\u00e6rekraftig destinasjon,&#8221; benytter vi oss av bes\u00f8ksforvaltning. Dette inneb\u00e6rer at vi legger til rette for \u00e5 tiltrekke de riktige gjestene, p\u00e5 de rette stedene, til riktig tid, i passende mengder, og med ansvarlig oppf\u00f8rsel. M\u00e5let er \u00e5 sikre gode opplevelser for bes\u00f8kende, beskytte naturen, og skape positive effekter for lokalsamfunnet.<\/p>\n<p>V\u00e5r tiln\u00e6rming til bes\u00f8ksforvaltning er basert p\u00e5 kunnskap. Lysefjorden Utvikling gjennomf\u00f8rer derfor regelmessige unders\u00f8kelser blant bes\u00f8kende, reiselivsakt\u00f8rer, lokale beboere og hytteeiere.<\/p>\n<p>[\/et_pb_text][\/et_pb_column][et_pb_column type=&#8221;1_2&#8243; _builder_version=&#8221;4.16&#8243; custom_padding=&#8221;|||&#8221; global_colors_info=&#8221;{}&#8221; custom_padding__hover=&#8221;|||&#8221;][et_pb_text _builder_version=&#8221;4.16&#8243; header_font=&#8221;||||||||&#8221; header_5_font=&#8221;||||||||&#8221; header_5_font_size=&#8221;32px&#8221; header_5_letter_spacing=&#8221;0.05em&#8221; custom_margin=&#8221;||10px&#8221; header_5_font_size_tablet=&#8221;28px&#8221; header_5_font_size_phone=&#8221;24px&#8221; header_5_font_size_last_edited=&#8221;on|phone&#8221; global_colors_info=&#8221;{}&#8221;]<\/p>\n<h5>Lysefjorden &#8211; et b\u00e6rekraftig reisem\u00e5l?<\/h5>\n<p>[\/et_pb_text][et_pb_text _builder_version=&#8221;4.25.2&#8243; text_font=&#8221;|300|||||||&#8221; text_letter_spacing=&#8221;1px&#8221; text_line_height=&#8221;1.5em&#8221; max_width=&#8221;500px&#8221; custom_margin=&#8221;||35px&#8221; global_colors_info=&#8221;{}&#8221;]<\/p>\n<p>Lysefjorden er en del av ordningen for b\u00e6rekraftige destinasjoner, noe som inneb\u00e6rer at vi tar et stort ansvar for \u00e5 ivareta natur, kultur og milj\u00f8 i utviklingsarbeidet. V\u00e5r m\u00e5lsetting er \u00e5 utvikle Lysefjorden som en positiv ressurs for lokalsamfunnet og skape en langsiktig l\u00f8nnsom n\u00e6ring. Alt vi gj\u00f8r, har som m\u00e5l \u00e5 gi gode opplevelser b\u00e5de for bes\u00f8kende og for dem som bor i omr\u00e5det. Vi prioriterer ogs\u00e5 ny teknologi og nye l\u00f8sninger som st\u00f8tter dette arbeidet.<\/p>\n<p>[\/et_pb_text][et_pb_button button_url=&#8221;https:\/\/lysefjorden365.com\/no\/baerekraftig-reisemal\/&#8221; url_new_window=&#8221;on&#8221; button_text=&#8221;les mer om v\u00e5rt b\u00e6rekraftsarbeid&#8221; button_alignment=&#8221;center&#8221; _builder_version=&#8221;4.27.0&#8243; _module_preset=&#8221;default&#8221; global_colors_info=&#8221;{}&#8221;][\/et_pb_button][et_pb_image src=&#8221;https:\/\/kjerag.info\/wp-content\/uploads\/2024\/08\/Sustainable-Destination-Local-engagement-in-a-long-perspective_Logo_Colour_CMYK.png&#8221; title_text=&#8221;Sustainable-Destination-Local-engagement-in-a-long-perspective_Logo_Colour_CMYK&#8221; _builder_version=&#8221;4.25.2&#8243; _module_preset=&#8221;default&#8221; width=&#8221;50%&#8221; module_alignment=&#8221;center&#8221; global_colors_info=&#8221;{}&#8221;][\/et_pb_image][\/et_pb_column][\/et_pb_row][et_pb_row _builder_version=&#8221;4.16&#8243; global_colors_info=&#8221;{}&#8221;][et_pb_column type=&#8221;4_4&#8243; _builder_version=&#8221;4.16&#8243; custom_padding=&#8221;|||&#8221; global_colors_info=&#8221;{}&#8221; custom_padding__hover=&#8221;|||&#8221;][et_pb_text _builder_version=&#8221;4.27.0&#8243; header_font=&#8221;||||||||&#8221; header_5_font=&#8221;||||||||&#8221; header_5_font_size=&#8221;32px&#8221; header_5_font_size_tablet=&#8221;26px&#8221; header_5_font_size_phone=&#8221;24px&#8221; header_5_font_size_last_edited=&#8221;on|phone&#8221; global_colors_info=&#8221;{}&#8221;]<\/p>\n<h5 style=\"text-align: center;\">Bes\u00f8kstall Kjerag<\/h5>\n<p>[\/et_pb_text][et_pb_image src=&#8221;https:\/\/kjerag.info\/wp-content\/uploads\/2025\/04\/Visitor-numbers-Kjerag.png&#8221; title_text=&#8221;Visitor numbers Kjerag&#8221; align_tablet=&#8221;center&#8221; align_phone=&#8221;&#8221; align_last_edited=&#8221;on|desktop&#8221; disabled_on=&#8221;on|off|off&#8221; _builder_version=&#8221;4.27.4&#8243; max_width=&#8221;80%&#8221; module_alignment=&#8221;center&#8221; hover_enabled=&#8221;0&#8243; global_colors_info=&#8221;{}&#8221; sticky_enabled=&#8221;0&#8243;][\/et_pb_image][\/et_pb_column][\/et_pb_row][\/et_pb_section]<\/p>\n","protected":false},"excerpt":{"rendered":"<p>KontaktinformasjonVennligst les svaret p\u00e5 de mest stilte sp\u00f8rsm\u00e5lene f\u00f8r du tar kontakt. E-mail\u00a0kjerag@lysefjorden365.no Telefon\u00a0(+47) 40 30 68 65S\u00e5 vidt vi vet, har ingen noen gang falt fra Kjeragbolten. Statistisk sett er det tryggere enn \u00e5 kj\u00f8re bil\u2014sannsynligvis fordi farene er s\u00e5 \u00e5penbare. Et fall fra bolten vil v\u00e6re fatalt. \u00c5 g\u00e5 ut p\u00e5 Kjeragbolten gj\u00f8res [&hellip;]<\/p>\n","protected":false},"author":16,"featured_media":219601,"parent":0,"menu_order":0,"comment_status":"closed","ping_status":"closed","template":"","meta":{"_et_pb_use_builder":"on","_et_pb_old_content":"","_et_gb_content_width":"","footnotes":""},"class_list":["post-219764","page","type-page","status-publish","has-post-thumbnail","hentry"],"yoast_head":"<!-- This site is optimized with the Yoast SEO plugin v27.4 - https:\/\/yoast.com\/product\/yoast-seo-wordpress\/ -->\n<title>Kontakt | FAQ - Kjerag 365<\/title>\n<meta name=\"description\" content=\"Trenger du kontaktinformasjon til Kjerag? F\u00e5 svar p\u00e5 de vanligste sp\u00f8rsm\u00e5lene om sikkerhet, turforhold, og parkering. Les mer om Kjerag og Lysefjorden Utvikling AS.\" \/>\n<meta name=\"robots\" content=\"index, follow, max-snippet:-1, max-image-preview:large, max-video-preview:-1\" \/>\n<link rel=\"canonical\" href=\"https:\/\/kjerag.info\/nl\/kontakt-faq\/\" \/>\n<meta property=\"og:locale\" content=\"nl_NL\" \/>\n<meta property=\"og:type\" content=\"article\" \/>\n<meta property=\"og:title\" content=\"Kontakt | FAQ - Kjerag 365\" \/>\n<meta property=\"og:description\" content=\"Trenger du kontaktinformasjon til Kjerag? F\u00e5 svar p\u00e5 de vanligste sp\u00f8rsm\u00e5lene om sikkerhet, turforhold, og parkering. Les mer om Kjerag og Lysefjorden Utvikling AS.\" \/>\n<meta property=\"og:url\" content=\"https:\/\/kjerag.info\/nl\/kontakt-faq\/\" \/>\n<meta property=\"og:site_name\" content=\"Kjerag 365\" \/>\n<meta property=\"article:modified_time\" content=\"2025-04-08T12:45:06+00:00\" \/>\n<meta property=\"og:image\" content=\"https:\/\/kjerag.info\/wp-content\/uploads\/2024\/08\/kjerag-365-symbol-sirkel.png\" \/>\n\t<meta property=\"og:image:width\" content=\"350\" \/>\n\t<meta property=\"og:image:height\" content=\"350\" \/>\n\t<meta property=\"og:image:type\" content=\"image\/png\" \/>\n<meta name=\"twitter:card\" content=\"summary_large_image\" \/>\n<meta name=\"twitter:label1\" content=\"Est. reading time\" \/>\n\t<meta name=\"twitter:data1\" content=\"7 minuten\" \/>\n<script type=\"application\/ld+json\" class=\"yoast-schema-graph\">{\"@context\":\"https:\\\/\\\/schema.org\",\"@graph\":[{\"@type\":\"WebPage\",\"@id\":\"https:\\\/\\\/kjerag.info\\\/no\\\/kontakt-faq\\\/\",\"url\":\"https:\\\/\\\/kjerag.info\\\/no\\\/kontakt-faq\\\/\",\"name\":\"Kontakt | FAQ - Kjerag 365\",\"isPartOf\":{\"@id\":\"https:\\\/\\\/kjerag.info\\\/#website\"},\"primaryImageOfPage\":{\"@id\":\"https:\\\/\\\/kjerag.info\\\/no\\\/kontakt-faq\\\/#primaryimage\"},\"image\":{\"@id\":\"https:\\\/\\\/kjerag.info\\\/no\\\/kontakt-faq\\\/#primaryimage\"},\"thumbnailUrl\":\"https:\\\/\\\/kjerag.info\\\/wp-content\\\/uploads\\\/2024\\\/08\\\/kjerag-365-symbol-sirkel.png\",\"datePublished\":\"2024-08-27T18:06:58+00:00\",\"dateModified\":\"2025-04-08T12:45:06+00:00\",\"description\":\"Trenger du kontaktinformasjon til Kjerag? F\u00e5 svar p\u00e5 de vanligste sp\u00f8rsm\u00e5lene om sikkerhet, turforhold, og parkering. Les mer om Kjerag og Lysefjorden Utvikling AS.\",\"breadcrumb\":{\"@id\":\"https:\\\/\\\/kjerag.info\\\/no\\\/kontakt-faq\\\/#breadcrumb\"},\"inLanguage\":\"nl-NL\",\"potentialAction\":[{\"@type\":\"ReadAction\",\"target\":[\"https:\\\/\\\/kjerag.info\\\/no\\\/kontakt-faq\\\/\"]}]},{\"@type\":\"ImageObject\",\"inLanguage\":\"nl-NL\",\"@id\":\"https:\\\/\\\/kjerag.info\\\/no\\\/kontakt-faq\\\/#primaryimage\",\"url\":\"https:\\\/\\\/kjerag.info\\\/wp-content\\\/uploads\\\/2024\\\/08\\\/kjerag-365-symbol-sirkel.png\",\"contentUrl\":\"https:\\\/\\\/kjerag.info\\\/wp-content\\\/uploads\\\/2024\\\/08\\\/kjerag-365-symbol-sirkel.png\",\"width\":350,\"height\":350},{\"@type\":\"BreadcrumbList\",\"@id\":\"https:\\\/\\\/kjerag.info\\\/no\\\/kontakt-faq\\\/#breadcrumb\",\"itemListElement\":[{\"@type\":\"ListItem\",\"position\":1,\"name\":\"Hjem\",\"item\":\"https:\\\/\\\/kjerag.info\\\/\"},{\"@type\":\"ListItem\",\"position\":2,\"name\":\"Kontakt | FAQ\"}]},{\"@type\":\"WebSite\",\"@id\":\"https:\\\/\\\/kjerag.info\\\/#website\",\"url\":\"https:\\\/\\\/kjerag.info\\\/\",\"name\":\"Kjerag 365\",\"description\":\"All you need to know for your hike to Kjerag\",\"potentialAction\":[{\"@type\":\"SearchAction\",\"target\":{\"@type\":\"EntryPoint\",\"urlTemplate\":\"https:\\\/\\\/kjerag.info\\\/?s={search_term_string}\"},\"query-input\":{\"@type\":\"PropertyValueSpecification\",\"valueRequired\":true,\"valueName\":\"search_term_string\"}}],\"inLanguage\":\"nl-NL\"}]}<\/script>\n<!-- \/ Yoast SEO plugin. -->","yoast_head_json":{"title":"Kontakt | FAQ - Kjerag 365","description":"Heeft u contact met Kjerag? Vraag naar de beste informatie over sikkerhet, turforhold en parkeren. Meer informatie over Kjerag en Lysefjorden Utvikling AS.","robots":{"index":"index","follow":"follow","max-snippet":"max-snippet:-1","max-image-preview":"max-image-preview:large","max-video-preview":"max-video-preview:-1"},"canonical":"https:\/\/kjerag.info\/nl\/kontakt-faq\/","og_locale":"nl_NL","og_type":"article","og_title":"Kontakt | FAQ - Kjerag 365","og_description":"Trenger du kontaktinformasjon til Kjerag? F\u00e5 svar p\u00e5 de vanligste sp\u00f8rsm\u00e5lene om sikkerhet, turforhold, og parkering. Les mer om Kjerag og Lysefjorden Utvikling AS.","og_url":"https:\/\/kjerag.info\/nl\/kontakt-faq\/","og_site_name":"Kjerag 365","article_modified_time":"2025-04-08T12:45:06+00:00","og_image":[{"width":350,"height":350,"url":"https:\/\/kjerag.info\/wp-content\/uploads\/2024\/08\/kjerag-365-symbol-sirkel.png","type":"image\/png"}],"twitter_card":"summary_large_image","twitter_misc":{"Est. reading time":"7 minuten"},"schema":{"@context":"https:\/\/schema.org","@graph":[{"@type":"WebPage","@id":"https:\/\/kjerag.info\/no\/kontakt-faq\/","url":"https:\/\/kjerag.info\/no\/kontakt-faq\/","name":"Kontakt | FAQ - Kjerag 365","isPartOf":{"@id":"https:\/\/kjerag.info\/#website"},"primaryImageOfPage":{"@id":"https:\/\/kjerag.info\/no\/kontakt-faq\/#primaryimage"},"image":{"@id":"https:\/\/kjerag.info\/no\/kontakt-faq\/#primaryimage"},"thumbnailUrl":"https:\/\/kjerag.info\/wp-content\/uploads\/2024\/08\/kjerag-365-symbol-sirkel.png","datePublished":"2024-08-27T18:06:58+00:00","dateModified":"2025-04-08T12:45:06+00:00","description":"Heeft u contact met Kjerag? Vraag naar de beste informatie over sikkerhet, turforhold en parkeren. Meer informatie over Kjerag en Lysefjorden Utvikling AS.","breadcrumb":{"@id":"https:\/\/kjerag.info\/no\/kontakt-faq\/#breadcrumb"},"inLanguage":"nl-NL","potentialAction":[{"@type":"ReadAction","target":["https:\/\/kjerag.info\/no\/kontakt-faq\/"]}]},{"@type":"ImageObject","inLanguage":"nl-NL","@id":"https:\/\/kjerag.info\/no\/kontakt-faq\/#primaryimage","url":"https:\/\/kjerag.info\/wp-content\/uploads\/2024\/08\/kjerag-365-symbol-sirkel.png","contentUrl":"https:\/\/kjerag.info\/wp-content\/uploads\/2024\/08\/kjerag-365-symbol-sirkel.png","width":350,"height":350},{"@type":"BreadcrumbList","@id":"https:\/\/kjerag.info\/no\/kontakt-faq\/#breadcrumb","itemListElement":[{"@type":"ListItem","position":1,"name":"Hjem","item":"https:\/\/kjerag.info\/"},{"@type":"ListItem","position":2,"name":"Kontakt | FAQ"}]},{"@type":"WebSite","@id":"https:\/\/kjerag.info\/#website","url":"https:\/\/kjerag.info\/","name":"Kjerag 365","description":"Alles wat je moet weten voor je trektocht naar Kjerag","potentialAction":[{"@type":"SearchAction","target":{"@type":"EntryPoint","urlTemplate":"https:\/\/kjerag.info\/?s={search_term_string}"},"query-input":{"@type":"PropertyValueSpecification","valueRequired":true,"valueName":"search_term_string"}}],"inLanguage":"nl-NL"}]}},"_links":{"self":[{"href":"https:\/\/kjerag.info\/nl\/wp-json\/wp\/v2\/pages\/219764","targetHints":{"allow":["GET"]}}],"collection":[{"href":"https:\/\/kjerag.info\/nl\/wp-json\/wp\/v2\/pages"}],"about":[{"href":"https:\/\/kjerag.info\/nl\/wp-json\/wp\/v2\/types\/page"}],"author":[{"embeddable":true,"href":"https:\/\/kjerag.info\/nl\/wp-json\/wp\/v2\/users\/16"}],"replies":[{"embeddable":true,"href":"https:\/\/kjerag.info\/nl\/wp-json\/wp\/v2\/comments?post=219764"}],"version-history":[{"count":0,"href":"https:\/\/kjerag.info\/nl\/wp-json\/wp\/v2\/pages\/219764\/revisions"}],"wp:featuredmedia":[{"embeddable":true,"href":"https:\/\/kjerag.info\/nl\/wp-json\/wp\/v2\/media\/219601"}],"wp:attachment":[{"href":"https:\/\/kjerag.info\/nl\/wp-json\/wp\/v2\/media?parent=219764"}],"curies":[{"name":"wp","href":"https:\/\/api.w.org\/{rel}","templated":true}]}}