{"id":219796,"date":"2024-09-02T20:46:39","date_gmt":"2024-09-02T18:46:39","guid":{"rendered":"https:\/\/kjerag.info\/?page_id=219796"},"modified":"2025-05-23T09:32:40","modified_gmt":"2025-05-23T07:32:40","slug":"comment-se-rendre-a-kjerag","status":"publish","type":"page","link":"https:\/\/kjerag.info\/fr\/comment-se-rendre-a-kjerag\/","title":{"rendered":"Comment se rendre \u00e0 Kjerag"},"content":{"rendered":"<p>[et_pb_section fb_built=&#8221;1&#8243; custom_padding_last_edited=&#8221;on|phone&#8221; disabled_on=&#8221;on|off|off&#8221; _builder_version=&#8221;4.25.2&#8243; use_background_color_gradient=&#8221;on&#8221; background_color_gradient_stops=&#8221;rgba(255,255,255,0.04) 0%|rgba(255,255,255,0) 100%&#8221; background_color_gradient_overlays_image=&#8221;on&#8221; background_image=&#8221;https:\/\/kjerag.info\/wp-content\/uploads\/2024\/01\/Lysefjorden.jpg&#8221; background_position=&#8221;top_center&#8221; custom_margin=&#8221;||0px&#8221; custom_margin_tablet=&#8221;||10px&#8221; custom_margin_phone=&#8221;&#8221; custom_margin_last_edited=&#8221;on|phone&#8221; custom_padding=&#8221;125px|25px|150px|25px|false|false&#8221; custom_padding_tablet=&#8221;75px|0px|75px|0px&#8221; custom_padding_phone=&#8221;75px||75px&#8221; background_last_edited=&#8221;on|phone&#8221; use_background_color_gradient_tablet=&#8221;on&#8221; background_color_gradient_stops_tablet=&#8221;rgba(255,255,255,0.7) 1%|rgba(255,255,255,0.71) 100%&#8221; locked=&#8221;off&#8221; global_colors_info=&#8221;{}&#8221;][et_pb_row disabled_on=&#8221;off|off|off&#8221; _builder_version=&#8221;4.16&#8243; custom_padding=&#8221;32px|0px|0|0px|false|false&#8221; global_colors_info=&#8221;{}&#8221;][et_pb_column type=&#8221;4_4&#8243; _builder_version=&#8221;4.16&#8243; custom_padding=&#8221;|||&#8221; global_colors_info=&#8221;{}&#8221; custom_padding__hover=&#8221;|||&#8221;][et_pb_text _builder_version=&#8221;4.27.0&#8243; text_font=&#8221;||||||||&#8221; header_font=&#8221;||||||||&#8221; header_4_font=&#8221;Oswald|300|||||||&#8221; header_4_text_align=&#8221;center&#8221; header_4_text_color=&#8221;#3c3c3c&#8221; header_4_font_size=&#8221;32px&#8221; header_4_letter_spacing=&#8221;0.1em&#8221; custom_margin_tablet=&#8221;0px|||0px&#8221; custom_margin_phone=&#8221;&#8221; custom_margin_last_edited=&#8221;on|desktop&#8221; animation_direction=&#8221;top&#8221; header_4_font_size_tablet=&#8221;28px&#8221; header_4_font_size_phone=&#8221;24px&#8221; header_4_font_size_last_edited=&#8221;on|phone&#8221; global_colors_info=&#8221;{}&#8221;]<\/p>\n<h4 style=\"text-align: center;\"><span style=\"color: #ffffff;\">Il s&#8217;agit du voyage<\/span><\/h4>\n<p>[\/et_pb_text][et_pb_divider color=&#8221;#66c903&#8243; divider_weight=&#8221;2px&#8221; _builder_version=&#8221;4.16&#8243; max_width=&#8221;350px&#8221; max_width_tablet=&#8221;100px&#8221; max_width_phone=&#8221;&#8221; max_width_last_edited=&#8221;on|phone&#8221; module_alignment=&#8221;center&#8221; animation_direction=&#8221;bottom&#8221; global_colors_info=&#8221;{}&#8221;][\/et_pb_divider][\/et_pb_column][\/et_pb_row][\/et_pb_section][et_pb_section fb_built=&#8221;1&#8243; module_class=&#8221;shortInfoTrip&#8221; _builder_version=&#8221;4.20.1&#8243; custom_padding=&#8221;55px|0px|65px|0px|false|false&#8221; border_color_bottom=&#8221;rgba(0,0,0,0.2)&#8221; locked=&#8221;off&#8221; global_colors_info=&#8221;{}&#8221;][et_pb_row _builder_version=&#8221;4.16&#8243; custom_padding=&#8221;5px|0px|0|0px|false|false&#8221; animation_direction=&#8221;bottom&#8221; global_colors_info=&#8221;{}&#8221;][et_pb_column type=&#8221;4_4&#8243; _builder_version=&#8221;4.16&#8243; custom_padding=&#8221;|||&#8221; global_colors_info=&#8221;{}&#8221; custom_padding__hover=&#8221;|||&#8221;][et_pb_text _builder_version=&#8221;4.25.2&#8243; header_font=&#8221;||||||||&#8221; header_4_font=&#8221;|300||on|||||&#8221; header_4_text_align=&#8221;center&#8221; header_4_font_size=&#8221;24px&#8221; header_4_letter_spacing=&#8221;0.1em&#8221; header_4_line_height=&#8221;1.2em&#8221; custom_margin=&#8221;||0px&#8221; header_4_font_size_tablet=&#8221;22px&#8221; header_4_font_size_phone=&#8221;18px&#8221; header_4_font_size_last_edited=&#8221;on|phone&#8221; global_colors_info=&#8221;{}&#8221;]<\/p>\n<h4>Kjerag<\/h4>\n<p>[\/et_pb_text][et_pb_text _builder_version=&#8221;4.20.1&#8243; header_font=&#8221;|700||on|||||&#8221; header_text_align=&#8221;center&#8221; header_font_size=&#8221;72px&#8221; header_letter_spacing=&#8221;0.1em&#8221; header_line_height=&#8221;1.2em&#8221; header_2_font=&#8221;|700||on|||||&#8221; header_2_text_align=&#8221;center&#8221; header_2_font_size=&#8221;72px&#8221; header_2_line_height=&#8221;1.2em&#8221; header_4_font=&#8221;|300||on|||||&#8221; header_4_text_align=&#8221;center&#8221; header_4_font_size=&#8221;24px&#8221; custom_margin=&#8221;||||false&#8221; header_font_size_tablet=&#8221;52px&#8221; header_font_size_phone=&#8221;42px&#8221; header_font_size_last_edited=&#8221;on|phone&#8221; header_2_font_size_tablet=&#8221;52px&#8221; header_2_font_size_phone=&#8221;42px&#8221; header_2_font_size_last_edited=&#8221;on|phone&#8221; header_4_font_size_tablet=&#8221;22px&#8221; header_4_font_size_phone=&#8221;18px&#8221; header_4_font_size_last_edited=&#8221;on|phone&#8221; global_colors_info=&#8221;{}&#8221;]<\/p>\n<h1>comment se rendre \u00e0 kjerag<\/h1>\n<p>[\/et_pb_text][et_pb_divider color=&#8221;#66c903&#8243; divider_weight=&#8221;2px&#8221; _builder_version=&#8221;4.16&#8243; max_width=&#8221;200px&#8221; max_width_tablet=&#8221;100px&#8221; max_width_phone=&#8221;&#8221; max_width_last_edited=&#8221;on|phone&#8221; module_alignment=&#8221;center&#8221; animation_direction=&#8221;bottom&#8221; global_colors_info=&#8221;{}&#8221;][\/et_pb_divider][et_pb_text content_tablet=&#8221;<\/p>\n<p style=%22text-align: center;%22>This page provides you with information on traveling to Kjerag, including both public and private transportation options.<\/p>\n<p>&#8221; content_phone=&#8221;<\/p>\n<p style=%22text-align: center;%22>This page provides you with information on traveling to Kjerag, including both public and private transportation options.<\/p>\n<p>&#8221; content_last_edited=&#8221;on|tablet&#8221; _builder_version=&#8221;4.25.2&#8243; text_font=&#8221;||||||||&#8221; text_font_size=&#8221;24px&#8221; text_line_height=&#8221;1.5em&#8221; header_font=&#8221;||||||||&#8221; text_orientation=&#8221;center&#8221; max_width=&#8221;900px&#8221; module_alignment=&#8221;center&#8221; text_font_size_tablet=&#8221;20px&#8221; text_font_size_phone=&#8221;18px&#8221; text_font_size_last_edited=&#8221;on|phone&#8221; global_colors_info=&#8221;{}&#8221;]<\/p>\n<p style=\"text-align: center;\">Cette page vous donne toutes les informations n\u00e9cessaires pour vous rendre \u00e0 Kjerag, que ce soit en transport public ou en voiture.<\/p>\n<p>[\/et_pb_text][\/et_pb_column][\/et_pb_row][\/et_pb_section][et_pb_section fb_built=&#8221;1&#8243; _builder_version=&#8221;4.20.1&#8243; _module_preset=&#8221;default&#8221; background_color=&#8221;rgba(102,201,3,0.1)&#8221; min_height=&#8221;694.7px&#8221; custom_padding=&#8221;||||false|false&#8221; locked=&#8221;off&#8221; global_colors_info=&#8221;{}&#8221;][et_pb_row use_custom_gutter=&#8221;on&#8221; gutter_width=&#8221;3&#8243; _builder_version=&#8221;4.20.1&#8243; max_width=&#8221;800px&#8221; module_alignment=&#8221;center&#8221; custom_margin=&#8221;0px||||false|false&#8221; custom_padding=&#8221;0px||||false|false&#8221; global_colors_info=&#8221;{}&#8221;][et_pb_column type=&#8221;4_4&#8243; _builder_version=&#8221;4.16&#8243; custom_padding=&#8221;|||&#8221; global_colors_info=&#8221;{}&#8221; custom_padding__hover=&#8221;|||&#8221;][et_pb_text _builder_version=&#8221;4.27.0&#8243; _module_preset=&#8221;a84b13fe-9aee-4186-9217-1d1faaceaa8a&#8221; header_font=&#8221;||||||||&#8221; header_text_align=&#8221;center&#8221; header_5_font=&#8221;||||||||&#8221; header_5_text_align=&#8221;center&#8221; header_5_font_size=&#8221;32px&#8221; header_5_letter_spacing=&#8221;0.05em&#8221; custom_margin=&#8221;||10px&#8221; header_5_text_align_tablet=&#8221;center&#8221; header_5_text_align_phone=&#8221;left&#8221; header_5_text_align_last_edited=&#8221;on|phone&#8221; header_5_font_size_tablet=&#8221;28px&#8221; header_5_font_size_phone=&#8221;24px&#8221; header_5_font_size_last_edited=&#8221;on|phone&#8221; global_colors_info=&#8221;{}&#8221;]<\/p>\n<div class=\"flex-1 overflow-hidden masked-content\">\n<div class=\"h-full\">\n<div class=\"react-scroll-to-bottom--css-occdz-79elbk h-full\">\n<div class=\"react-scroll-to-bottom--css-occdz-1n7m0yu\">\n<div class=\"flex flex-col text-sm pb-[120px]\">\n<article class=\"w-full text-token-text-primary focus-visible:outline-2 focus-visible:outline-offset-[-4px]\" dir=\"auto\" data-testid=\"conversation-turn-29\" data-scroll-anchor=\"true\">\n<div class=\"text-base py-[18px] m-auto md:px-5 w-full px-3 lg:px-0\">\n<div class=\"mx-auto flex flex-1 gap-4 text-base md:gap-5 lg:gap-6 md:max-w-3xl lg:max-w-[40rem] xl:max-w-[48rem]\">\n<div class=\"group\/conversation-turn relative flex w-full min-w-0 flex-col agent-turn\">\n<div class=\"flex-col gap-1 md:gap-3\">\n<div class=\"flex max-w-full flex-col flex-grow\">\n<div data-message-author-role=\"assistant\" data-message-id=\"6b24ce97-ee2b-4f78-80d7-1e54b8180b41\" dir=\"auto\" class=\"min-h-[20px] text-message flex w-full flex-col items-end gap-2 break-words [.text-message+&amp;]:mt-5 overflow-x-auto whitespace-normal\">\n<div class=\"flex w-full flex-col gap-1 empty:hidden first:pt-[3px]\">\n<div class=\"markdown prose w-full break-words dark:prose-invert light\">\n<h5 style=\"text-align: center;\"><strong>Se rendre \u00e0 Kjerag en bus<\/strong><\/h5>\n<\/div>\n<\/div>\n<\/div>\n<\/div>\n<div class=\"mt-3 w-full empty:hidden\">\n<div class=\"text-center\"><\/div>\n<\/div>\n<\/div>\n<div class=\"absolute\">\n<div class=\"flex items-center justify-center\"><\/div>\n<\/div>\n<\/div>\n<\/div>\n<\/div>\n<\/article>\n<\/div>\n<\/div>\n<\/div>\n<\/div>\n<\/div>\n<div class=\"md:pt-0 dark:border-white\/20 md:border-transparent md:dark:border-transparent w-full mask-scrollbars absolute bottom-0 z-20\">\n<div class=\"relative mx-auto flex max-w-3xl flex-1 flex-col\">\n<div class=\"absolute inset-0 flex flex-col\">\n<div class=\"bg-thread--header\"><\/div>\n<\/div>\n<\/div>\n<\/div>\n<p>[\/et_pb_text][et_pb_text _builder_version=&#8221;4.27.0&#8243; text_font=&#8221;|300|||||||&#8221; text_letter_spacing=&#8221;1px&#8221; text_line_height=&#8221;1.5em&#8221; text_orientation=&#8221;center&#8221; custom_margin=&#8221;||-1px|||&#8221; text_orientation_tablet=&#8221;center&#8221; text_orientation_phone=&#8221;left&#8221; text_orientation_last_edited=&#8221;on|phone&#8221; global_colors_info=&#8221;{}&#8221;]<\/p>\n<p>Pour voyager de Stavanger \u00e0 Kjerag, le bus est une option pratique, avec un trajet d&#8217;environ 2,5 heures.<\/p>\n<p>[\/et_pb_text][\/et_pb_column][\/et_pb_row][et_pb_row column_structure=&#8221;1_2,1_2&#8243; _builder_version=&#8221;4.20.1&#8243; _module_preset=&#8221;default&#8221; global_colors_info=&#8221;{}&#8221;][et_pb_column type=&#8221;1_2&#8243; _builder_version=&#8221;4.20.1&#8243; _module_preset=&#8221;default&#8221; global_colors_info=&#8221;{}&#8221;][et_pb_text _builder_version=&#8221;4.27.0&#8243; _module_preset=&#8221;fddb65c3-fba7-48da-9ef8-c7196622fac6&#8243; global_colors_info=&#8221;{}&#8221;]<\/p>\n<h6><span>Gofjords<\/span><\/h6>\n<ul>\n<li>D\u00e9part de Stavanger \u00e0 07h45<\/li>\n<li>Retour \u00e0 Stavanger \u00e0 19h00<\/li>\n<li>De juin \u00e0 septembre<\/li>\n<\/ul>\n<p><strong>Les billets ne sont pas disponibles \u00e0 bord.<\/strong> Pensez \u00e0 les acheter en ligne avant de monter dans le bus et \u00e0 avoir votre billet num\u00e9rique pr\u00eat sur votre appareil mobile.<\/p>\n<p>&nbsp;<\/p>\n<p>[\/et_pb_text][et_pb_button button_url=&#8221;https:\/\/gofjords.com\/experiences\/hiking\/stavanger\/kjerag-express-bus-round-trip\/&#8221; url_new_window=&#8221;on&#8221; button_text=&#8221;Go fjords &#8211; R\u00e9servez ici&#8221; button_alignment=&#8221;left&#8221; _builder_version=&#8221;4.27.0&#8243; _module_preset=&#8221;default&#8221; global_colors_info=&#8221;{}&#8221;][\/et_pb_button][\/et_pb_column][et_pb_column type=&#8221;1_2&#8243; _builder_version=&#8221;4.20.1&#8243; _module_preset=&#8221;default&#8221; global_colors_info=&#8221;{}&#8221;][et_pb_image src=&#8221;https:\/\/kjerag.info\/wp-content\/uploads\/2024\/08\/Go-Fjords.jpg&#8221; title_text=&#8221;Go Fjords&#8221; _builder_version=&#8221;4.25.2&#8243; _module_preset=&#8221;default&#8221; custom_margin=&#8221;||20px|||&#8221; global_colors_info=&#8221;{}&#8221;][\/et_pb_image][\/et_pb_column][\/et_pb_row][\/et_pb_section][et_pb_section fb_built=&#8221;1&#8243; _builder_version=&#8221;4.25.2&#8243; _module_preset=&#8221;default&#8221; locked=&#8221;off&#8221; global_colors_info=&#8221;{}&#8221;][et_pb_row _builder_version=&#8221;4.25.2&#8243; _module_preset=&#8221;default&#8221; custom_padding=&#8221;||3px|||&#8221; global_colors_info=&#8221;{}&#8221;][et_pb_column type=&#8221;4_4&#8243; _builder_version=&#8221;4.25.2&#8243; _module_preset=&#8221;default&#8221; global_colors_info=&#8221;{}&#8221;][et_pb_text _builder_version=&#8221;4.27.0&#8243; _module_preset=&#8221;a84b13fe-9aee-4186-9217-1d1faaceaa8a&#8221; header_font=&#8221;||||||||&#8221; header_5_font=&#8221;||||||||&#8221; header_5_font_size=&#8221;32px&#8221; header_5_letter_spacing=&#8221;0.05em&#8221; module_alignment=&#8221;center&#8221; custom_margin=&#8221;||20px||false|false&#8221; header_5_font_size_tablet=&#8221;28px&#8221; header_5_font_size_phone=&#8221;24px&#8221; header_5_font_size_last_edited=&#8221;on|phone&#8221; global_colors_info=&#8221;{}&#8221;]<\/p>\n<h5 style=\"text-align: center;\">Voyager jusqu&#8217;\u00e0 Kjerag en voiture<\/h5>\n<p>[\/et_pb_text][\/et_pb_column][\/et_pb_row][et_pb_row column_structure=&#8221;1_3,1_3,1_3&#8243; _builder_version=&#8221;4.25.2&#8243; _module_preset=&#8221;default&#8221; global_colors_info=&#8221;{}&#8221;][et_pb_column type=&#8221;1_3&#8243; _builder_version=&#8221;4.25.2&#8243; _module_preset=&#8221;default&#8221; global_colors_info=&#8221;{}&#8221;][et_pb_blurb title=&#8221;Lysevegen | Sirdal &#8211; Parking \u00e0 Kjerag&#8221; use_icon=&#8221;on&#8221; font_icon=&#8221;&#x52;||divi||400&#8243; icon_color=&#8221;#4E9307&#8243; image_icon_width=&#8221;95px&#8221; image_icon_width_tablet=&#8221;95px&#8221; image_icon_width_phone=&#8221;60px&#8221; image_icon_width_last_edited=&#8221;on|phone&#8221; _builder_version=&#8221;4.27.4&#8243; _module_preset=&#8221;default&#8221; header_level=&#8221;h3&#8243; header_text_align=&#8221;center&#8221; global_colors_info=&#8221;{}&#8221;]<\/p>\n<div class=\"flex max-w-full flex-col flex-grow\">\n<div data-message-author-role=\"assistant\" data-message-id=\"9ebfc647-56d0-40b9-b069-ee0fe62aa322\" dir=\"auto\" class=\"min-h-8 text-message flex w-full flex-col items-end gap-2 whitespace-normal break-words [.text-message+&amp;]:mt-5\" data-message-model-slug=\"gpt-4o\">\n<div class=\"flex w-full flex-col gap-1 empty:hidden first:pt-[3px]\">\n<div class=\"markdown prose w-full break-words dark:prose-invert light\">\n<p style=\"text-align: center;\">la route est ouverte<\/p>\n<\/div>\n<\/div>\n<\/div>\n<\/div>\n<p>[\/et_pb_blurb][\/et_pb_column][et_pb_column type=&#8221;1_3&#8243; _builder_version=&#8221;4.25.2&#8243; _module_preset=&#8221;default&#8221; global_colors_info=&#8221;{}&#8221;][et_pb_blurb title=&#8221;Lysevegen | Lysebotn &#8211; Parking \u00e0 Kjerag&#8221; use_icon=&#8221;on&#8221; font_icon=&#8221;&#x52;||divi||400&#8243; icon_color=&#8221;#4E9307&#8243; image_icon_width=&#8221;95px&#8221; image_icon_width_tablet=&#8221;95px&#8221; image_icon_width_phone=&#8221;60px&#8221; image_icon_width_last_edited=&#8221;on|phone&#8221; _builder_version=&#8221;4.27.4&#8243; _module_preset=&#8221;default&#8221; header_level=&#8221;h3&#8243; header_text_align=&#8221;center&#8221; global_colors_info=&#8221;{}&#8221;]<\/p>\n<p style=\"text-align: center;\">la route est ouverte<\/p>\n<p>[\/et_pb_blurb][\/et_pb_column][et_pb_column type=&#8221;1_3&#8243; _builder_version=&#8221;4.25.2&#8243; _module_preset=&#8221;default&#8221; global_colors_info=&#8221;{}&#8221;][et_pb_blurb title=&#8221;Suleskard | Brokke &#8211; \u00c5dneram&#8221; use_icon=&#8221;on&#8221; font_icon=&#8221;&#x52;||divi||400&#8243; icon_color=&#8221;#4E9307&#8243; image_icon_width=&#8221;95px&#8221; image_icon_width_tablet=&#8221;95px&#8221; image_icon_width_phone=&#8221;60px&#8221; image_icon_width_last_edited=&#8221;on|phone&#8221; _builder_version=&#8221;4.27.4&#8243; _module_preset=&#8221;default&#8221; header_level=&#8221;h3&#8243; header_text_align=&#8221;center&#8221; hover_enabled=&#8221;0&#8243; global_colors_info=&#8221;{}&#8221; sticky_enabled=&#8221;0&#8243; locked=&#8221;off&#8221;]<\/p>\n<p style=\"text-align: center;\">la route est ouverte<\/p>\n<p>[\/et_pb_blurb][\/et_pb_column][\/et_pb_row][et_pb_row _builder_version=&#8221;4.25.2&#8243; _module_preset=&#8221;default&#8221; custom_padding=&#8221;1px|||||&#8221; global_colors_info=&#8221;{}&#8221;][et_pb_column type=&#8221;4_4&#8243; _builder_version=&#8221;4.25.2&#8243; _module_preset=&#8221;default&#8221; global_colors_info=&#8221;{}&#8221;][et_pb_image src=&#8221;https:\/\/kjerag.info\/wp-content\/uploads\/2024\/08\/How-to-get-to-Kjerag.jpg&#8221; title_text=&#8221;How to get to Kjerag&#8221; show_in_lightbox=&#8221;on&#8221; force_fullwidth=&#8221;on&#8221; _builder_version=&#8221;4.25.2&#8243; _module_preset=&#8221;default&#8221; global_colors_info=&#8221;{}&#8221;][\/et_pb_image][\/et_pb_column][\/et_pb_row][\/et_pb_section][et_pb_section fb_built=&#8221;1&#8243; module_class=&#8221;detailedInfoTrip&#8221; _builder_version=&#8221;4.20.1&#8243; background_color=&#8221;rgba(102,201,3,0.1)&#8221; min_height=&#8221;694.7px&#8221; custom_padding=&#8221;||||false|false&#8221; locked=&#8221;off&#8221; global_colors_info=&#8221;{}&#8221;][et_pb_row column_structure=&#8221;3_5,2_5&#8243; _builder_version=&#8221;4.25.2&#8243; _module_preset=&#8221;default&#8221; global_colors_info=&#8221;{}&#8221;][et_pb_column type=&#8221;3_5&#8243; _builder_version=&#8221;4.25.2&#8243; _module_preset=&#8221;default&#8221; global_colors_info=&#8221;{}&#8221;][et_pb_text _builder_version=&#8221;4.27.0&#8243; _module_preset=&#8221;a84b13fe-9aee-4186-9217-1d1faaceaa8a&#8221; header_font=&#8221;||||||||&#8221; header_5_font=&#8221;||||||||&#8221; header_5_font_size=&#8221;32px&#8221; header_5_letter_spacing=&#8221;0.05em&#8221; custom_margin=&#8221;||20px||false|false&#8221; header_5_font_size_tablet=&#8221;28px&#8221; header_5_font_size_phone=&#8221;24px&#8221; header_5_font_size_last_edited=&#8221;on|phone&#8221; global_colors_info=&#8221;{}&#8221;]<\/p>\n<div class=\"flex max-w-full flex-col flex-grow\">\n<div data-message-author-role=\"assistant\" data-message-id=\"74de112e-263e-48b4-9092-72b217f44611\" dir=\"auto\" class=\"min-h-[20px] text-message flex w-full flex-col items-end gap-2 break-words [.text-message+&amp;]:mt-5 overflow-x-auto whitespace-normal\">\n<div class=\"flex w-full flex-col gap-1 empty:hidden first:pt-[3px]\">\n<div class=\"markdown prose w-full break-words dark:prose-invert light\">\n<h5>Option 1 : Conduire autour des montagnes<\/h5>\n<\/div>\n<\/div>\n<\/div>\n<\/div>\n<p>[\/et_pb_text][et_pb_text _builder_version=&#8221;4.27.0&#8243; _module_preset=&#8221;fddb65c3-fba7-48da-9ef8-c7196622fac6&#8243; global_colors_info=&#8221;{}&#8221;]<\/p>\n<p>Vous pouvez atteindre le d\u00e9part du sentier de Kjerag (lien <strong><a href=\"https:\/\/maps.app.goo.gl\/xgiaiPpp68PzwttC7\" target=\"_blank\" rel=\"noopener\">Google Maps<\/a><\/strong>) en empruntant le col de montagne entre la vall\u00e9e de Sirdal et Lysebotn. Depuis Stavanger, le trajet le plus rapide et le plus simple passe par \u00c5lg\u00e5rd et Sirdal (environ 2,5 heures).<\/p>\n<p>Si vous arrivez de l&#8217;Est \/ Setesdal \/ Kristiansand, le chemin le plus court et le plus pittoresque est de passer par le col de <strong><a href=\"https:\/\/suleskarvegen.no\/\">Suleskard<\/a><\/strong>.<\/p>\n<p>Notez que tous les chemins de montagne menant au d\u00e9part du sentier sont ferm\u00e9s de novembre \u00e0 mi-mai en raison des conditions de glace et de neige.<\/p>\n<ul><\/ul>\n<p>[\/et_pb_text][\/et_pb_column][et_pb_column type=&#8221;2_5&#8243; _builder_version=&#8221;4.25.2&#8243; _module_preset=&#8221;default&#8221; global_colors_info=&#8221;{}&#8221;][et_pb_image src=&#8221;https:\/\/kjerag.info\/wp-content\/uploads\/2024\/08\/Road-Hunnedalen-scaled.jpg&#8221; title_text=&#8221;Road Hunnedalen&#8221; _builder_version=&#8221;4.25.2&#8243; _module_preset=&#8221;default&#8221; global_colors_info=&#8221;{}&#8221;][\/et_pb_image][\/et_pb_column][\/et_pb_row][et_pb_row column_structure=&#8221;2_5,3_5&#8243; _builder_version=&#8221;4.25.2&#8243; _module_preset=&#8221;default&#8221; global_colors_info=&#8221;{}&#8221;][et_pb_column type=&#8221;2_5&#8243; _builder_version=&#8221;4.25.2&#8243; _module_preset=&#8221;default&#8221; global_colors_info=&#8221;{}&#8221;][et_pb_image src=&#8221;https:\/\/kjerag.info\/wp-content\/uploads\/2024\/08\/Ferry-Lysefjord-scaled.jpg&#8221; title_text=&#8221;Ferry Lysefjord&#8221; _builder_version=&#8221;4.25.2&#8243; _module_preset=&#8221;default&#8221; global_colors_info=&#8221;{}&#8221;][\/et_pb_image][\/et_pb_column][et_pb_column type=&#8221;3_5&#8243; _builder_version=&#8221;4.25.2&#8243; _module_preset=&#8221;default&#8221; global_colors_info=&#8221;{}&#8221;][et_pb_text _builder_version=&#8221;4.25.2&#8243; _module_preset=&#8221;a84b13fe-9aee-4186-9217-1d1faaceaa8a&#8221; header_font=&#8221;||||||||&#8221; header_5_font=&#8221;||||||||&#8221; header_5_font_size=&#8221;32px&#8221; header_5_letter_spacing=&#8221;0.05em&#8221; custom_margin=&#8221;||20px||false|false&#8221; header_5_font_size_tablet=&#8221;28px&#8221; header_5_font_size_phone=&#8221;24px&#8221; header_5_font_size_last_edited=&#8221;on|phone&#8221; global_colors_info=&#8221;{}&#8221;]<\/p>\n<h5 style=\"text-align: left;\">Option 2 : Travers\u00e9e en ferry du Lysefjord<\/h5>\n<p>[\/et_pb_text][et_pb_text _builder_version=&#8221;4.27.0&#8243; _module_preset=&#8221;fddb65c3-fba7-48da-9ef8-c7196622fac6&#8243; global_colors_info=&#8221;{}&#8221;]<\/p>\n<p>Vous pouvez rejoindre Lysebotn en voiture via un ferry depuis Lauvvik, Forsand et Songesand. Une travers\u00e9e en ferry \u00e0 travers le Lysefjord est une excellente mani\u00e8re de faire une pause tout en profitant d&#8217;une exp\u00e9rience m\u00e9morable. En tant que passager, vous pouvez aussi acc\u00e9der \u00e0 Lysebotn en ferry depuis Bratteli, Bakken et Fl\u00f8rli.<\/p>\n<p>Notez que les ferries ont une capacit\u00e9 et des horaires limit\u00e9s, donc il est important de r\u00e9server vos billets \u00e0 l&#8217;avance. Plus d&#8217;infos : <strong><a href=\"http:\/\/www.lysefjorden365.com\/ferry\">www.lysefjorden365.com\/ferry<\/a><\/strong><\/p>\n<p>Depuis Lysebotn, vous devrez ensuite conduire les 27 lacets pour atteindre le parking de Kjerag (voir les informations suivantes).<\/p>\n<ul><\/ul>\n<p>[\/et_pb_text][\/et_pb_column][\/et_pb_row][et_pb_row column_structure=&#8221;3_5,2_5&#8243; _builder_version=&#8221;4.25.2&#8243; _module_preset=&#8221;default&#8221; global_colors_info=&#8221;{}&#8221;][et_pb_column type=&#8221;3_5&#8243; _builder_version=&#8221;4.25.2&#8243; _module_preset=&#8221;default&#8221; global_colors_info=&#8221;{}&#8221;][et_pb_text _builder_version=&#8221;4.27.0&#8243; _module_preset=&#8221;a84b13fe-9aee-4186-9217-1d1faaceaa8a&#8221; header_font=&#8221;||||||||&#8221; header_5_font=&#8221;||||||||&#8221; header_5_font_size=&#8221;32px&#8221; header_5_letter_spacing=&#8221;0.05em&#8221; custom_margin=&#8221;||20px||false|false&#8221; header_5_font_size_tablet=&#8221;28px&#8221; header_5_font_size_phone=&#8221;24px&#8221; header_5_font_size_last_edited=&#8221;on|phone&#8221; global_colors_info=&#8221;{}&#8221;]<\/p>\n<div class=\"flex max-w-full flex-col flex-grow\">\n<div data-message-author-role=\"assistant\" data-message-id=\"550d022f-ead6-4f3b-b4f9-aa1e39b874aa\" dir=\"auto\" class=\"min-h-[20px] text-message flex w-full flex-col items-end gap-2 break-words [.text-message+&amp;]:mt-5 overflow-x-auto whitespace-normal\">\n<div class=\"flex w-full flex-col gap-1 empty:hidden first:pt-[3px]\">\n<div class=\"markdown prose w-full break-words dark:prose-invert light\">\n<h5>Lysevegen : de Lysebotn au parking de Kjerag<\/h5>\n<\/div>\n<\/div>\n<\/div>\n<\/div>\n<p>[\/et_pb_text][et_pb_text _builder_version=&#8221;4.27.0&#8243; _module_preset=&#8221;fddb65c3-fba7-48da-9ef8-c7196622fac6&#8243; global_colors_info=&#8221;{}&#8221;]<\/p>\n<p>Depuis le quai des ferries de Lysebotn, vous emprunterez le spectaculaire Lysevegen sur 7,5 kilom\u00e8tres, en montant \u00e0 travers 27 lacets jusqu\u2019au parking de Kjerag, situ\u00e9 \u00e0 640 m\u00e8tres d\u2019altitude. Vous pouvez choisir de conduire vous-m\u00eame ou de prendre la navette locale g\u00e9r\u00e9e par SBK. Consultez l&#8217;horaire ci-dessous.<\/p>\n<p><strong>Notez que la route de Lysebotn au parking de Kjerag est ferm\u00e9e de novembre \u00e0 mi-mai en raison de la glace et de la neige.<\/strong><\/p>\n<ul><\/ul>\n<p>[\/et_pb_text][\/et_pb_column][et_pb_column type=&#8221;2_5&#8243; _builder_version=&#8221;4.25.2&#8243; _module_preset=&#8221;default&#8221; global_colors_info=&#8221;{}&#8221;][et_pb_image src=&#8221;https:\/\/kjerag.info\/wp-content\/uploads\/2024\/01\/Lysefjorden.jpg&#8221; title_text=&#8221;Lysefjorden&#8221; _builder_version=&#8221;4.25.2&#8243; _module_preset=&#8221;default&#8221; global_colors_info=&#8221;{}&#8221;][\/et_pb_image][\/et_pb_column][\/et_pb_row][et_pb_row column_structure=&#8221;1_2,1_2&#8243; _builder_version=&#8221;4.25.2&#8243; _module_preset=&#8221;default&#8221; global_colors_info=&#8221;{}&#8221;][et_pb_column type=&#8221;1_2&#8243; _builder_version=&#8221;4.25.2&#8243; _module_preset=&#8221;default&#8221; global_colors_info=&#8221;{}&#8221;][et_pb_image src=&#8221;https:\/\/kjerag.info\/wp-content\/uploads\/2025\/04\/Shuttle-Lysebotn-Kjerag-2025-pdf.jpg&#8221; title_text=&#8221;Shuttle Lysebotn-Kjerag 2025&#8243; show_in_lightbox=&#8221;on&#8221; _builder_version=&#8221;4.27.4&#8243; _module_preset=&#8221;default&#8221; locked=&#8221;off&#8221; global_colors_info=&#8221;{}&#8221;][\/et_pb_image][\/et_pb_column][et_pb_column type=&#8221;1_2&#8243; _builder_version=&#8221;4.25.2&#8243; _module_preset=&#8221;default&#8221; global_colors_info=&#8221;{}&#8221;][et_pb_video src=&#8221;https:\/\/youtu.be\/_1SjPGXksgA&#8221; _builder_version=&#8221;4.25.2&#8243; _module_preset=&#8221;default&#8221; global_colors_info=&#8221;{}&#8221;][\/et_pb_video][\/et_pb_column][\/et_pb_row][\/et_pb_section][et_pb_section fb_built=&#8221;1&#8243; _builder_version=&#8221;4.25.2&#8243; _module_preset=&#8221;default&#8221; locked=&#8221;off&#8221; global_colors_info=&#8221;{}&#8221;][et_pb_row column_structure=&#8221;3_5,2_5&#8243; _builder_version=&#8221;4.25.2&#8243; _module_preset=&#8221;default&#8221; locked=&#8221;off&#8221; global_colors_info=&#8221;{}&#8221;][et_pb_column type=&#8221;3_5&#8243; _builder_version=&#8221;4.25.2&#8243; _module_preset=&#8221;default&#8221; global_colors_info=&#8221;{}&#8221;][et_pb_text _builder_version=&#8221;4.27.0&#8243; _module_preset=&#8221;a84b13fe-9aee-4186-9217-1d1faaceaa8a&#8221; header_font=&#8221;||||||||&#8221; header_5_font=&#8221;||||||||&#8221; header_5_font_size=&#8221;32px&#8221; header_5_letter_spacing=&#8221;0.05em&#8221; custom_margin=&#8221;||20px||false|false&#8221; header_5_font_size_tablet=&#8221;28px&#8221; header_5_font_size_phone=&#8221;24px&#8221; header_5_font_size_last_edited=&#8221;on|phone&#8221; global_colors_info=&#8221;{}&#8221;]<\/p>\n<h5 style=\"text-align: left;\">H\u00e9bergements pr\u00e8s de Kjerag<\/h5>\n<p>[\/et_pb_text][et_pb_text _builder_version=&#8221;4.27.0&#8243; _module_preset=&#8221;fddb65c3-fba7-48da-9ef8-c7196622fac6&#8243; global_colors_info=&#8221;{}&#8221;]<\/p>\n<p>Que vous arriviez en ferry ou en traversant les montagnes en voiture, le voyage vers Kjerag est une exp\u00e9rience m\u00e9morable avec de nombreuses attractions naturelles en chemin. Comme la randonn\u00e9e de Kjerag est exigeante et peut prendre une grande partie de votre journ\u00e9e, pourquoi ne pas ralentir un peu et passer la nuit dans cette belle r\u00e9gion ? Sur la carte \u00e0 droite, nous avons r\u00e9pertori\u00e9 des h\u00e9bergements \u00e0 moins d&#8217;une heure du parking de Kjerag. De nombreuses autres activit\u00e9s vous attendent \u00e0 Lysebotn, dans le reste du Lysefjord, \u00e0 Sirdal et \u00e0 Gjesdal. Pour plus d&#8217;informations, veuillez visiter<strong><a rel=\"noopener\" target=\"_blank\" href=\"https:\/\/lysefjorden365.com\/plan-your-stay\/\">lysefjorden365.com<\/a><\/strong>, <strong><a rel=\"noopener\" target=\"_blank\" href=\"http:\/\/visitsirdal365.no\">visitsirdal365.no<\/a><\/strong>, ou <strong><a rel=\"noopener\" target=\"_blank\" href=\"http:\/\/suleskarvegen.no\">suleskarvegen.no<\/a><\/strong>.<\/p>\n<p>[\/et_pb_text][\/et_pb_column][et_pb_column type=&#8221;2_5&#8243; _builder_version=&#8221;4.25.2&#8243; _module_preset=&#8221;default&#8221; global_colors_info=&#8221;{}&#8221;][et_pb_code _builder_version=&#8221;4.27.0&#8243; _module_preset=&#8221;default&#8221; global_colors_info=&#8221;{}&#8221;]<iframe loading=\"lazy\" src=\"https:\/\/www.google.com\/maps\/d\/u\/3\/embed?mid=1AHM8d6VSPOBC2IBzKwV4cKCJ8IR23_w&#038;ehbc=2E312F\" width=\"640\" height=\"300\"><\/iframe>[\/et_pb_code][\/et_pb_column][\/et_pb_row][et_pb_row column_structure=&#8221;1_2,1_2&#8243; _builder_version=&#8221;4.25.2&#8243; _module_preset=&#8221;default&#8221; background_color=&#8221;#f7f7f7&#8243; custom_margin=&#8221;75px||||false|false&#8221; global_colors_info=&#8221;{}&#8221;][et_pb_column type=&#8221;1_2&#8243; _builder_version=&#8221;4.25.2&#8243; _module_preset=&#8221;default&#8221; global_colors_info=&#8221;{}&#8221;][et_pb_video src=&#8221;https:\/\/youtu.be\/A5kKX44V3RA&#8221; image_src=&#8221;https:\/\/kjerag.info\/wp-content\/uploads\/2024\/08\/Lysebotn-1.jpg&#8221; _builder_version=&#8221;4.25.2&#8243; _module_preset=&#8221;default&#8221; custom_margin=&#8221;-75px||||false|false&#8221; global_colors_info=&#8221;{}&#8221;][\/et_pb_video][et_pb_text _builder_version=&#8221;4.27.0&#8243; _module_preset=&#8221;a84b13fe-9aee-4186-9217-1d1faaceaa8a&#8221; header_font=&#8221;||||||||&#8221; header_5_font=&#8221;||||||||&#8221; header_5_font_size=&#8221;32px&#8221; header_5_letter_spacing=&#8221;0.05em&#8221; custom_margin=&#8221;||||false|false&#8221; custom_padding=&#8221;30px||0px||false|false&#8221; header_5_font_size_tablet=&#8221;28px&#8221; header_5_font_size_phone=&#8221;24px&#8221; header_5_font_size_last_edited=&#8221;on|phone&#8221; global_colors_info=&#8221;{}&#8221;]<\/p>\n<h5 style=\"text-align: center;\">D\u00e9couvrez Lysebotn et Kjerag<\/h5>\n<p>[\/et_pb_text][\/et_pb_column][et_pb_column type=&#8221;1_2&#8243; _builder_version=&#8221;4.25.2&#8243; _module_preset=&#8221;default&#8221; custom_padding=&#8221;0px|30px||30px|false|true&#8221; global_colors_info=&#8221;{}&#8221;][et_pb_text _builder_version=&#8221;4.25.2&#8243; _module_preset=&#8221;fddb65c3-fba7-48da-9ef8-c7196622fac6&#8243; custom_margin=&#8221;||0px||false|false&#8221; custom_padding=&#8221;0px||0px||false|false&#8221; global_colors_info=&#8221;{}&#8221;]<\/p>\n<p>Nich\u00e9e au c\u0153ur du Lysefjord, Lysebotn est un petit \u00ab village \u00e9nerg\u00e9tique \u00bb qui fournit de l&#8217;\u00e9lectricit\u00e9 \u00e0 une grande partie de la Norv\u00e8ge depuis les ann\u00e9es 1950.<\/p>\n<p>Avec seulement quelques habitants permanents, Lysebotn s&#8217;anime en \u00e9t\u00e9, attirant des touristes et des amateurs de BASE jump du monde entier. C&#8217;est le camp de base id\u00e9al pour explorer Kjerag et les sentiers voisins, faire du v\u00e9lo, de la p\u00eache ou du kayak. C\u2019est \u00e9galement un excellent point de d\u00e9part ou de fin pour des randonn\u00e9es de plusieurs jours le long du Lysefjord.<\/p>\n<p>\u00c0 Lysebotn, vous trouverez diverses commodit\u00e9s : h\u00e9bergements, camping, caf\u00e9, \u00e9picerie et bureau d&#8217;information touristique.<\/p>\n<p>[\/et_pb_text][\/et_pb_column][\/et_pb_row][\/et_pb_section][et_pb_section fb_built=&#8221;1&#8243; custom_padding_last_edited=&#8221;on|phone&#8221; disabled_on=&#8221;off|off|off&#8221; _builder_version=&#8221;4.23.1&#8243; use_background_color_gradient=&#8221;on&#8221; background_color_gradient_stops=&#8221;rgba(255,255,255,0.04) 0%|rgba(255,255,255,0) 100%&#8221; background_color_gradient_overlays_image=&#8221;on&#8221; background_image=&#8221;https:\/\/kjerag.info\/wp-content\/uploads\/2024\/01\/Lysefjorden-banner-scaled.jpg&#8221; custom_margin=&#8221;||0px&#8221; custom_margin_tablet=&#8221;||10px&#8221; custom_margin_phone=&#8221;&#8221; custom_margin_last_edited=&#8221;on|phone&#8221; custom_padding=&#8221;125px|25px|150px|25px|false|false&#8221; custom_padding_tablet=&#8221;75px|0px|75px|0px&#8221; custom_padding_phone=&#8221;75px||75px&#8221; link_option_url=&#8221;https:\/\/lysefjorden365.com\/&#8221; link_option_url_new_window=&#8221;on&#8221; background_last_edited=&#8221;on|phone&#8221; use_background_color_gradient_tablet=&#8221;on&#8221; background_color_gradient_stops_tablet=&#8221;rgba(255,255,255,0.7) 1%|rgba(255,255,255,0.71) 100%&#8221; locked=&#8221;off&#8221; global_colors_info=&#8221;{}&#8221;][et_pb_row disabled_on=&#8221;off|off|off&#8221; _builder_version=&#8221;4.16&#8243; custom_padding=&#8221;32px|0px|0|0px|false|false&#8221; global_colors_info=&#8221;{}&#8221;][et_pb_column type=&#8221;4_4&#8243; _builder_version=&#8221;4.16&#8243; custom_padding=&#8221;|||&#8221; global_colors_info=&#8221;{}&#8221; custom_padding__hover=&#8221;|||&#8221;][et_pb_image src=&#8221;https:\/\/kjerag.info\/wp-content\/uploads\/2024\/01\/lysefjorden-365-horisontal-sirkel-ingen-undertekst-hvit.png&#8221; title_text=&#8221;lysefjorden-365-horisontal-sirkel-ingen-undertekst-hvit&#8221; url=&#8221;https:\/\/lysefjorden365.com\/&#8221; url_new_window=&#8221;on&#8221; align=&#8221;center&#8221; _builder_version=&#8221;4.23.1&#8243; _module_preset=&#8221;default&#8221; global_colors_info=&#8221;{}&#8221;][\/et_pb_image][\/et_pb_column][\/et_pb_row][\/et_pb_section][et_pb_section fb_built=&#8221;1&#8243; _builder_version=&#8221;4.20.1&#8243; _module_preset=&#8221;default&#8221; background_color=&#8221;rgba(102,201,3,0.1)&#8221; min_height=&#8221;694.7px&#8221; custom_padding=&#8221;||||false|false&#8221; locked=&#8221;off&#8221; global_colors_info=&#8221;{}&#8221;][et_pb_row column_structure=&#8221;1_2,1_2&#8243; _builder_version=&#8221;4.23.1&#8243; module_alignment=&#8221;center&#8221; custom_margin=&#8221;0px||||false|false&#8221; custom_padding=&#8221;0px||||false|false&#8221; global_colors_info=&#8221;{}&#8221;][et_pb_column type=&#8221;1_2&#8243; _builder_version=&#8221;4.16&#8243; custom_padding=&#8221;|||&#8221; global_colors_info=&#8221;{}&#8221; custom_padding__hover=&#8221;|||&#8221;][et_pb_text _builder_version=&#8221;4.27.0&#8243; _module_preset=&#8221;a84b13fe-9aee-4186-9217-1d1faaceaa8a&#8221; header_font=&#8221;||||||||&#8221; header_text_align=&#8221;center&#8221; header_5_font=&#8221;||||||||&#8221; header_5_text_align=&#8221;center&#8221; header_5_font_size=&#8221;32px&#8221; header_5_letter_spacing=&#8221;0.05em&#8221; custom_margin=&#8221;||10px&#8221; header_5_text_align_tablet=&#8221;center&#8221; header_5_text_align_phone=&#8221;left&#8221; header_5_text_align_last_edited=&#8221;on|phone&#8221; header_5_font_size_tablet=&#8221;28px&#8221; header_5_font_size_phone=&#8221;24px&#8221; header_5_font_size_last_edited=&#8221;on|phone&#8221; global_colors_info=&#8221;{}&#8221;]<\/p>\n<div class=\"flex max-w-full flex-col flex-grow\">\n<div data-message-author-role=\"assistant\" data-message-id=\"1491abdd-b1d0-402b-a658-83dc3d06f580\" dir=\"auto\" class=\"min-h-[20px] text-message flex w-full flex-col items-end gap-2 break-words [.text-message+&amp;]:mt-5 overflow-x-auto whitespace-normal\">\n<div class=\"flex w-full flex-col gap-1 empty:hidden first:pt-[3px]\">\n<div class=\"markdown prose w-full break-words dark:prose-invert light\">\n<h5>Le Lysefjord : encore plus \u00e0 d\u00e9couvrir<\/h5>\n<\/div>\n<\/div>\n<\/div>\n<\/div>\n<p>[\/et_pb_text][et_pb_text _builder_version=&#8221;4.27.0&#8243; text_font=&#8221;|300|||||||&#8221; text_letter_spacing=&#8221;1px&#8221; text_line_height=&#8221;1.5em&#8221; text_orientation=&#8221;center&#8221; custom_margin=&#8221;||-1px|||&#8221; text_orientation_tablet=&#8221;center&#8221; text_orientation_phone=&#8221;left&#8221; text_orientation_last_edited=&#8221;on|phone&#8221; global_colors_info=&#8221;{}&#8221;]<\/p>\n<p style=\"text-align: left;\">Le Lysefjord, long de 42 km, est l&#8217;un des fjords les plus spectaculaires et diversifi\u00e9s de Norv\u00e8ge, bord\u00e9 de montagnes abruptes. Le nom \u00ab Lyse \u00bb est li\u00e9 aux caract\u00e9ristiques brillantes et scintillantes du granite local. Ce fjord riche en patrimoine naturel et culturel a des racines dans l&#8217;agriculture, la p\u00eache, la production d&#8217;hydro\u00e9lectricit\u00e9 et le tourisme.<\/p>\n<p style=\"text-align: left;\">Le Lysefjord propose de nombreuses attractions et activit\u00e9s. Preikestolen, Fl\u00f8rli avec son \u00ab escalier en bois le plus long du monde \u00bb, et le rocher de Kjerag, surnomm\u00e9 \u00ab La Majest\u00e9 du Lysefjord \u00bb, sont trois incontournables mondialement connus. Mais il y a encore bien plus \u00e0 explorer !<\/p>\n<p style=\"text-align: left;\"><span><strong><a href=\"https:\/\/lysefjorden365.com\/\" target=\"_blank\" rel=\"noopener\">Lysefjorden365.com<\/a><\/strong><\/span> est le site officiel du Lysefjord. Vous y trouverez des itin\u00e9raires recommand\u00e9s, des informations sur le sentier multi-jours Lysefjorden Rundt, les 10 meilleures randonn\u00e9es d&#8217;une journ\u00e9e, des id\u00e9es pour le v\u00e9lo autour du fjord, et plus encore. Le site propose \u00e9galement un planificateur de voyage avec des infos sur l&#8217;h\u00e9bergement, les activit\u00e9s, les restaurants et les transports.<\/p>\n<p style=\"text-align: left;\"><span><\/span><\/p>\n<p>[\/et_pb_text][\/et_pb_column][et_pb_column type=&#8221;1_2&#8243; _builder_version=&#8221;4.16&#8243; custom_padding=&#8221;|||&#8221; global_colors_info=&#8221;{}&#8221; custom_padding__hover=&#8221;|||&#8221;][et_pb_text _builder_version=&#8221;4.27.0&#8243; _module_preset=&#8221;a84b13fe-9aee-4186-9217-1d1faaceaa8a&#8221; header_font=&#8221;||||||||&#8221; header_text_align=&#8221;center&#8221; header_5_font=&#8221;||||||||&#8221; header_5_text_align=&#8221;center&#8221; header_5_font_size=&#8221;32px&#8221; header_5_letter_spacing=&#8221;0.05em&#8221; custom_margin=&#8221;||10px&#8221; header_5_text_align_tablet=&#8221;center&#8221; header_5_text_align_phone=&#8221;left&#8221; header_5_text_align_last_edited=&#8221;on|phone&#8221; header_5_font_size_tablet=&#8221;28px&#8221; header_5_font_size_phone=&#8221;24px&#8221; header_5_font_size_last_edited=&#8221;on|phone&#8221; global_colors_info=&#8221;{}&#8221;]<\/p>\n<h5>Explorez le Lysefjord<\/h5>\n<p>[\/et_pb_text][et_pb_video src=&#8221;https:\/\/www.youtube.com\/watch?v=8CwR_kqYgaY&#8221; image_src=&#8221;https:\/\/kjerag.info\/wp-content\/uploads\/2024\/01\/Lysefjorden.jpg&#8221; _builder_version=&#8221;4.23.1&#8243; _module_preset=&#8221;default&#8221; global_colors_info=&#8221;{}&#8221;][\/et_pb_video][et_pb_button button_url=&#8221;https:\/\/lysefjorden365.com\/&#8221; url_new_window=&#8221;on&#8221; button_text=&#8221;lysefjorden365.com&#8221; button_alignment=&#8221;center&#8221; _builder_version=&#8221;4.27.0&#8243; _module_preset=&#8221;default&#8221; custom_margin=&#8221;18px|||||&#8221; locked=&#8221;off&#8221; global_colors_info=&#8221;{}&#8221;][\/et_pb_button][\/et_pb_column][\/et_pb_row][\/et_pb_section]<\/p>\n","protected":false},"excerpt":{"rendered":"<p>Il s&#8217;agit du voyageKjeragcomment se rendre \u00e0 kjeragCette page vous donne toutes les informations n\u00e9cessaires pour vous rendre \u00e0 Kjerag, que ce soit en transport public ou en voiture. Se rendre \u00e0 Kjerag en bus Pour voyager de Stavanger \u00e0 Kjerag, le bus est une option pratique, avec un trajet d&#8217;environ 2,5 heures.Gofjords D\u00e9part de [&hellip;]<\/p>\n","protected":false},"author":16,"featured_media":219797,"parent":0,"menu_order":0,"comment_status":"closed","ping_status":"closed","template":"","meta":{"_et_pb_use_builder":"on","_et_pb_old_content":"","_et_gb_content_width":"","footnotes":""},"class_list":["post-219796","page","type-page","status-publish","has-post-thumbnail","hentry"],"yoast_head":"<!-- This site is optimized with the Yoast SEO plugin v27.4 - https:\/\/yoast.com\/product\/yoast-seo-wordpress\/ -->\n<title>Comment se rendre \u00e0 Kjerag : Guide complet des options de transport<\/title>\n<meta name=\"description\" content=\"D\u00e9couvrez toutes les fa\u00e7ons de vous rendre \u00e0 Kjerag en bus, voiture ou ferry. Conseils sur les itin\u00e9raires, le stationnement, les h\u00e9bergements et les attractions locales pour planifier votre voyage.\" \/>\n<meta name=\"robots\" content=\"index, follow, max-snippet:-1, max-image-preview:large, max-video-preview:-1\" \/>\n<link rel=\"canonical\" href=\"https:\/\/kjerag.info\/fr\/comment-se-rendre-a-kjerag\/\" \/>\n<meta property=\"og:locale\" content=\"fr_FR\" \/>\n<meta property=\"og:type\" content=\"article\" \/>\n<meta property=\"og:title\" content=\"Comment se rendre \u00e0 Kjerag : Guide complet des options de transport\" \/>\n<meta property=\"og:description\" content=\"D\u00e9couvrez toutes les fa\u00e7ons de vous rendre \u00e0 Kjerag en bus, voiture ou ferry. Conseils sur les itin\u00e9raires, le stationnement, les h\u00e9bergements et les attractions locales pour planifier votre voyage.\" \/>\n<meta property=\"og:url\" content=\"https:\/\/kjerag.info\/fr\/comment-se-rendre-a-kjerag\/\" \/>\n<meta property=\"og:site_name\" content=\"Kjerag 365\" \/>\n<meta property=\"article:modified_time\" content=\"2025-05-23T07:32:40+00:00\" \/>\n<meta property=\"og:image\" content=\"https:\/\/kjerag.info\/wp-content\/uploads\/2024\/01\/Lysefjorden.jpg\" \/>\n\t<meta property=\"og:image:width\" content=\"1920\" \/>\n\t<meta property=\"og:image:height\" content=\"1278\" \/>\n\t<meta property=\"og:image:type\" content=\"image\/jpeg\" \/>\n<meta name=\"twitter:card\" content=\"summary_large_image\" \/>\n<meta name=\"twitter:label1\" content=\"Est. reading time\" \/>\n\t<meta name=\"twitter:data1\" content=\"6 minutes\" \/>\n<script type=\"application\/ld+json\" class=\"yoast-schema-graph\">{\"@context\":\"https:\\\/\\\/schema.org\",\"@graph\":[{\"@type\":\"WebPage\",\"@id\":\"https:\\\/\\\/kjerag.info\\\/fr\\\/comment-se-rendre-a-kjerag\\\/\",\"url\":\"https:\\\/\\\/kjerag.info\\\/fr\\\/comment-se-rendre-a-kjerag\\\/\",\"name\":\"Comment se rendre \u00e0 Kjerag : Guide complet des options de transport\",\"isPartOf\":{\"@id\":\"https:\\\/\\\/kjerag.info\\\/#website\"},\"primaryImageOfPage\":{\"@id\":\"https:\\\/\\\/kjerag.info\\\/fr\\\/comment-se-rendre-a-kjerag\\\/#primaryimage\"},\"image\":{\"@id\":\"https:\\\/\\\/kjerag.info\\\/fr\\\/comment-se-rendre-a-kjerag\\\/#primaryimage\"},\"thumbnailUrl\":\"https:\\\/\\\/kjerag.info\\\/wp-content\\\/uploads\\\/2024\\\/01\\\/Lysefjorden.jpg\",\"datePublished\":\"2024-09-02T18:46:39+00:00\",\"dateModified\":\"2025-05-23T07:32:40+00:00\",\"description\":\"D\u00e9couvrez toutes les fa\u00e7ons de vous rendre \u00e0 Kjerag en bus, voiture ou ferry. Conseils sur les itin\u00e9raires, le stationnement, les h\u00e9bergements et les attractions locales pour planifier votre voyage.\",\"breadcrumb\":{\"@id\":\"https:\\\/\\\/kjerag.info\\\/fr\\\/comment-se-rendre-a-kjerag\\\/#breadcrumb\"},\"inLanguage\":\"fr-FR\",\"potentialAction\":[{\"@type\":\"ReadAction\",\"target\":[\"https:\\\/\\\/kjerag.info\\\/fr\\\/comment-se-rendre-a-kjerag\\\/\"]}]},{\"@type\":\"ImageObject\",\"inLanguage\":\"fr-FR\",\"@id\":\"https:\\\/\\\/kjerag.info\\\/fr\\\/comment-se-rendre-a-kjerag\\\/#primaryimage\",\"url\":\"https:\\\/\\\/kjerag.info\\\/wp-content\\\/uploads\\\/2024\\\/01\\\/Lysefjorden.jpg\",\"contentUrl\":\"https:\\\/\\\/kjerag.info\\\/wp-content\\\/uploads\\\/2024\\\/01\\\/Lysefjorden.jpg\",\"width\":1920,\"height\":1278,\"caption\":\"Scenic view of narrow Lysefjord with steep cliffs and winding road in Norway.\"},{\"@type\":\"BreadcrumbList\",\"@id\":\"https:\\\/\\\/kjerag.info\\\/fr\\\/comment-se-rendre-a-kjerag\\\/#breadcrumb\",\"itemListElement\":[{\"@type\":\"ListItem\",\"position\":1,\"name\":\"Hjem\",\"item\":\"https:\\\/\\\/kjerag.info\\\/\"},{\"@type\":\"ListItem\",\"position\":2,\"name\":\"Comment se rendre \u00e0 Kjerag\"}]},{\"@type\":\"WebSite\",\"@id\":\"https:\\\/\\\/kjerag.info\\\/#website\",\"url\":\"https:\\\/\\\/kjerag.info\\\/\",\"name\":\"Kjerag 365\",\"description\":\"All you need to know for your hike to Kjerag\",\"potentialAction\":[{\"@type\":\"SearchAction\",\"target\":{\"@type\":\"EntryPoint\",\"urlTemplate\":\"https:\\\/\\\/kjerag.info\\\/?s={search_term_string}\"},\"query-input\":{\"@type\":\"PropertyValueSpecification\",\"valueRequired\":true,\"valueName\":\"search_term_string\"}}],\"inLanguage\":\"fr-FR\"}]}<\/script>\n<!-- \/ Yoast SEO plugin. -->","yoast_head_json":{"title":"Comment se rendre \u00e0 Kjerag : Guide complet des options de transport","description":"D\u00e9couvrez toutes les fa\u00e7ons de vous rendre \u00e0 Kjerag en bus, voiture ou ferry. Conseils sur les itin\u00e9raires, le stationnement, les h\u00e9bergements et les attractions locales pour planifier votre voyage.","robots":{"index":"index","follow":"follow","max-snippet":"max-snippet:-1","max-image-preview":"max-image-preview:large","max-video-preview":"max-video-preview:-1"},"canonical":"https:\/\/kjerag.info\/fr\/comment-se-rendre-a-kjerag\/","og_locale":"fr_FR","og_type":"article","og_title":"Comment se rendre \u00e0 Kjerag : Guide complet des options de transport","og_description":"D\u00e9couvrez toutes les fa\u00e7ons de vous rendre \u00e0 Kjerag en bus, voiture ou ferry. Conseils sur les itin\u00e9raires, le stationnement, les h\u00e9bergements et les attractions locales pour planifier votre voyage.","og_url":"https:\/\/kjerag.info\/fr\/comment-se-rendre-a-kjerag\/","og_site_name":"Kjerag 365","article_modified_time":"2025-05-23T07:32:40+00:00","og_image":[{"width":1920,"height":1278,"url":"https:\/\/kjerag.info\/wp-content\/uploads\/2024\/01\/Lysefjorden.jpg","type":"image\/jpeg"}],"twitter_card":"summary_large_image","twitter_misc":{"Est. reading time":"6 minutes"},"schema":{"@context":"https:\/\/schema.org","@graph":[{"@type":"WebPage","@id":"https:\/\/kjerag.info\/fr\/comment-se-rendre-a-kjerag\/","url":"https:\/\/kjerag.info\/fr\/comment-se-rendre-a-kjerag\/","name":"Comment se rendre \u00e0 Kjerag : Guide complet des options de transport","isPartOf":{"@id":"https:\/\/kjerag.info\/#website"},"primaryImageOfPage":{"@id":"https:\/\/kjerag.info\/fr\/comment-se-rendre-a-kjerag\/#primaryimage"},"image":{"@id":"https:\/\/kjerag.info\/fr\/comment-se-rendre-a-kjerag\/#primaryimage"},"thumbnailUrl":"https:\/\/kjerag.info\/wp-content\/uploads\/2024\/01\/Lysefjorden.jpg","datePublished":"2024-09-02T18:46:39+00:00","dateModified":"2025-05-23T07:32:40+00:00","description":"D\u00e9couvrez toutes les fa\u00e7ons de vous rendre \u00e0 Kjerag en bus, voiture ou ferry. Conseils sur les itin\u00e9raires, le stationnement, les h\u00e9bergements et les attractions locales pour planifier votre voyage.","breadcrumb":{"@id":"https:\/\/kjerag.info\/fr\/comment-se-rendre-a-kjerag\/#breadcrumb"},"inLanguage":"fr-FR","potentialAction":[{"@type":"ReadAction","target":["https:\/\/kjerag.info\/fr\/comment-se-rendre-a-kjerag\/"]}]},{"@type":"ImageObject","inLanguage":"fr-FR","@id":"https:\/\/kjerag.info\/fr\/comment-se-rendre-a-kjerag\/#primaryimage","url":"https:\/\/kjerag.info\/wp-content\/uploads\/2024\/01\/Lysefjorden.jpg","contentUrl":"https:\/\/kjerag.info\/wp-content\/uploads\/2024\/01\/Lysefjorden.jpg","width":1920,"height":1278,"caption":"Scenic view of narrow Lysefjord with steep cliffs and winding road in Norway."},{"@type":"BreadcrumbList","@id":"https:\/\/kjerag.info\/fr\/comment-se-rendre-a-kjerag\/#breadcrumb","itemListElement":[{"@type":"ListItem","position":1,"name":"Hjem","item":"https:\/\/kjerag.info\/"},{"@type":"ListItem","position":2,"name":"Comment se rendre \u00e0 Kjerag"}]},{"@type":"WebSite","@id":"https:\/\/kjerag.info\/#website","url":"https:\/\/kjerag.info\/","name":"Kjerag 365","description":"Tout ce que vous devez savoir pour votre randonn\u00e9e \u00e0 Kjerag","potentialAction":[{"@type":"SearchAction","target":{"@type":"EntryPoint","urlTemplate":"https:\/\/kjerag.info\/?s={search_term_string}"},"query-input":{"@type":"PropertyValueSpecification","valueRequired":true,"valueName":"search_term_string"}}],"inLanguage":"fr-FR"}]}},"_links":{"self":[{"href":"https:\/\/kjerag.info\/fr\/wp-json\/wp\/v2\/pages\/219796","targetHints":{"allow":["GET"]}}],"collection":[{"href":"https:\/\/kjerag.info\/fr\/wp-json\/wp\/v2\/pages"}],"about":[{"href":"https:\/\/kjerag.info\/fr\/wp-json\/wp\/v2\/types\/page"}],"author":[{"embeddable":true,"href":"https:\/\/kjerag.info\/fr\/wp-json\/wp\/v2\/users\/16"}],"replies":[{"embeddable":true,"href":"https:\/\/kjerag.info\/fr\/wp-json\/wp\/v2\/comments?post=219796"}],"version-history":[{"count":0,"href":"https:\/\/kjerag.info\/fr\/wp-json\/wp\/v2\/pages\/219796\/revisions"}],"wp:featuredmedia":[{"embeddable":true,"href":"https:\/\/kjerag.info\/fr\/wp-json\/wp\/v2\/media\/219797"}],"wp:attachment":[{"href":"https:\/\/kjerag.info\/fr\/wp-json\/wp\/v2\/media?parent=219796"}],"curies":[{"name":"wp","href":"https:\/\/api.w.org\/{rel}","templated":true}]}}