{"id":219793,"date":"2024-09-02T20:36:11","date_gmt":"2024-09-02T18:36:11","guid":{"rendered":"https:\/\/kjerag.info\/?page_id=219793"},"modified":"2025-02-12T09:04:38","modified_gmt":"2025-02-12T08:04:38","slug":"page-daccueil","status":"publish","type":"page","link":"https:\/\/kjerag.info\/fr\/page-daccueil\/","title":{"rendered":"Page d&#8217;accueil"},"content":{"rendered":"<p>[et_pb_section fb_built=&#8221;1&#8243; custom_padding_last_edited=&#8221;on|phone&#8221; disabled_on=&#8221;on|on|off&#8221; admin_label=&#8221;Section&#8221; _builder_version=&#8221;4.25.2&#8243; background_enable_image=&#8221;off&#8221; width=&#8221;100%&#8221; max_width=&#8221;100%&#8221; custom_margin=&#8221;||0px&#8221; custom_margin_tablet=&#8221;||10px&#8221; custom_margin_phone=&#8221;&#8221; custom_margin_last_edited=&#8221;on|phone&#8221; custom_padding=&#8221;0px|0px|0px|0px|false|false&#8221; custom_padding_tablet=&#8221;25px|0px|25px|0px&#8221; custom_padding_phone=&#8221;25px||25px&#8221; global_colors_info=&#8221;{}&#8221;][et_pb_row disabled_on=&#8221;on|on|off&#8221; _builder_version=&#8221;4.25.2&#8243; width=&#8221;100%&#8221; max_width=&#8221;100%&#8221; custom_padding=&#8221;0px|0px|0px|0px|false|false&#8221; use_custom_width=&#8221;on&#8221; custom_width_px=&#8221;1920px&#8221; global_colors_info=&#8221;{}&#8221;][et_pb_column type=&#8221;4_4&#8243; _builder_version=&#8221;4.16&#8243; custom_padding=&#8221;|||&#8221; global_colors_info=&#8221;{}&#8221; custom_padding__hover=&#8221;|||&#8221;][et_pb_code _builder_version=&#8221;4.25.2&#8243; _module_preset=&#8221;default&#8221; global_colors_info=&#8221;{}&#8221;]<\/p>\n<style><!-- [et_pb_line_break_holder] -->    .video-container {<!-- [et_pb_line_break_holder] -->        position: relative;<!-- [et_pb_line_break_holder] -->        width: 100%; \/* Adjust the width as per your layout requirements *\/<!-- [et_pb_line_break_holder] -->        height: 0;<!-- [et_pb_line_break_holder] -->        padding-bottom: 56.25%; \/* Aspect Ratio 16:9 for horizontal videos *\/<!-- [et_pb_line_break_holder] -->        overflow: hidden;<!-- [et_pb_line_break_holder] -->    }<!-- [et_pb_line_break_holder] --><!-- [et_pb_line_break_holder] -->    .video-container iframe {<!-- [et_pb_line_break_holder] -->        position: absolute;<!-- [et_pb_line_break_holder] -->        top: 0;<!-- [et_pb_line_break_holder] -->        left: 0;<!-- [et_pb_line_break_holder] -->        width: 100%;<!-- [et_pb_line_break_holder] -->        height: 100%;<!-- [et_pb_line_break_holder] -->        border: none;<!-- [et_pb_line_break_holder] -->    }<!-- [et_pb_line_break_holder] --><\/style>\n<p><!-- [et_pb_line_break_holder] --><!-- [et_pb_line_break_holder] --><!-- [et_pb_line_break_holder] --><\/p>\n<div class=\"video-container\"><!-- [et_pb_line_break_holder] -->    <iframe src=\"https:\/\/www.youtube.com\/embed\/oTOJeBVBYcM?autoplay=1&#038;mute=1&#038;controls=0&#038;showinfo=0&#038;rel=0&#038;modestbranding=1&#038;loop=1&#038;playlist=oTOJeBVBYcM\" frameborder=\"0\" allow=\"autoplay; fullscreen\" allowfullscreen><\/iframe><!-- [et_pb_line_break_holder] --><\/div>\n<p><!-- [et_pb_line_break_holder] --><!-- [et_pb_line_break_holder] -->[\/et_pb_code][\/et_pb_column][\/et_pb_row][et_pb_row use_custom_gutter=&#8221;on&#8221; gutter_width=&#8221;1&#8243; disabled_on=&#8221;on|on|off&#8221; admin_label=&#8221;Yr widget&#8221; _builder_version=&#8221;4.25.2&#8243; background_color=&#8221;RGBA(255,255,255,0)&#8221; background_size=&#8221;initial&#8221; background_position=&#8221;top_left&#8221; background_repeat=&#8221;repeat&#8221; vertical_offset=&#8221;-80px&#8221; horizontal_offset=&#8221;-17%&#8221; z_index=&#8221;9999&#8243; width=&#8221;100%&#8221; module_alignment=&#8221;right&#8221; custom_margin=&#8221;||||false|false&#8221; custom_padding=&#8221;0|0px|32px|0px|false|false&#8221; animation_direction=&#8221;bottom&#8221; use_custom_width=&#8221;on&#8221; global_colors_info=&#8221;{}&#8221;][et_pb_column type=&#8221;4_4&#8243; admin_label=&#8221;Column&#8221; _builder_version=&#8221;4.25.2&#8243; positioning=&#8221;absolute&#8221; position_origin_a=&#8221;top_right&#8221; position_origin_r=&#8221;top_right&#8221; vertical_offset=&#8221;-57%&#8221; horizontal_offset=&#8221;-25%&#8221; custom_padding=&#8221;|||&#8221; custom_css_main_element=&#8221;width: 50%!important;&#8221; global_colors_info=&#8221;{}&#8221; custom_padding__hover=&#8221;|||&#8221;][et_pb_image src=&#8221;https:\/\/kjerag.info\/wp-content\/uploads\/2019\/02\/weather-cloud-sun-2.svg&#8221; title_text=&#8221;weather-cloud-sun-2&#8243; admin_label=&#8221;Image&#8221; _builder_version=&#8221;4.25.2&#8243; _module_preset=&#8221;default&#8221; max_width=&#8221;250px&#8221; custom_margin=&#8221;||0px||false|false&#8221; global_colors_info=&#8221;{}&#8221;][\/et_pb_image][et_pb_toggle title=&#8221;Weather forecast&#8221; open_toggle_text_color=&#8221;#000000&#8243; open_toggle_background_color=&#8221;RGBA(255,255,255,0)&#8221; closed_toggle_background_color=&#8221;RGBA(255,255,255,0)&#8221; icon_color=&#8221;#000000&#8243; toggle_icon=&#8221;&#xe050;||divi||400&#8243; use_icon_font_size=&#8221;on&#8221; icon_font_size=&#8221;20px&#8221; open_icon_color=&#8221;#000000&#8243; open_toggle_icon=&#8221;&#xe04f;||divi||400&#8243; open_use_icon_font_size=&#8221;on&#8221; open_icon_font_size=&#8221;20px&#8221; admin_label=&#8221;Toggle&#8221; _builder_version=&#8221;4.25.2&#8243; _module_preset=&#8221;default&#8221; title_text_color=&#8221;#000000&#8243; title_font_size=&#8221;14px&#8221; width=&#8221;100%&#8221; max_width=&#8221;500px&#8221; custom_margin=&#8221;-95px||||false|false&#8221; custom_css_main_element=&#8221;position: absolute; ||z-index: 999999 !important; ||overflow: visible;||width: 100%;&#8221; custom_css_open_toggle=&#8221;  -webkit-touch-callout: none; \/* iOS Safari *\/||    -webkit-user-select: none; \/* Safari *\/||     -khtml-user-select: none; \/* Konqueror HTML *\/||       -moz-user-select: none; \/* Old versions of Firefox *\/||        -ms-user-select: none; \/* Internet Explorer\/Edge *\/||            user-select: none; \/* Non-prefixed version, currently||                                  supported by Chrome, Edge, Opera and Firefox *\/&#8221; custom_css_toggle_icon=&#8221;position: absolute;||left: 180px;||z-index: 9999;&#8221; border_width_all=&#8221;0px&#8221; global_colors_info=&#8221;{}&#8221;]<\/p>\n<div class=\"weatherForecastFront\"><iframe loading=\"lazy\" class=\"yr-widget-card\" src=\"https:\/\/www.yr.no\/en\/content\/1-26420\/widgets\/card.html\" width=\"100%\" height=\"367\" style=\"border: none;\"><\/iframe><\/div>\n<p>[\/et_pb_toggle][\/et_pb_column][\/et_pb_row][\/et_pb_section][et_pb_section fb_built=&#8221;1&#8243; disabled_on=&#8221;off|off|off&#8221; admin_label=&#8221;Message front&#8221; module_class=&#8221;meldingFront&#8221; _builder_version=&#8221;4.25.2&#8243; custom_margin=&#8221;|||-280px&#8221; custom_margin_tablet=&#8221;|||0px&#8221; custom_margin_phone=&#8221;&#8221; custom_margin_last_edited=&#8221;on|phone&#8221; custom_padding=&#8221;0px|0px|25px|0px&#8221; custom_css_main_element=&#8221;z-index: 2;&#8221; locked=&#8221;off&#8221; collapsed=&#8221;off&#8221; global_colors_info=&#8221;{}&#8221;][et_pb_row column_structure=&#8221;1_4,3_4&#8243; use_custom_gutter=&#8221;on&#8221; gutter_width=&#8221;1&#8243; disabled_on=&#8221;off|off|off&#8221; _builder_version=&#8221;4.25.2&#8243; background_size=&#8221;initial&#8221; background_position=&#8221;top_left&#8221; background_repeat=&#8221;repeat&#8221; module_alignment=&#8221;center&#8221; custom_margin=&#8221;|||&#8221; custom_padding=&#8221;0|0px|32px|0px|false|false&#8221; animation_direction=&#8221;bottom&#8221; use_custom_width=&#8221;on&#8221; global_colors_info=&#8221;{}&#8221;][et_pb_column type=&#8221;1_4&#8243; admin_label=&#8221;Column&#8221; _builder_version=&#8221;4.16&#8243; custom_padding=&#8221;|||&#8221; global_colors_info=&#8221;{}&#8221; custom_padding__hover=&#8221;|||&#8221;][et_pb_kkblogext_grid posts_number=&#8221;1&#8243; include_categories=&#8221;60&#8243; show_thumbnail=&#8221;off&#8221; show_content=&#8221;none&#8221; show_author=&#8221;off&#8221; show_categories=&#8221;off&#8221; show_pagination=&#8221;off&#8221; disabled_on=&#8221;off|off|off&#8221; module_class=&#8221;messageImage&#8221; _builder_version=&#8221;4.25.2&#8243; title_font=&#8221;|||on|||||&#8221; title_text_align=&#8221;right&#8221; title_font_size=&#8221;16&#8243; meta_font=&#8221;|800|||||||&#8221; meta_text_align=&#8221;right&#8221; meta_font_size=&#8221;16&#8243; body_font=&#8221;|800|||||||&#8221; body_text_align=&#8221;right&#8221; custom_css_main_element=&#8221;\t&#8221; global_colors_info=&#8221;{}&#8221;][\/et_pb_kkblogext_grid][\/et_pb_column][et_pb_column type=&#8221;3_4&#8243; _builder_version=&#8221;4.25.2&#8243; custom_padding=&#8221;|||&#8221; global_colors_info=&#8221;{}&#8221; custom_padding__hover=&#8221;|||&#8221;][et_pb_kkblogext_grid posts_number=&#8221;1&#8243; include_categories=&#8221;60&#8243; show_thumbnail=&#8221;off&#8221; trunc_num=&#8221;140&#8243; show_author=&#8221;off&#8221; show_date=&#8221;off&#8221; show_categories=&#8221;off&#8221; show_pagination=&#8221;off&#8221; module_class=&#8221;messageTxt&#8221; _builder_version=&#8221;4.25.2&#8243; title_font=&#8221;|||on|||||&#8221; title_text_align=&#8221;center&#8221; title_font_size=&#8221;24px&#8221; meta_font=&#8221;||||||||&#8221; meta_font_size=&#8221;12&#8243; body_font=&#8221;|300|||||||&#8221; body_text_align=&#8221;center&#8221; title_font_size_tablet=&#8221;22px&#8221; title_font_size_phone=&#8221;20px&#8221; title_font_size_last_edited=&#8221;on|phone&#8221; body_font_size_tablet=&#8221;&#8221; body_font_size_phone=&#8221;14px&#8221; body_font_size_last_edited=&#8221;on|phone&#8221; custom_css_main_element=&#8221;\t&#8221; global_colors_info=&#8221;{}&#8221;][\/et_pb_kkblogext_grid][\/et_pb_column][\/et_pb_row][et_pb_row use_custom_gutter=&#8221;on&#8221; gutter_width=&#8221;1&#8243; disabled_on=&#8221;off|off|on&#8221; admin_label=&#8221;Yr widget&#8221; _builder_version=&#8221;4.27.0&#8243; background_color=&#8221;#ffffff&#8221; background_size=&#8221;initial&#8221; background_position=&#8221;top_left&#8221; background_repeat=&#8221;repeat&#8221; vertical_offset=&#8221;-12px&#8221; vertical_offset_tablet=&#8221;-12px&#8221; vertical_offset_phone=&#8221;-12px&#8221; vertical_offset_last_edited=&#8221;on|phone&#8221; width=&#8221;100%&#8221; module_alignment=&#8221;right&#8221; height=&#8221;100%&#8221; custom_margin=&#8221;||||false|false&#8221; custom_padding=&#8221;0|0px|32px|0px|false|false&#8221; animation_direction=&#8221;bottom&#8221; use_custom_width=&#8221;on&#8221; global_colors_info=&#8221;{}&#8221;][et_pb_column type=&#8221;4_4&#8243; admin_label=&#8221;Column&#8221; _builder_version=&#8221;4.27.0&#8243; positioning=&#8221;absolute&#8221; position_origin_a=&#8221;top_right&#8221; position_origin_r=&#8221;top_right&#8221; vertical_offset=&#8221;0px&#8221; horizontal_offset=&#8221;39%&#8221; z_index=&#8221;1000&#8243; horizontal_offset_tablet=&#8221;39%&#8221; horizontal_offset_phone=&#8221;15%&#8221; horizontal_offset_last_edited=&#8221;on|phone&#8221; custom_padding=&#8221;|||&#8221; custom_css_main_element=&#8221;width: 50%!important;&#8221; global_colors_info=&#8221;{}&#8221; custom_padding__hover=&#8221;|||&#8221; custom_css_main_element_last_edited=&#8221;on|phone&#8221; custom_css_main_element_phone=&#8221;width: 80%!important;&#8221; custom_css_main_element_tablet=&#8221;width: 50%!important;&#8221;][et_pb_image src=&#8221;https:\/\/kjerag.info\/wp-content\/uploads\/2019\/02\/weather-cloud-sun-2.svg&#8221; title_text=&#8221;weather-cloud-sun-2&#8243; admin_label=&#8221;Image&#8221; _builder_version=&#8221;4.25.2&#8243; _module_preset=&#8221;default&#8221; max_width=&#8221;250px&#8221; custom_margin=&#8221;||0px||false|false&#8221; global_colors_info=&#8221;{}&#8221;][\/et_pb_image][et_pb_toggle title=&#8221;Weather forecast&#8221; open_toggle_text_color=&#8221;#000000&#8243; open_toggle_background_color=&#8221;RGBA(255,255,255,0)&#8221; closed_toggle_background_color=&#8221;RGBA(255,255,255,0)&#8221; icon_color=&#8221;#4E9307&#8243; toggle_icon=&#8221;&#x43;||divi||400&#8243; use_icon_font_size=&#8221;on&#8221; icon_font_size=&#8221;20px&#8221; open_icon_color=&#8221;#000000&#8243; open_toggle_icon=&#8221;&#xe04f;||divi||400&#8243; open_use_icon_font_size=&#8221;on&#8221; open_icon_font_size=&#8221;20px&#8221; admin_label=&#8221;Toggle&#8221; _builder_version=&#8221;4.25.2&#8243; _module_preset=&#8221;default&#8221; title_text_color=&#8221;#000000&#8243; title_font_size=&#8221;14px&#8221; width=&#8221;100%&#8221; custom_margin=&#8221;-95px||||false|false&#8221; custom_css_main_element=&#8221;position: absolute; ||z-index: 999999 !important; ||overflow: visible;||width: 100%!important;&#8221; custom_css_open_toggle=&#8221;  -webkit-touch-callout: none; \/* iOS Safari *\/||    -webkit-user-select: none; \/* Safari *\/||     -khtml-user-select: none; \/* Konqueror HTML *\/||       -moz-user-select: none; \/* Old versions of Firefox *\/||        -ms-user-select: none; \/* Internet Explorer\/Edge *\/||            user-select: none; \/* Non-prefixed version, currently||                                  supported by Chrome, Edge, Opera and Firefox *\/&#8221; custom_css_toggle_icon=&#8221;position: absolute;||left: 100px;||top: 10px;||z-index: 9999;&#8221; border_width_all=&#8221;0px&#8221; global_colors_info=&#8221;{}&#8221;]<\/p>\n<div class=\"weatherForecastFront\"><iframe loading=\"lazy\" class=\"yr-widget-card\" src=\"https:\/\/www.yr.no\/en\/content\/1-26420\/widgets\/card.html\" width=\"100%\" height=\"367\" style=\"border: none;\"><\/iframe><\/div>\n<p>[\/et_pb_toggle][\/et_pb_column][\/et_pb_row][\/et_pb_section][et_pb_section fb_built=&#8221;1&#8243; _builder_version=&#8221;4.16&#8243; custom_padding=&#8221;30px|0px|55px|0px|false|false&#8221; custom_css_main_element=&#8221;z-index: 1;&#8221; global_colors_info=&#8221;{}&#8221;][et_pb_row column_structure=&#8221;1_3,2_3&#8243; _builder_version=&#8221;4.25.2&#8243; _module_preset=&#8221;default&#8221; global_colors_info=&#8221;{}&#8221;][et_pb_column type=&#8221;1_3&#8243; _builder_version=&#8221;4.25.2&#8243; _module_preset=&#8221;default&#8221; global_colors_info=&#8221;{}&#8221;][et_pb_image src=&#8221;https:\/\/kjerag.info\/wp-content\/uploads\/2025\/01\/kjerag-100-ar-logo-scaled.jpg&#8221; title_text=&#8221;kjerag 100 a\u030ar-logo&#8221; _builder_version=&#8221;4.27.4&#8243; _module_preset=&#8221;default&#8221; width=&#8221;95%&#8221; width_tablet=&#8221;95%&#8221; width_phone=&#8221;95%&#8221; width_last_edited=&#8221;on|desktop&#8221; custom_margin=&#8221;0px|1px|0px|0px|false|false&#8221; custom_padding=&#8221;0px|0px|0px|0px|false|false&#8221; hover_enabled=&#8221;0&#8243; global_colors_info=&#8221;{}&#8221; url=&#8221;https:\/\/kjerag.info\/fr\/1925-2025-lhistoire-de-kjerag\/&#8221; sticky_enabled=&#8221;0&#8243;][\/et_pb_image][\/et_pb_column][et_pb_column type=&#8221;2_3&#8243; _builder_version=&#8221;4.25.2&#8243; _module_preset=&#8221;default&#8221; global_colors_info=&#8221;{}&#8221;][et_pb_text _builder_version=&#8221;4.27.0&#8243; header_font=&#8221;||||||||&#8221; header_4_font=&#8221;|300||on|||||&#8221; header_4_text_align=&#8221;center&#8221; header_4_font_size=&#8221;24px&#8221; header_4_letter_spacing=&#8221;0.1em&#8221; header_4_line_height=&#8221;1.2em&#8221; custom_margin=&#8221;||0px&#8221; header_4_font_size_tablet=&#8221;22px&#8221; header_4_font_size_phone=&#8221;18px&#8221; header_4_font_size_last_edited=&#8221;on|phone&#8221; global_colors_info=&#8221;{}&#8221;]<\/p>\n<h4>La majest\u00e9 du Lysefjord<\/h4>\n<p>[\/et_pb_text][et_pb_text _builder_version=&#8221;4.25.2&#8243; header_font=&#8221;|700||on|||||&#8221; header_text_align=&#8221;center&#8221; header_font_size=&#8221;72px&#8221; header_letter_spacing=&#8221;0.1em&#8221; header_line_height=&#8221;1.2em&#8221; header_2_font=&#8221;|700||on|||||&#8221; header_2_text_align=&#8221;center&#8221; header_2_font_size=&#8221;72px&#8221; header_2_letter_spacing=&#8221;0.1em&#8221; header_2_line_height=&#8221;1.2em&#8221; header_4_font=&#8221;|300||on|||||&#8221; header_4_text_align=&#8221;center&#8221; header_4_font_size=&#8221;24px&#8221; custom_margin=&#8221;||||false&#8221; header_font_size_tablet=&#8221;52px&#8221; header_font_size_phone=&#8221;42px&#8221; header_font_size_last_edited=&#8221;on|phone&#8221; header_2_font_size_tablet=&#8221;52px&#8221; header_2_font_size_phone=&#8221;42px&#8221; header_2_font_size_last_edited=&#8221;on|phone&#8221; header_4_font_size_tablet=&#8221;22px&#8221; header_4_font_size_phone=&#8221;18px&#8221; header_4_font_size_last_edited=&#8221;on|phone&#8221; global_colors_info=&#8221;{}&#8221;]<\/p>\n<h2>100 ans de Kjerag<\/h2>\n<p>[\/et_pb_text][et_pb_divider color=&#8221;#66c903&#8243; divider_weight=&#8221;2px&#8221; _builder_version=&#8221;4.16&#8243; max_width=&#8221;200px&#8221; max_width_tablet=&#8221;100px&#8221; max_width_phone=&#8221;&#8221; max_width_last_edited=&#8221;on|phone&#8221; module_alignment=&#8221;center&#8221; animation_direction=&#8221;bottom&#8221; global_colors_info=&#8221;{}&#8221;][\/et_pb_divider][et_pb_text _builder_version=&#8221;4.25.2&#8243; text_font=&#8221;||||||||&#8221; text_font_size=&#8221;24px&#8221; text_line_height=&#8221;1.5em&#8221; header_font=&#8221;||||||||&#8221; max_width=&#8221;900px&#8221; module_alignment=&#8221;center&#8221; custom_margin=&#8221;||||false|false&#8221; custom_padding=&#8221;||||false|false&#8221; text_font_size_tablet=&#8221;20px&#8221; text_font_size_phone=&#8221;18px&#8221; text_font_size_last_edited=&#8221;on|phone&#8221; text_orientation_tablet=&#8221;left&#8221; text_orientation_phone=&#8221;left&#8221; text_orientation_last_edited=&#8221;on|tablet&#8221; global_colors_info=&#8221;{}&#8221;]<\/p>\n<p>Kjerag, perch\u00e9 \u00e0 1 000 m\u00e8tres au-dessus du Lysefjord, est une merveille naturelle datant de plus de 10 000 ans. Le rocher de Kjerag, coinc\u00e9 entre d\u2019impressionnantes falaises, offre des vues \u00e0 couper le souffle sur le fjord en contrebas.<\/p>\n<p>[\/et_pb_text][et_pb_text _builder_version=&#8221;4.27.0&#8243; text_font=&#8221;|300|||||||&#8221; text_letter_spacing=&#8221;1px&#8221; text_line_height=&#8221;1.5em&#8221; text_orientation=&#8221;center&#8221; max_width=&#8221;900px&#8221; module_alignment=&#8221;center&#8221; custom_margin=&#8221;||35px&#8221; global_colors_info=&#8221;{}&#8221;]<\/p>\n<p style=\"text-align: left;\">La randonn\u00e9e jusqu\u2019\u00e0 Kjerag est un d\u00e9fi stimulant mais qui en vaut vraiment la peine. Le parcours aller-retour de 11 kilom\u00e8tres dure environ 5 \u00e0 6 heures, avec des escaliers construits par des Sherpas, des mont\u00e9es raides en granit et un terrain vari\u00e9. Bien que l&#8217;effort soit consid\u00e9rable, les panoramas \u00e9poustouflants depuis le plateau de Kjerag, incluant le c\u00e9l\u00e8bre rocher Kjeragbolten et le point de vue de Nesatindane, rendent la randonn\u00e9e m\u00e9morable. Cette page vous fournit toutes les informations n\u00e9cessaires pour planifier et savourer cette exp\u00e9rience inoubliable.<\/p>\n<p style=\"text-align: left;\">En <strong data-start=\"3\" data-end=\"11\">2025<\/strong>, cela fera <strong data-start=\"23\" data-end=\"34\">100 ans<\/strong> que la premi\u00e8re photographie connue du <strong data-start=\"74\" data-end=\"90\">Kjeragbolten<\/strong> a \u00e9t\u00e9 prise.<br data-start=\"103\" data-end=\"106\" \/><strong data-start=\"109\" data-end=\"140\" data-is-last-node=\"\">D\u00e9couvrez son histoire <a href=\"\/?page_id=220253\">ici<\/a>.<\/strong><\/p>\n<p>[\/et_pb_text][\/et_pb_column][\/et_pb_row][et_pb_row column_structure=&#8221;1_3,1_3,1_3&#8243; use_custom_gutter=&#8221;on&#8221; gutter_width=&#8221;3&#8243; make_equal=&#8221;on&#8221; _builder_version=&#8221;4.25.2&#8243; custom_padding=&#8221;32px|0px|32px|0px|false|false&#8221; use_custom_width=&#8221;on&#8221; custom_width_px=&#8221;1280px&#8221; global_colors_info=&#8221;{}&#8221;][et_pb_column type=&#8221;1_3&#8243; module_class=&#8221;hvr-grow&#8221; _builder_version=&#8221;4.16.1&#8243; custom_padding=&#8221;|||&#8221; link_option_url=&#8221;\/kjerag-and-preikestolen-are-now-certified-as-norwegian-scenic-hikes\/&#8221; global_colors_info=&#8221;{}&#8221; custom_padding__hover=&#8221;|||&#8221;][et_pb_image src=&#8221;https:\/\/kjerag.info\/wp-content\/uploads\/2024\/01\/Lysefjorden.jpg&#8221; title_text=&#8221;Lysefjorden&#8221; url=&#8221;@ET-DC@eyJkeW5hbWljIjp0cnVlLCJjb250ZW50IjoicG9zdF9saW5rX3VybF9wYWdlIiwic2V0dGluZ3MiOnsicG9zdF9pZCI6IjIxODQxOCJ9fQ==@&#8221; _builder_version=&#8221;4.25.2&#8243; _dynamic_attributes=&#8221;url&#8221; _module_preset=&#8221;default&#8221; custom_margin=&#8221;||15px|||&#8221; global_colors_info=&#8221;{}&#8221;][\/et_pb_image][et_pb_text _builder_version=&#8221;4.27.0&#8243; header_font=&#8221;||||||||&#8221; header_4_font=&#8221;|600||on|||||&#8221; header_4_text_align=&#8221;center&#8221; header_4_font_size=&#8221;24px&#8221; custom_margin=&#8221;||6px&#8221; custom_padding=&#8221;20px||||false|false&#8221; link_option_url=&#8221;https:\/\/kjerag.info\/how-to-get-to-preikestolen\/&#8221; header_4_font_size_tablet=&#8221;22px&#8221; header_4_font_size_phone=&#8221;20px&#8221; header_4_font_size_last_edited=&#8221;on|phone&#8221; global_colors_info=&#8221;{}&#8221;]<\/p>\n<h4 style=\"text-align: center;\"><strong>Comment se rendre <br \/>\u00e0 Kjerag ?<\/strong><\/h4>\n<p>[\/et_pb_text][et_pb_text _builder_version=&#8221;4.27.0&#8243; text_font=&#8221;|300|||||||&#8221; text_font_size=&#8221;16px&#8221; text_letter_spacing=&#8221;0.05em&#8221; text_line_height=&#8221;1.4em&#8221; header_font=&#8221;||||||||&#8221; text_orientation=&#8221;center&#8221; max_width=&#8221;300px&#8221; max_width_tablet=&#8221;300px&#8221; max_width_phone=&#8221;&#8221; max_width_last_edited=&#8221;on|phone&#8221; module_alignment=&#8221;center&#8221; global_colors_info=&#8221;{}&#8221;]<\/p>\n<div class=\"flex max-w-full flex-col flex-grow\">\n<div data-message-author-role=\"assistant\" data-message-id=\"4ac7a53a-6827-4976-a54d-6034b3022714\" dir=\"auto\" class=\"min-h-[20px] text-message flex w-full flex-col items-end gap-2 break-words [.text-message+&amp;]:mt-5 overflow-x-auto whitespace-normal\">\n<div class=\"flex w-full flex-col gap-1 empty:hidden first:pt-[3px]\">\n<div class=\"markdown prose w-full break-words dark:prose-invert light\">\n<p>D\u00e9couvrez les diff\u00e9rentes options pour rejoindre Kjerag, que ce soit en transport public ou en voiture.<\/p>\n<\/div>\n<\/div>\n<\/div>\n<\/div>\n<p>[\/et_pb_text][et_pb_button button_url=&#8221;@ET-DC@eyJkeW5hbWljIjp0cnVlLCJjb250ZW50IjoicG9zdF9saW5rX3VybF9wYWdlIiwic2V0dGluZ3MiOnsicG9zdF9pZCI6IjIxODQxOCJ9fQ==@&#8221; button_text=&#8221;Pour en savoir plus&#8221; button_alignment=&#8221;center&#8221; _builder_version=&#8221;4.27.0&#8243; _dynamic_attributes=&#8221;button_url&#8221; custom_button=&#8221;on&#8221; button_border_width=&#8221;1px&#8221; button_border_color=&#8221;#4e9307&#8243; button_border_radius=&#8221;1px&#8221; button_letter_spacing=&#8221;0.1em&#8221; button_font=&#8221;Oswald|500|||||||&#8221; button_use_icon=&#8221;off&#8221; custom_margin=&#8221;||35px&#8221; custom_padding=&#8221;5px||&#8221; custom_css_main_element=&#8221;min-width: 220px; &#8221; global_colors_info=&#8221;{}&#8221; button_text_color__hover_enabled=&#8221;on&#8221; button_text_color__hover=&#8221;#4e9307&#8243; button_bg_color__hover_enabled=&#8221;on&#8221; button_bg_color__hover=&#8221;#f9f9f9&#8243;][\/et_pb_button][\/et_pb_column][et_pb_column type=&#8221;1_3&#8243; module_class=&#8221;hvr-grow&#8221; _builder_version=&#8221;4.16&#8243; custom_padding=&#8221;|||&#8221; global_colors_info=&#8221;{}&#8221; custom_padding__hover=&#8221;|||&#8221;][et_pb_image src=&#8221;https:\/\/kjerag.info\/wp-content\/uploads\/2024\/08\/Parking-at-Kjerag.jpg&#8221; title_text=&#8221;Parking at Kjerag&#8221; url=&#8221;@ET-DC@eyJkeW5hbWljIjp0cnVlLCJjb250ZW50IjoicG9zdF9saW5rX3VybF9wYWdlIiwic2V0dGluZ3MiOnsicG9zdF9pZCI6IjIxODQyMiJ9fQ==@&#8221; _builder_version=&#8221;4.25.2&#8243; _dynamic_attributes=&#8221;url&#8221; _module_preset=&#8221;default&#8221; custom_margin=&#8221;||15px|||&#8221; global_colors_info=&#8221;{}&#8221;][\/et_pb_image][et_pb_text _builder_version=&#8221;4.27.0&#8243; header_font=&#8221;||||||||&#8221; header_4_font=&#8221;|600||on|||||&#8221; header_4_text_align=&#8221;center&#8221; header_4_font_size=&#8221;24px&#8221; custom_margin=&#8221;||6px&#8221; custom_padding=&#8221;20px||||false|false&#8221; link_option_url=&#8221;https:\/\/kjerag.info\/parking-at-preikestolen\/&#8221; header_4_font_size_tablet=&#8221;22px&#8221; header_4_font_size_phone=&#8221;20px&#8221; header_4_font_size_last_edited=&#8221;on|phone&#8221; global_colors_info=&#8221;{}&#8221;]<\/p>\n<h4>Stationnement <br \/>\u00e0 Kjerag<\/h4>\n<p>[\/et_pb_text][et_pb_text _builder_version=&#8221;4.27.0&#8243; text_font=&#8221;|300|||||||&#8221; text_font_size=&#8221;16px&#8221; text_letter_spacing=&#8221;0.05em&#8221; text_line_height=&#8221;1.4em&#8221; header_font=&#8221;||||||||&#8221; text_orientation=&#8221;center&#8221; max_width=&#8221;300px&#8221; max_width_tablet=&#8221;300px&#8221; max_width_phone=&#8221;&#8221; max_width_last_edited=&#8221;on|phone&#8221; module_alignment=&#8221;center&#8221; global_colors_info=&#8221;{}&#8221;]<\/p>\n<p>Informations sur les possibilit\u00e9s de stationnement \u00e0 Kjerag, ainsi que sur les installations et services.<\/p>\n<p>[\/et_pb_text][et_pb_button button_url=&#8221;@ET-DC@eyJkeW5hbWljIjp0cnVlLCJjb250ZW50IjoicG9zdF9saW5rX3VybF9wYWdlIiwic2V0dGluZ3MiOnsicG9zdF9pZCI6IjIxODQyMiJ9fQ==@&#8221; button_text=&#8221;Pour en savoir plus&#8221; button_alignment=&#8221;center&#8221; _builder_version=&#8221;4.27.0&#8243; _dynamic_attributes=&#8221;button_url&#8221; custom_button=&#8221;on&#8221; button_border_width=&#8221;1px&#8221; button_border_color=&#8221;#4e9307&#8243; button_border_radius=&#8221;1px&#8221; button_letter_spacing=&#8221;0.1em&#8221; button_font=&#8221;Oswald|500|||||||&#8221; button_use_icon=&#8221;off&#8221; custom_margin=&#8221;||35px&#8221; custom_padding=&#8221;5px||&#8221; custom_css_main_element=&#8221;min-width: 220px; &#8221; global_colors_info=&#8221;{}&#8221; button_text_color__hover_enabled=&#8221;on&#8221; button_text_color__hover=&#8221;#4e9307&#8243; button_bg_color__hover_enabled=&#8221;on&#8221; button_bg_color__hover=&#8221;#f9f9f9&#8243;][\/et_pb_button][\/et_pb_column][et_pb_column type=&#8221;1_3&#8243; module_class=&#8221;hvr-grow&#8221; _builder_version=&#8221;4.16&#8243; custom_padding=&#8221;|||&#8221; global_colors_info=&#8221;{}&#8221; custom_padding__hover=&#8221;|||&#8221;][et_pb_image src=&#8221;https:\/\/kjerag.info\/wp-content\/uploads\/2024\/08\/Hiking-to-Kjerag-scaled.jpg&#8221; title_text=&#8221;Hiking to Kjerag&#8221; url=&#8221;@ET-DC@eyJkeW5hbWljIjp0cnVlLCJjb250ZW50IjoicG9zdF9saW5rX3VybF9wYWdlIiwic2V0dGluZ3MiOnsicG9zdF9pZCI6IjIxODQyNiJ9fQ==@&#8221; _builder_version=&#8221;4.25.2&#8243; _dynamic_attributes=&#8221;url&#8221; _module_preset=&#8221;default&#8221; custom_margin=&#8221;||15px|||&#8221; global_colors_info=&#8221;{}&#8221;][\/et_pb_image][et_pb_text _builder_version=&#8221;4.27.0&#8243; text_font=&#8221;||||||||&#8221; header_font=&#8221;||||||||&#8221; header_letter_spacing=&#8221;0.05em&#8221; header_4_font=&#8221;|600||on|||||&#8221; header_4_text_align=&#8221;center&#8221; header_4_font_size=&#8221;24px&#8221; custom_margin=&#8221;||6px||false|false&#8221; custom_padding=&#8221;20px||||false|false&#8221; link_option_url=&#8221;https:\/\/kjerag.info\/hiking-to-preikestolen\/&#8221; header_4_font_size_tablet=&#8221;22px&#8221; header_4_font_size_phone=&#8221;20px&#8221; header_4_font_size_last_edited=&#8221;on|phone&#8221; global_colors_info=&#8221;{}&#8221;]<\/p>\n<h4 style=\"text-align: center;\"><strong>Randonn\u00e9e <br \/>jusqu&#8217; \u00e0 Kjerag<\/strong><\/h4>\n<p>[\/et_pb_text][et_pb_text _builder_version=&#8221;4.27.0&#8243; text_font=&#8221;|300|||||||&#8221; text_font_size=&#8221;16px&#8221; text_letter_spacing=&#8221;0.05em&#8221; text_line_height=&#8221;1.4em&#8221; header_font=&#8221;||||||||&#8221; text_orientation=&#8221;center&#8221; max_width=&#8221;300px&#8221; max_width_tablet=&#8221;300px&#8221; max_width_phone=&#8221;&#8221; max_width_last_edited=&#8221;on|phone&#8221; module_alignment=&#8221;center&#8221; global_colors_info=&#8221;{}&#8221;]<\/p>\n<div class=\"flex max-w-full flex-col flex-grow\">\n<div data-message-author-role=\"assistant\" data-message-id=\"140637d3-ddd8-46a7-aacd-3457707f928a\" dir=\"auto\" class=\"min-h-[20px] text-message flex w-full flex-col items-end gap-2 break-words [.text-message+&amp;]:mt-5 overflow-x-auto whitespace-normal\">\n<div class=\"flex w-full flex-col gap-1 empty:hidden first:pt-[3px]\">\n<div class=\"markdown prose w-full break-words dark:prose-invert light\">\n<p>D\u00e9tails sur le sentier, les pr\u00e9paratifs indispensables et les conseils de s\u00e9curit\u00e9 pour une exp\u00e9rience optimal.<\/p>\n<\/div>\n<\/div>\n<\/div>\n<\/div>\n<p>[\/et_pb_text][et_pb_button button_url=&#8221;@ET-DC@eyJkeW5hbWljIjp0cnVlLCJjb250ZW50IjoicG9zdF9saW5rX3VybF9wYWdlIiwic2V0dGluZ3MiOnsicG9zdF9pZCI6IjIxODQyNiJ9fQ==@&#8221; button_text=&#8221;Pour en savoir plus&#8221; button_alignment=&#8221;center&#8221; _builder_version=&#8221;4.27.0&#8243; _dynamic_attributes=&#8221;button_url&#8221; custom_button=&#8221;on&#8221; button_border_width=&#8221;1px&#8221; button_border_color=&#8221;#4e9307&#8243; button_border_radius=&#8221;1px&#8221; button_letter_spacing=&#8221;0.1em&#8221; button_font=&#8221;Oswald|500|||||||&#8221; button_use_icon=&#8221;off&#8221; custom_margin=&#8221;||35px&#8221; custom_padding=&#8221;5px||&#8221; custom_css_main_element=&#8221;min-width: 220px; &#8221; global_colors_info=&#8221;{}&#8221; button_text_color__hover_enabled=&#8221;on&#8221; button_text_color__hover=&#8221;#4e9307&#8243; button_bg_color__hover_enabled=&#8221;on&#8221; button_bg_color__hover=&#8221;#f9f9f9&#8243;][\/et_pb_button][\/et_pb_column][\/et_pb_row][et_pb_row _builder_version=&#8221;4.22.1&#8243; _module_preset=&#8221;default&#8221; width=&#8221;100%&#8221; max_width=&#8221;100%&#8221; custom_padding=&#8221;0px||0px||false|false&#8221; global_colors_info=&#8221;{}&#8221;][et_pb_column type=&#8221;4_4&#8243; _builder_version=&#8221;4.22.1&#8243; _module_preset=&#8221;default&#8221; global_colors_info=&#8221;{}&#8221;][et_pb_code _builder_version=&#8221;4.25.2&#8243; _module_preset=&#8221;default&#8221; global_colors_info=&#8221;{}&#8221;]<iframe loading=\"lazy\" width=\"560\" height=\"315\" src=\"https:\/\/www.youtube.com\/embed\/A5kKX44V3RA?si=MT5bD3zQud92FQ-J&#038;amp&#038;autoplay=1&#038;loop=1&#038;playlist=A5kKX44V3RA&#038;mute=1;controls=0\" title=\"YouTube video player\" frameborder=\"0\" allow=\"accelerometer; autoplay; clipboard-write; encrypted-media; gyroscope; picture-in-picture; web-share\" allowfullscreen><\/iframe>[\/et_pb_code][\/et_pb_column][\/et_pb_row][et_pb_row column_structure=&#8221;1_3,1_3,1_3&#8243; use_custom_gutter=&#8221;on&#8221; gutter_width=&#8221;3&#8243; make_equal=&#8221;on&#8221; _builder_version=&#8221;4.16.1&#8243; max_width=&#8221;1080px&#8221; custom_padding=&#8221;32px|0px|32px|0px|false|false&#8221; use_custom_width=&#8221;on&#8221; custom_width_px=&#8221;1280px&#8221; global_colors_info=&#8221;{}&#8221;][et_pb_column type=&#8221;1_3&#8243; module_class=&#8221;hvr-grow&#8221; _builder_version=&#8221;4.16&#8243; custom_padding=&#8221;|||&#8221; global_colors_info=&#8221;{}&#8221; custom_padding__hover=&#8221;|||&#8221;][et_pb_image src=&#8221;https:\/\/kjerag.info\/wp-content\/uploads\/2021\/01\/Nasjonale-turiststier_Logo_engelsk.svg&#8221; title_text=&#8221;Nasjonale turiststier_Logo_engelsk&#8221; align=&#8221;center&#8221; align_tablet=&#8221;center&#8221; align_phone=&#8221;&#8221; align_last_edited=&#8221;on|desktop&#8221; _builder_version=&#8221;4.16&#8243; max_width=&#8221;85%&#8221; custom_margin=&#8221;53px||53px||true|false&#8221; global_colors_info=&#8221;{}&#8221; max_width__hover=&#8221;170px&#8221;][\/et_pb_image][et_pb_text _builder_version=&#8221;4.27.0&#8243; header_font=&#8221;||||||||&#8221; header_4_font=&#8221;|600||on|||||&#8221; header_4_text_align=&#8221;center&#8221; header_4_font_size=&#8221;24px&#8221; custom_margin=&#8221;||6px&#8221; header_4_font_size_tablet=&#8221;22px&#8221; header_4_font_size_phone=&#8221;20px&#8221; header_4_font_size_last_edited=&#8221;on|phone&#8221; global_colors_info=&#8221;{}&#8221;]<\/p>\n<h4 style=\"text-align: center;\"><strong>Randonn\u00e9e Sc\u00e9nique Norv\u00e9gienne<\/strong><\/h4>\n<p>[\/et_pb_text][et_pb_text _builder_version=&#8221;4.27.0&#8243; text_font=&#8221;|300|||||||&#8221; text_font_size=&#8221;16px&#8221; text_letter_spacing=&#8221;0.05em&#8221; text_line_height=&#8221;1.4em&#8221; header_font=&#8221;||||||||&#8221; text_orientation=&#8221;center&#8221; max_width=&#8221;300px&#8221; max_width_tablet=&#8221;300px&#8221; max_width_phone=&#8221;&#8221; max_width_last_edited=&#8221;on|phone&#8221; module_alignment=&#8221;center&#8221; global_colors_info=&#8221;{}&#8221;]<\/p>\n<div class=\"flex max-w-full flex-col flex-grow\">\n<div data-message-author-role=\"assistant\" data-message-id=\"8d2b237c-762e-4aeb-9a3c-ca6a16cd4bcd\" dir=\"auto\" class=\"min-h-[20px] text-message flex w-full flex-col items-end gap-2 break-words [.text-message+&amp;]:mt-5 overflow-x-auto whitespace-normal\">\n<div class=\"flex w-full flex-col gap-1 empty:hidden first:pt-[3px]\">\n<div class=\"markdown prose w-full break-words dark:prose-invert light\">\n<p>Kjerag et Preikestolen sont d\u00e9sormais certifi\u00e9s en tant que Randonn\u00e9es Sc\u00e9niques Norv\u00e9giennes.<\/p>\n<\/div>\n<\/div>\n<\/div>\n<\/div>\n<p>[\/et_pb_text][et_pb_button button_url=&#8221;\/kjerag-and-preikestolen-are-now-certified-as-norwegian-scenic-hikes\/&#8221; button_text=&#8221;pour en savoir plus&#8221; button_alignment=&#8221;center&#8221; _builder_version=&#8221;4.27.0&#8243; custom_button=&#8221;on&#8221; button_border_width=&#8221;1px&#8221; button_border_color=&#8221;#4e9307&#8243; button_border_radius=&#8221;1px&#8221; button_letter_spacing=&#8221;0.1em&#8221; button_font=&#8221;Oswald|500|||||||&#8221; button_use_icon=&#8221;off&#8221; custom_margin=&#8221;||35px&#8221; custom_padding=&#8221;5px||&#8221; custom_css_main_element=&#8221;min-width: 220px; &#8221; global_colors_info=&#8221;{}&#8221; button_text_color__hover_enabled=&#8221;on&#8221; button_text_color__hover=&#8221;#4e9307&#8243; button_bg_color__hover_enabled=&#8221;on&#8221; button_bg_color__hover=&#8221;#f9f9f9&#8243;][\/et_pb_button][\/et_pb_column][et_pb_column type=&#8221;1_3&#8243; module_class=&#8221;hvr-grow&#8221; _builder_version=&#8221;4.16&#8243; custom_padding=&#8221;|||&#8221; global_colors_info=&#8221;{}&#8221; custom_padding__hover=&#8221;|||&#8221;][et_pb_image src=&#8221;https:\/\/kjerag.info\/wp-content\/uploads\/2024\/01\/lysefjorden-365-symbol-sirkel.png&#8221; title_text=&#8221;lysefjorden-365-symbol-sirkel&#8221; url=&#8221;https:\/\/lysefjorden365.com\/&#8221; url_new_window=&#8221;on&#8221; align=&#8221;center&#8221; align_tablet=&#8221;center&#8221; align_phone=&#8221;&#8221; align_last_edited=&#8221;on|desktop&#8221; _builder_version=&#8221;4.23.1&#8243; max_width=&#8221;109px&#8221; global_colors_info=&#8221;{}&#8221; max_width__hover=&#8221;170px&#8221;][\/et_pb_image][et_pb_text _builder_version=&#8221;4.23.1&#8243; header_font=&#8221;||||||||&#8221; header_4_font=&#8221;|600||on|||||&#8221; header_4_text_align=&#8221;center&#8221; header_4_font_size=&#8221;24px&#8221; custom_margin=&#8221;||6px&#8221; link_option_url=&#8221;\/sustainable-destination\/&#8221; header_4_font_size_tablet=&#8221;22px&#8221; header_4_font_size_phone=&#8221;20px&#8221; header_4_font_size_last_edited=&#8221;on|phone&#8221; global_colors_info=&#8221;{}&#8221;]<\/p>\n<h4>Lysefjorden365<\/h4>\n<p>[\/et_pb_text][et_pb_text _builder_version=&#8221;4.27.0&#8243; text_font=&#8221;|300|||||||&#8221; text_font_size=&#8221;16px&#8221; text_letter_spacing=&#8221;0.05em&#8221; text_line_height=&#8221;1.4em&#8221; header_font=&#8221;||||||||&#8221; text_orientation=&#8221;center&#8221; max_width=&#8221;300px&#8221; max_width_tablet=&#8221;300px&#8221; max_width_phone=&#8221;&#8221; max_width_last_edited=&#8221;on|phone&#8221; module_alignment=&#8221;center&#8221; global_colors_info=&#8221;{}&#8221;]<\/p>\n<p>Kjerag se trouve le long du Lysefjord. Pour vous inspirer et planifier votre s\u00e9jour dans la r\u00e9gion, rendez-vous sur Lysefjorden365.com.<\/p>\n<p>[\/et_pb_text][et_pb_button button_url=&#8221;https:\/\/lysefjorden365.com\/&#8221; url_new_window=&#8221;on&#8221; button_text=&#8221;lysefjorden365.com&#8221; button_alignment=&#8221;center&#8221; _builder_version=&#8221;4.27.0&#8243; custom_button=&#8221;on&#8221; button_border_width=&#8221;1px&#8221; button_border_color=&#8221;#4e9307&#8243; button_border_radius=&#8221;1px&#8221; button_letter_spacing=&#8221;0.1em&#8221; button_font=&#8221;Oswald|500|||||||&#8221; button_use_icon=&#8221;off&#8221; custom_margin=&#8221;||35px&#8221; custom_padding=&#8221;5px||&#8221; custom_css_main_element=&#8221;min-width: 220px; &#8221; global_colors_info=&#8221;{}&#8221; button_text_color__hover_enabled=&#8221;on&#8221; button_text_color__hover=&#8221;#4e9307&#8243; button_bg_color__hover_enabled=&#8221;on&#8221; button_bg_color__hover=&#8221;#f9f9f9&#8243;][\/et_pb_button][\/et_pb_column][et_pb_column type=&#8221;1_3&#8243; module_class=&#8221;hvr-grow&#8221; _builder_version=&#8221;4.16.1&#8243; custom_padding=&#8221;|||&#8221; link_option_url=&#8221;\/kjerag-and-preikestolen-are-now-certified-as-norwegian-scenic-hikes\/&#8221; global_colors_info=&#8221;{}&#8221; custom_padding__hover=&#8221;|||&#8221;][et_pb_image src=&#8221;https:\/\/kjerag.info\/wp-content\/uploads\/2024\/01\/Lysefjorden-Rundt-Symbol@24x.png&#8221; title_text=&#8221;Lysefjorden Rundt Symbol@24x&#8221; url=&#8221;\/sustainable-destination-preikestolen-lysefjorden-norway\/&#8221; align=&#8221;center&#8221; align_tablet=&#8221;center&#8221; align_phone=&#8221;&#8221; align_last_edited=&#8221;on|desktop&#8221; _builder_version=&#8221;4.23.1&#8243; max_width=&#8221;109px&#8221; global_colors_info=&#8221;{}&#8221; max_width__hover=&#8221;170px&#8221;][\/et_pb_image][et_pb_text _builder_version=&#8221;4.16.1&#8243; header_font=&#8221;||||||||&#8221; header_4_font=&#8221;|600||on|||||&#8221; header_4_text_align=&#8221;center&#8221; header_4_font_size=&#8221;24px&#8221; custom_margin=&#8221;||6px&#8221; header_4_font_size_tablet=&#8221;22px&#8221; header_4_font_size_phone=&#8221;20px&#8221; header_4_font_size_last_edited=&#8221;on|phone&#8221; global_colors_info=&#8221;{}&#8221;]<\/p>\n<h4>Lysefjorden Rundt<\/h4>\n<p>[\/et_pb_text][et_pb_text _builder_version=&#8221;4.27.0&#8243; text_font=&#8221;|300|||||||&#8221; text_font_size=&#8221;16px&#8221; text_letter_spacing=&#8221;0.05em&#8221; text_line_height=&#8221;1.4em&#8221; header_font=&#8221;||||||||&#8221; text_orientation=&#8221;center&#8221; max_width=&#8221;300px&#8221; max_width_tablet=&#8221;300px&#8221; max_width_phone=&#8221;&#8221; max_width_last_edited=&#8221;on|phone&#8221; module_alignment=&#8221;center&#8221; global_colors_info=&#8221;{}&#8221;]<\/p>\n<p>Le sentier de Kjerag fait partie du parcours multi-jours du Lysefjorden Rundt.<\/p>\n<p>[\/et_pb_text][et_pb_button button_url=&#8221;https:\/\/lysefjorden365.com\/lysefjordenrundt\/&#8221; url_new_window=&#8221;on&#8221; button_text=&#8221;pour en savoir plus&#8221; button_alignment=&#8221;center&#8221; _builder_version=&#8221;4.27.0&#8243; custom_button=&#8221;on&#8221; button_border_width=&#8221;1px&#8221; button_border_color=&#8221;#4e9307&#8243; button_border_radius=&#8221;1px&#8221; button_letter_spacing=&#8221;0.1em&#8221; button_font=&#8221;Oswald|500|||||||&#8221; button_use_icon=&#8221;off&#8221; custom_margin=&#8221;||35px&#8221; custom_padding=&#8221;5px||&#8221; custom_css_main_element=&#8221;min-width: 220px; &#8221; global_colors_info=&#8221;{}&#8221; button_text_color__hover_enabled=&#8221;on&#8221; button_text_color__hover=&#8221;#4e9307&#8243; button_bg_color__hover_enabled=&#8221;on&#8221; button_bg_color__hover=&#8221;#f9f9f9&#8243;][\/et_pb_button][\/et_pb_column][\/et_pb_row][\/et_pb_section]<\/p>\n","protected":false},"excerpt":{"rendered":"<p>La majest\u00e9 du Lysefjord100 ans de KjeragKjerag, perch\u00e9 \u00e0 1 000 m\u00e8tres au-dessus du Lysefjord, est une merveille naturelle datant de plus de 10 000 ans. Le rocher de Kjerag, coinc\u00e9 entre d\u2019impressionnantes falaises, offre des vues \u00e0 couper le souffle sur le fjord en contrebas.La randonn\u00e9e jusqu\u2019\u00e0 Kjerag est un d\u00e9fi stimulant mais qui [&hellip;]<\/p>\n","protected":false},"author":16,"featured_media":219794,"parent":0,"menu_order":0,"comment_status":"closed","ping_status":"closed","template":"","meta":{"_et_pb_use_builder":"on","_et_pb_old_content":"","_et_gb_content_width":"","footnotes":""},"class_list":["post-219793","page","type-page","status-publish","has-post-thumbnail","hentry"],"yoast_head":"<!-- This site is optimized with the Yoast SEO plugin v27.4 - https:\/\/yoast.com\/product\/yoast-seo-wordpress\/ -->\n<title>Kjerag : Randonn\u00e9e inoubliable au-dessus du Lysefjord<\/title>\n<meta name=\"description\" content=\"D\u00e9couvrez Kjerag, perch\u00e9 \u00e0 1 000 m au-dessus du Lysefjord. Pr\u00e9parez votre randonn\u00e9e avec nos conseils sur l&#039;acc\u00e8s, le stationnement et le sentier pour une exp\u00e9rience m\u00e9morable.\" \/>\n<meta name=\"robots\" content=\"index, follow, max-snippet:-1, max-image-preview:large, max-video-preview:-1\" \/>\n<link rel=\"canonical\" href=\"https:\/\/kjerag.info\/fr\/\" \/>\n<meta property=\"og:locale\" content=\"fr_FR\" \/>\n<meta property=\"og:type\" content=\"article\" \/>\n<meta property=\"og:title\" content=\"Kjerag : Randonn\u00e9e inoubliable au-dessus du Lysefjord\" \/>\n<meta property=\"og:description\" content=\"D\u00e9couvrez Kjerag, perch\u00e9 \u00e0 1 000 m au-dessus du Lysefjord. Pr\u00e9parez votre randonn\u00e9e avec nos conseils sur l&#039;acc\u00e8s, le stationnement et le sentier pour une exp\u00e9rience m\u00e9morable.\" \/>\n<meta property=\"og:url\" content=\"https:\/\/kjerag.info\/fr\/\" \/>\n<meta property=\"og:site_name\" content=\"Kjerag 365\" \/>\n<meta property=\"article:modified_time\" content=\"2025-02-12T08:04:38+00:00\" \/>\n<meta property=\"og:image\" content=\"https:\/\/kjerag.info\/wp-content\/uploads\/2018\/11\/shutterstock_1153115168-blogghoved_v2.jpg\" \/>\n<meta name=\"twitter:card\" content=\"summary_large_image\" \/>\n<meta name=\"twitter:label1\" content=\"Est. reading time\" \/>\n\t<meta name=\"twitter:data1\" content=\"4 minutes\" \/>\n<script type=\"application\/ld+json\" class=\"yoast-schema-graph\">{\"@context\":\"https:\\\/\\\/schema.org\",\"@graph\":[{\"@type\":\"WebPage\",\"@id\":\"https:\\\/\\\/kjerag.info\\\/fr\\\/\",\"url\":\"https:\\\/\\\/kjerag.info\\\/fr\\\/\",\"name\":\"Kjerag : Randonn\u00e9e inoubliable au-dessus du Lysefjord\",\"isPartOf\":{\"@id\":\"https:\\\/\\\/kjerag.info\\\/#website\"},\"primaryImageOfPage\":{\"@id\":\"https:\\\/\\\/kjerag.info\\\/fr\\\/#primaryimage\"},\"image\":{\"@id\":\"https:\\\/\\\/kjerag.info\\\/fr\\\/#primaryimage\"},\"thumbnailUrl\":\"https:\\\/\\\/kjerag.info\\\/wp-content\\\/uploads\\\/2024\\\/08\\\/Kjerag-horisontal-scaled.jpg\",\"datePublished\":\"2024-09-02T18:36:11+00:00\",\"dateModified\":\"2025-02-12T08:04:38+00:00\",\"description\":\"D\u00e9couvrez Kjerag, perch\u00e9 \u00e0 1 000 m au-dessus du Lysefjord. Pr\u00e9parez votre randonn\u00e9e avec nos conseils sur l'acc\u00e8s, le stationnement et le sentier pour une exp\u00e9rience m\u00e9morable.\",\"breadcrumb\":{\"@id\":\"https:\\\/\\\/kjerag.info\\\/fr\\\/#breadcrumb\"},\"inLanguage\":\"fr-FR\",\"potentialAction\":[{\"@type\":\"ReadAction\",\"target\":[\"https:\\\/\\\/kjerag.info\\\/fr\\\/\"]}]},{\"@type\":\"ImageObject\",\"inLanguage\":\"fr-FR\",\"@id\":\"https:\\\/\\\/kjerag.info\\\/fr\\\/#primaryimage\",\"url\":\"https:\\\/\\\/kjerag.info\\\/wp-content\\\/uploads\\\/2024\\\/08\\\/Kjerag-horisontal-scaled.jpg\",\"contentUrl\":\"https:\\\/\\\/kjerag.info\\\/wp-content\\\/uploads\\\/2024\\\/08\\\/Kjerag-horisontal-scaled.jpg\",\"width\":2560,\"height\":1707,\"caption\":\"Kjerag mountain's iconic gap with massive rock formations overlooking fjord scenery.\"},{\"@type\":\"BreadcrumbList\",\"@id\":\"https:\\\/\\\/kjerag.info\\\/fr\\\/#breadcrumb\",\"itemListElement\":[{\"@type\":\"ListItem\",\"position\":1,\"name\":\"Hjem\",\"item\":\"https:\\\/\\\/kjerag.info\\\/\"},{\"@type\":\"ListItem\",\"position\":2,\"name\":\"Page d&rsquo;accueil\"}]},{\"@type\":\"WebSite\",\"@id\":\"https:\\\/\\\/kjerag.info\\\/#website\",\"url\":\"https:\\\/\\\/kjerag.info\\\/\",\"name\":\"Kjerag 365\",\"description\":\"All you need to know for your hike to Kjerag\",\"potentialAction\":[{\"@type\":\"SearchAction\",\"target\":{\"@type\":\"EntryPoint\",\"urlTemplate\":\"https:\\\/\\\/kjerag.info\\\/?s={search_term_string}\"},\"query-input\":{\"@type\":\"PropertyValueSpecification\",\"valueRequired\":true,\"valueName\":\"search_term_string\"}}],\"inLanguage\":\"fr-FR\"}]}<\/script>\n<!-- \/ Yoast SEO plugin. -->","yoast_head_json":{"title":"Kjerag : Randonn\u00e9e inoubliable au-dessus du Lysefjord","description":"D\u00e9couvrez Kjerag, perch\u00e9 \u00e0 1 000 m au-dessus du Lysefjord. Pr\u00e9parez votre randonn\u00e9e avec nos conseils sur l'acc\u00e8s, le stationnement et le sentier pour une exp\u00e9rience m\u00e9morable.","robots":{"index":"index","follow":"follow","max-snippet":"max-snippet:-1","max-image-preview":"max-image-preview:large","max-video-preview":"max-video-preview:-1"},"canonical":"https:\/\/kjerag.info\/fr\/","og_locale":"fr_FR","og_type":"article","og_title":"Kjerag : Randonn\u00e9e inoubliable au-dessus du Lysefjord","og_description":"D\u00e9couvrez Kjerag, perch\u00e9 \u00e0 1 000 m au-dessus du Lysefjord. Pr\u00e9parez votre randonn\u00e9e avec nos conseils sur l'acc\u00e8s, le stationnement et le sentier pour une exp\u00e9rience m\u00e9morable.","og_url":"https:\/\/kjerag.info\/fr\/","og_site_name":"Kjerag 365","article_modified_time":"2025-02-12T08:04:38+00:00","og_image":[{"url":"https:\/\/kjerag.info\/wp-content\/uploads\/2018\/11\/shutterstock_1153115168-blogghoved_v2.jpg","type":"","width":"","height":""}],"twitter_card":"summary_large_image","twitter_misc":{"Est. reading time":"4 minutes"},"schema":{"@context":"https:\/\/schema.org","@graph":[{"@type":"WebPage","@id":"https:\/\/kjerag.info\/fr\/","url":"https:\/\/kjerag.info\/fr\/","name":"Kjerag : Randonn\u00e9e inoubliable au-dessus du Lysefjord","isPartOf":{"@id":"https:\/\/kjerag.info\/#website"},"primaryImageOfPage":{"@id":"https:\/\/kjerag.info\/fr\/#primaryimage"},"image":{"@id":"https:\/\/kjerag.info\/fr\/#primaryimage"},"thumbnailUrl":"https:\/\/kjerag.info\/wp-content\/uploads\/2024\/08\/Kjerag-horisontal-scaled.jpg","datePublished":"2024-09-02T18:36:11+00:00","dateModified":"2025-02-12T08:04:38+00:00","description":"D\u00e9couvrez Kjerag, perch\u00e9 \u00e0 1 000 m au-dessus du Lysefjord. Pr\u00e9parez votre randonn\u00e9e avec nos conseils sur l'acc\u00e8s, le stationnement et le sentier pour une exp\u00e9rience m\u00e9morable.","breadcrumb":{"@id":"https:\/\/kjerag.info\/fr\/#breadcrumb"},"inLanguage":"fr-FR","potentialAction":[{"@type":"ReadAction","target":["https:\/\/kjerag.info\/fr\/"]}]},{"@type":"ImageObject","inLanguage":"fr-FR","@id":"https:\/\/kjerag.info\/fr\/#primaryimage","url":"https:\/\/kjerag.info\/wp-content\/uploads\/2024\/08\/Kjerag-horisontal-scaled.jpg","contentUrl":"https:\/\/kjerag.info\/wp-content\/uploads\/2024\/08\/Kjerag-horisontal-scaled.jpg","width":2560,"height":1707,"caption":"Kjerag mountain's iconic gap with massive rock formations overlooking fjord scenery."},{"@type":"BreadcrumbList","@id":"https:\/\/kjerag.info\/fr\/#breadcrumb","itemListElement":[{"@type":"ListItem","position":1,"name":"Hjem","item":"https:\/\/kjerag.info\/"},{"@type":"ListItem","position":2,"name":"Page d&rsquo;accueil"}]},{"@type":"WebSite","@id":"https:\/\/kjerag.info\/#website","url":"https:\/\/kjerag.info\/","name":"Kjerag 365","description":"Tout ce que vous devez savoir pour votre randonn\u00e9e \u00e0 Kjerag","potentialAction":[{"@type":"SearchAction","target":{"@type":"EntryPoint","urlTemplate":"https:\/\/kjerag.info\/?s={search_term_string}"},"query-input":{"@type":"PropertyValueSpecification","valueRequired":true,"valueName":"search_term_string"}}],"inLanguage":"fr-FR"}]}},"_links":{"self":[{"href":"https:\/\/kjerag.info\/fr\/wp-json\/wp\/v2\/pages\/219793","targetHints":{"allow":["GET"]}}],"collection":[{"href":"https:\/\/kjerag.info\/fr\/wp-json\/wp\/v2\/pages"}],"about":[{"href":"https:\/\/kjerag.info\/fr\/wp-json\/wp\/v2\/types\/page"}],"author":[{"embeddable":true,"href":"https:\/\/kjerag.info\/fr\/wp-json\/wp\/v2\/users\/16"}],"replies":[{"embeddable":true,"href":"https:\/\/kjerag.info\/fr\/wp-json\/wp\/v2\/comments?post=219793"}],"version-history":[{"count":0,"href":"https:\/\/kjerag.info\/fr\/wp-json\/wp\/v2\/pages\/219793\/revisions"}],"wp:featuredmedia":[{"embeddable":true,"href":"https:\/\/kjerag.info\/fr\/wp-json\/wp\/v2\/media\/219794"}],"wp:attachment":[{"href":"https:\/\/kjerag.info\/fr\/wp-json\/wp\/v2\/media?parent=219793"}],"curies":[{"name":"wp","href":"https:\/\/api.w.org\/{rel}","templated":true}]}}