{"id":219790,"date":"2024-09-02T20:03:42","date_gmt":"2024-09-02T18:03:42","guid":{"rendered":"https:\/\/kjerag.info\/?page_id=219790"},"modified":"2025-04-08T14:46:33","modified_gmt":"2025-04-08T12:46:33","slug":"contactar-con-fragen-haeufige-faq","status":"publish","type":"page","link":"https:\/\/kjerag.info\/es\/kontakt-haeufige-fragen-faq\/","title":{"rendered":"Contacto | Preguntas frecuentes (FAQ)"},"content":{"rendered":"<p>[et_pb_section fb_built=&#8221;1&#8243; _builder_version=&#8221;4.25.2&#8243; _module_preset=&#8221;default&#8221; background_color=&#8221;rgba(102,201,3,0.1)&#8221; global_colors_info=&#8221;{}&#8221;][et_pb_row column_structure=&#8221;1_2,1_2&#8243; _builder_version=&#8221;4.25.2&#8243; _module_preset=&#8221;default&#8221; global_colors_info=&#8221;{}&#8221;][et_pb_column type=&#8221;1_2&#8243; _builder_version=&#8221;4.25.2&#8243; _module_preset=&#8221;default&#8221; global_colors_info=&#8221;{}&#8221;][et_pb_image src=&#8221;https:\/\/kjerag.info\/wp-content\/uploads\/2024\/08\/kjerag-365-symbol-sirkel.png&#8221; title_text=&#8221;kjerag-365-symbol-sirkel&#8221; _builder_version=&#8221;4.25.2&#8243; _module_preset=&#8221;default&#8221; max_width=&#8221;150px&#8221; module_alignment=&#8221;center&#8221; locked=&#8221;off&#8221; global_colors_info=&#8221;{}&#8221;][\/et_pb_image][et_pb_button button_url=&#8221;@ET-DC@eyJkeW5hbWljIjp0cnVlLCJjb250ZW50IjoicG9zdF9saW5rX3VybF9hdHRhY2htZW50Iiwic2V0dGluZ3MiOnsicG9zdF9pZCI6IjIxOTU4NiJ9fQ==@&#8221; url_new_window=&#8221;on&#8221; button_text=&#8221;Folgen Sie uns auf Facebook f\u00fcr t\u00e4gliche Updates.&#8221; button_alignment=&#8221;center&#8221; _builder_version=&#8221;4.27.0&#8243; _dynamic_attributes=&#8221;button_url&#8221; _module_preset=&#8221;default&#8221; locked=&#8221;off&#8221; global_colors_info=&#8221;{}&#8221;][\/et_pb_button][\/et_pb_column][et_pb_column type=&#8221;1_2&#8243; _builder_version=&#8221;4.25.2&#8243; _module_preset=&#8221;default&#8221; global_colors_info=&#8221;{}&#8221;][et_pb_text _builder_version=&#8221;4.27.0&#8243; header_font=&#8221;||||||||&#8221; header_5_font=&#8221;||||||||&#8221; header_5_font_size=&#8221;32px&#8221; header_5_letter_spacing=&#8221;0.05em&#8221; custom_margin=&#8221;||10px&#8221; header_5_font_size_tablet=&#8221;28px&#8221; header_5_font_size_phone=&#8221;24px&#8221; header_5_font_size_last_edited=&#8221;on|phone&#8221; global_colors_info=&#8221;{}&#8221;]<\/p>\n<h5>Kontakt<\/h5>\n<p>[\/et_pb_text][et_pb_text _builder_version=&#8221;4.27.0&#8243; text_font=&#8221;|300|||||||&#8221; text_letter_spacing=&#8221;1px&#8221; text_line_height=&#8221;1.5em&#8221; max_width=&#8221;500px&#8221; custom_margin=&#8221;||35px&#8221; global_colors_info=&#8221;{}&#8221;]<\/p>\n<p>Bitte lesen Sie zuerst die FAQ, bevor Sie uns kontaktieren.<\/p>\n<p><span><strong>E-mail<\/strong>\u00a0<strong><a href=\"mailto:kjerag@lysefjorden365.no\" target=\"_blank\" rel=\"noopener\">kjerag@lysefjorden365.no<\/a><\/strong><\/span><\/p>\n<p><strong>Telefon<\/strong>\u00a0(+47) 40 30 68 65<\/p>\n<p>[\/et_pb_text][\/et_pb_column][\/et_pb_row][\/et_pb_section][et_pb_section fb_built=&#8221;1&#8243; custom_padding_last_edited=&#8221;on|phone&#8221; module_class=&#8221;shortInfoAbout&#8221; _builder_version=&#8221;4.16&#8243; custom_padding=&#8221;55px|0px|35px|0px|false|false&#8221; custom_padding_tablet=&#8221;||0px|&#8221; custom_padding_phone=&#8221;&#8221; global_colors_info=&#8221;{}&#8221;][et_pb_row _builder_version=&#8221;4.25.2&#8243; _module_preset=&#8221;default&#8221; global_colors_info=&#8221;{}&#8221;][et_pb_column type=&#8221;4_4&#8243; _builder_version=&#8221;4.25.2&#8243; _module_preset=&#8221;default&#8221; global_colors_info=&#8221;{}&#8221;][et_pb_accordion _builder_version=&#8221;4.27.0&#8243; _module_preset=&#8221;default&#8221; global_colors_info=&#8221;{}&#8221;][et_pb_accordion_item title=&#8221;Ist es sicher, auf dem Felsen zu stehen?&#8221; open=&#8221;on&#8221; _builder_version=&#8221;4.27.0&#8243; _module_preset=&#8221;default&#8221; global_colors_info=&#8221;{}&#8221;]<\/p>\n<p>Soweit wir wissen, ist bisher niemand vom Kjerag-Felsen gefallen. Statistisch gesehen ist es sicherer als Autofahren \u2013 vermutlich, weil die Risiken so offensichtlich sind.<\/p>\n<p><strong>Ein Sturz vom Felsen w\u00e4re t\u00f6dlich.<\/strong><\/p>\n<p>Das Betreten des Felsens geschieht auf eigenes Risiko und sollte nur Ihre pers\u00f6nliche Entscheidung sein. Etwa 45 % der Wanderer entscheiden sich dagegen, auf dem Felsen zu stehen, also lassen Sie sich nicht unter Druck setzen, wenn Sie sich unsicher f\u00fchlen.<\/p>\n<p>Vermeiden Sie es, auf den Felsen zu gehen, wenn:<\/p>\n<ul>\n<li>Sie unter H\u00f6henangst leiden<\/li>\n<li>Der Felsen durch Regen, Schnee oder Eis rutschig ist<\/li>\n<li>Es sehr windig ist<\/li>\n<\/ul>\n<p>Laufen oder Springen sollten Sie beim Auf- oder Abstieg vom Felsen vermeiden. Wenn Sie in Panik geraten, versuchen Sie, ruhig zu bleiben, w\u00e4hrend Sie sich auf dem Felsen befinden.<\/p>\n<p>[\/et_pb_accordion_item][et_pb_accordion_item title=&#8221;Ist die Wanderung zum Kjerag anspruchsvoll?&#8221; _builder_version=&#8221;4.27.0&#8243; _module_preset=&#8221;default&#8221; global_colors_info=&#8221;{}&#8221; open=&#8221;off&#8221;]<\/p>\n<p>Die Wanderung zum Kjerag ist anspruchsvoll. Der Weg ist insgesamt 11 km lang (Hin- und R\u00fcckweg) und umfasst 3 H\u00fcgel mit einem H\u00f6henunterschied von 750 Metern (Hin- und R\u00fcckweg). Es ist von Vorteil, wenn man bereits Erfahrung im Bergwandern hat. F\u00fcr viele ist schon das Wandern zu einem der Aussichtspunkte eine lohnende Erfahrung, um den Fjord zu sehen. Viele Wanderer schaffen die gesamte Strecke, wenn sie gen\u00fcgend Zeit einplanen, fr\u00fch starten, ausreichend Proviant dabei haben und sich gut kleiden. Stabile Wanderschuhe sowie eine wind- und wasserdichte Jacke sind unerl\u00e4sslich. Sollten die Wanderung oder die Wetterbedingungen zu schwierig werden, ist es ratsam, rechtzeitig umzudrehen.<\/p>\n<p>[\/et_pb_accordion_item][et_pb_accordion_item title=&#8221;Kann ich bei Regen zum Kjerag wandern?&#8221; _builder_version=&#8221;4.27.0&#8243; _module_preset=&#8221;default&#8221; global_colors_info=&#8221;{}&#8221; open=&#8221;off&#8221;]<\/p>\n<p>Ja, es ist grunds\u00e4tzlich sicher, auch bei Regen zu wandern, aber der Weg wird deutlich rutschiger sein. Es ist ratsam, Ihre Wanderung zu \u00fcberdenken, wenn Wetterwarnungen, dichter Nebel oder starker Wind vorliegen. Informieren Sie sich \u00fcber die aktuellen Trailbedingungen auf der Facebook-Seite \u201eKjerag Trail Information\u201c und \u00fcberpr\u00fcfen Sie die Wettervorhersage f\u00fcr Kjerag auf YR.no. Achten Sie auf die Ratschl\u00e4ge des Personals.<\/p>\n<p>[\/et_pb_accordion_item][et_pb_accordion_item title=&#8221;Darf ich Kinder zur Wanderung zum Kjerag mitbringen?&#8221; _builder_version=&#8221;4.27.0&#8243; _module_preset=&#8221;default&#8221; global_colors_info=&#8221;{}&#8221; open=&#8221;off&#8221;]<\/p>\n<p>Einige Abschnitte des Weges f\u00fchren entlang steiler Klippen, daher ist besondere Vorsicht geboten, besonders wenn Sie mit Kindern unterwegs sind. Wegen der Schwierigkeit des Weges und der oft wechselhaften Wetterbedingungen empfehlen wir generell, keine Kinder in Tragegestellen mitzunehmen, da sie schneller ausk\u00fchlen als aktive Wanderer.<\/p>\n<p>Im Allgemeinen raten wir davon ab, mit Kindern unter 8 Jahren zu wandern. Kinder sollten an steiles Gel\u00e4nde gew\u00f6hnt sein und m\u00fcssen sicher bleiben sowie die Wanderung genie\u00dfen k\u00f6nnen. Seien Sie bereit, umzukehren, falls es n\u00f6tig ist.<\/p>\n<p>[\/et_pb_accordion_item][et_pb_accordion_item title=&#8221;Darf ich einen Hund mitnehmen?&#8221; _builder_version=&#8221;4.27.0&#8243; _module_preset=&#8221;default&#8221; global_colors_info=&#8221;{}&#8221; open=&#8221;off&#8221;]<\/p>\n<p>Ja, Sie k\u00f6nnen Ihren Hund mitnehmen, aber er muss stets an der Leine bleiben. In der Umgebung weiden Schafe, und manche Wanderer f\u00fchlen sich m\u00f6glicherweise in der N\u00e4he von Hunden unwohl. Stellen Sie sicher, dass Ihr Hund fit und an lange Bergwanderungen gew\u00f6hnt ist, bevor Sie ihn mitnehmen.<\/p>\n<p>[\/et_pb_accordion_item][et_pb_accordion_item title=&#8221;Darf ich am Kjerag eine Drohne fliegen?&#8221; _builder_version=&#8221;4.27.0&#8243; _module_preset=&#8221;default&#8221; global_colors_info=&#8221;{}&#8221; open=&#8221;off&#8221;]<\/p>\n<p>Nein. Kjerag befindet sich im Landschaftsschutzgebiet Frafjordheiane, wo das Fliegen von Drohnen strengstens verboten ist.<\/p>\n<p>[\/et_pb_accordion_item][et_pb_accordion_item title=&#8221;Warum ist das Parken am Kjerag so teuer?&#8221; _builder_version=&#8221;4.27.0&#8243; _module_preset=&#8221;default&#8221; global_colors_info=&#8221;{}&#8221; open=&#8221;off&#8221;]<\/p>\n<p>Kjerag wird von Lysefjorden Utvikling verwaltet, einer gemeinn\u00fctzigen Organisation, die sich um die Pflege der Park- und Wanderweginfrastruktur k\u00fcmmert. Die Parkgeb\u00fchren flie\u00dfen direkt in die Instandhaltung dieser Einrichtungen, und alle Einnahmen werden reinvestiert.<\/p>\n<p>Die Geb\u00fchren tragen dazu bei, unser engagiertes Personal zu finanzieren, das daf\u00fcr sorgt, dass der Parkplatz, die Toiletten und die Umgebung stets sauber, sicher und gut organisiert sind. Aufgrund der abgelegenen Lage von Kjerag sind die Kosten f\u00fcr die Bereitstellung von Toiletten, Wasser, Abwasserentsorgung, Abfallmanagement, WLAN und einem Informationsb\u00fcro besonders hoch.<\/p>\n<p>Wir sind bestrebt, Ihre Erwartungen zu erf\u00fcllen und Ihr Erlebnis am Kjerag zu verbessern. Mit der Zahlung der Parkgeb\u00fchr unterst\u00fctzen Sie uns dabei, diese hohen Standards aufrechtzuerhalten. Ihr Feedback ist uns wichtig; bitte nutzen Sie den anonymen Fragebogen, der \u00fcber QR-Codes und Tablets an unseren Parkeinrichtungen verf\u00fcgbar ist, um Ihre Gedanken mitzuteilen.<\/p>\n<p>[\/et_pb_accordion_item][et_pb_accordion_item title=&#8221;Kann ich mein Auto l\u00e4nger als einen Tag auf dem Kjerag-Parkplatz stehen lassen?&#8221; _builder_version=&#8221;4.27.0&#8243; _module_preset=&#8221;default&#8221; global_colors_info=&#8221;{}&#8221; open=&#8221;off&#8221;]<\/p>\n<p>Wenn Sie vorhaben, mehrere Tage entlang des Lysefjords zu wandern, k\u00f6nnen Sie Ihr Auto auf dem Kjerag-Parkplatz abstellen. Geben Sie bitte bei Ihrer Ankunft dem Personal Bescheid, damit es wei\u00df, dass Ihr Auto l\u00e4nger dort stehen wird und Ihnen bei der Suche nach einem passenden Parkplatz helfen kann. Lassen Sie uns auch wissen, wann Sie voraussichtlich zur\u00fcckkommen werden. Beachten Sie bitte, dass Camping oder \u00dcbernachten im Fahrzeug auf dem Kjerag-Parkplatz nicht erlaubt ist. Sie zahlen nur f\u00fcr einen Tag Parkgeb\u00fchr.<\/p>\n<p>[\/et_pb_accordion_item][et_pb_accordion_item title=&#8221;Kann ich auf dem Kjerag-Parkplatz campen \/ \u00fcbernachten?&#8221; _builder_version=&#8221;4.27.0&#8243; _module_preset=&#8221;default&#8221; global_colors_info=&#8221;{}&#8221; open=&#8221;off&#8221;]<\/p>\n<p>Camping oder \u00dcbernachten in jeglichen Fahrzeugen ist auf dem Kjerag-Parkplatz strengstens verboten, da dieser ausschlie\u00dflich f\u00fcr Tageswanderer vorgesehen ist. Wir bieten keine Campingm\u00f6glichkeiten an. F\u00fcr Camping besuchen Sie bitte Lysebotn, das einige Kilometer entfernt liegt. Aus Sicherheits- und Hygienegr\u00fcnden werden die Parkregeln strikt durchgesetzt.<\/p>\n<p>[\/et_pb_accordion_item][et_pb_accordion_item title=&#8221;Kann ich Kjerag auch dann wandern, wenn die Stra\u00dfen aus Sirdal und Lysebotn geschlossen sind?&#8221; _builder_version=&#8221;4.27.0&#8243; _module_preset=&#8221;default&#8221; global_colors_info=&#8221;{}&#8221; open=&#8221;off&#8221;]<\/p>\n<p>Nein, normalerweise sind die Stra\u00dfen zu Kjerag von November bis Mitte Mai geschlossen. Auf unserer Website und Facebook-Seite finden Sie aktuelle Informationen zum Status der Stra\u00dfen\u00f6ffnung.<\/p>\n<p>Im Winter kann sich bis zu 6-8 Meter tief Schnee auf der Stra\u00dfe sammeln. Im Mai muss die Stra\u00dfe erst freigelegt und gesichert werden, bevor sie wieder befahrbar ist. W\u00e4hrend der Stra\u00dfensperrung ist der Kjerag-Parkplatz nicht erreichbar, und auch die Einrichtungen, der Trail und der Kjerag Boulder sind unter Schnee verborgen und daher extrem gef\u00e4hrlich zu erreichen.<\/p>\n<p>Selbst wenn Sie im Winter eine F\u00e4hre nach Lysebotn nehmen k\u00f6nnen, bleibt die Stra\u00dfe zum Kjerag-Parkplatz weiterhin gesperrt. Wir wissen, dass es frustrierend sein kann zu warten, aber solange die Stra\u00dfe geschlossen ist, ist Kjerag nicht zug\u00e4nglich. Auch nachdem die Stra\u00dfe ge\u00f6ffnet ist, kann Schnee den Trail bis Ende Juni noch bedecken, also seien Sie auf winterliche Bedingungen vorbereitet.<\/p>\n<p>[\/et_pb_accordion_item][et_pb_accordion_item title=&#8221;Wie sind die \u00d6ffnungszeiten des Kjerag-Parkplatzes?&#8221; _builder_version=&#8221;4.27.0&#8243; _module_preset=&#8221;default&#8221; global_colors_info=&#8221;{}&#8221; open=&#8221;off&#8221;]<\/p>\n<p>Der Kjerag-Parkplatz ist von Mitte Mai bis Ende Oktober rund um die Uhr ge\u00f6ffnet, sodass Sie jederzeit kommen und gehen k\u00f6nnen. Das Informationsb\u00fcro ist w\u00e4hrend des Tages besetzt: In der Hauptsaison beginnt der Service um 7:30 Uhr, in den Nebensaisonen ab 8 oder 9 Uhr. Die Mitarbeiter sind in der Hauptsaison bis 20:00 Uhr vor Ort, in den Nebensaisonen bis 19:00, 18:00 oder 17:00 Uhr.<\/p>\n<p>F\u00fcr Notf\u00e4lle au\u00dferhalb der Servicezeiten erreichen Sie uns bis 23:00 Uhr unter (+47) 40 30 68 65. Bitte beachten Sie, dass das Campen oder \u00dcbernachten in Fahrzeugen oder Zelten am oder in der N\u00e4he des Kjerag-Parkplatzes nicht erlaubt ist. Kontrollen erfolgen auch au\u00dferhalb der Servicezeiten.<\/p>\n<p>[\/et_pb_accordion_item][\/et_pb_accordion][\/et_pb_column][\/et_pb_row][\/et_pb_section][et_pb_section fb_built=&#8221;1&#8243; module_class=&#8221;shortInfoAbout&#8221; _builder_version=&#8221;4.16&#8243; background_color=&#8221;rgba(102,201,3,0.1)&#8221; global_colors_info=&#8221;{}&#8221;][et_pb_row _builder_version=&#8221;4.16&#8243; custom_padding=&#8221;5px|0px|35px|0px|false|false&#8221; animation_direction=&#8221;bottom&#8221; global_colors_info=&#8221;{}&#8221;][et_pb_column type=&#8221;4_4&#8243; _builder_version=&#8221;4.16&#8243; custom_padding=&#8221;|||&#8221; global_colors_info=&#8221;{}&#8221; custom_padding__hover=&#8221;|||&#8221;][et_pb_text _builder_version=&#8221;4.27.0&#8243; header_font=&#8221;||||||||&#8221; header_4_font=&#8221;|300||on|||||&#8221; header_4_text_align=&#8221;center&#8221; header_4_font_size=&#8221;24px&#8221; header_4_letter_spacing=&#8221;0.1em&#8221; header_4_line_height=&#8221;1.2em&#8221; custom_margin=&#8221;||0px&#8221; header_4_font_size_tablet=&#8221;22px&#8221; header_4_font_size_phone=&#8221;18px&#8221; header_4_font_size_last_edited=&#8221;on|phone&#8221; global_colors_info=&#8221;{}&#8221;]<\/p>\n<h4 style=\"text-align: center;\">\u00dcber uns<\/h4>\n<p>[\/et_pb_text][et_pb_text _builder_version=&#8221;4.16&#8243; header_font=&#8221;|700||on|||||&#8221; header_text_align=&#8221;center&#8221; header_font_size=&#8221;72px&#8221; header_letter_spacing=&#8221;0.1em&#8221; header_line_height=&#8221;1.2em&#8221; header_2_font=&#8221;|700||on|||||&#8221; header_2_text_align=&#8221;center&#8221; header_2_font_size=&#8221;72px&#8221; header_2_line_height=&#8221;1.2em&#8221; header_4_font=&#8221;|300||on|||||&#8221; header_4_text_align=&#8221;center&#8221; header_4_font_size=&#8221;24px&#8221; custom_margin=&#8221;||||false&#8221; header_font_size_tablet=&#8221;52px&#8221; header_font_size_phone=&#8221;42px&#8221; header_font_size_last_edited=&#8221;on|phone&#8221; header_2_font_size_tablet=&#8221;52px&#8221; header_2_font_size_phone=&#8221;42px&#8221; header_2_font_size_last_edited=&#8221;on|phone&#8221; header_4_font_size_tablet=&#8221;22px&#8221; header_4_font_size_phone=&#8221;18px&#8221; header_4_font_size_last_edited=&#8221;on|phone&#8221; global_colors_info=&#8221;{}&#8221;]<\/p>\n<h1>Lysefjorden utvikling as<\/h1>\n<p>[\/et_pb_text][et_pb_divider color=&#8221;#66c903&#8243; divider_weight=&#8221;2px&#8221; _builder_version=&#8221;4.16&#8243; max_width=&#8221;250px&#8221; max_width_tablet=&#8221;100px&#8221; max_width_phone=&#8221;&#8221; max_width_last_edited=&#8221;on|phone&#8221; module_alignment=&#8221;center&#8221; global_colors_info=&#8221;{}&#8221;][\/et_pb_divider][et_pb_text _builder_version=&#8221;4.25.2&#8243; text_font=&#8221;||||||||&#8221; text_font_size=&#8221;24px&#8221; text_line_height=&#8221;1.5em&#8221; header_font=&#8221;||||||||&#8221; text_orientation=&#8221;center&#8221; max_width=&#8221;900px&#8221; module_alignment=&#8221;center&#8221; text_font_size_tablet=&#8221;20px&#8221; text_font_size_phone=&#8221;18px&#8221; text_font_size_last_edited=&#8221;on|phone&#8221; global_colors_info=&#8221;{}&#8221;]<\/p>\n<p style=\"text-align: left;\">Lysefjorden Utvikling AS ist f\u00fcr den Betrieb des Kjerag-Parkplatzes verantwortlich.<\/p>\n<p style=\"text-align: left;\">Der Lysefjord ist ein bedeutendes Ziel f\u00fcr die gesamte Region, und genau deshalb wurde Lysefjorden Utvikling AS (Lysefjord Entwicklung) vom Rogaland Fylkeskommune und mehreren Kommunen rund um den Lysefjord gegr\u00fcndet. Lysefjorden Utvikling AS engagiert sich in der Weiterentwicklung der Tourismusbranche im und um den Lysefjord und konzentriert sich dabei auf Infrastruktur, Gesch\u00e4ftsentwicklung und Veranstaltungsmanagement.<\/p>\n<p>[\/et_pb_text][et_pb_image src=&#8221;https:\/\/kjerag.info\/wp-content\/uploads\/2024\/08\/lysefjorden-365-horisontal-rektangel-ingen-undertekst.png&#8221; title_text=&#8221;lysefjorden-365-horisontal-rektangel-ingen-undertekst&#8221; url=&#8221;https:\/\/lysefjorden365.com\/&#8221; url_new_window=&#8221;on&#8221; align=&#8221;center&#8221; _builder_version=&#8221;4.25.2&#8243; _module_preset=&#8221;default&#8221; width=&#8221;75%&#8221; global_colors_info=&#8221;{}&#8221;][\/et_pb_image][\/et_pb_column][\/et_pb_row][\/et_pb_section][et_pb_section fb_built=&#8221;1&#8243; custom_padding_last_edited=&#8221;on|phone&#8221; module_class=&#8221;detailedInfoTrip&#8221; _builder_version=&#8221;4.16&#8243; custom_padding=&#8221;35px|0px|64px|0px|false|false&#8221; custom_padding_tablet=&#8221;0px||0px&#8221; custom_padding_phone=&#8221;&#8221; global_colors_info=&#8221;{}&#8221;][et_pb_row column_structure=&#8221;1_2,1_2&#8243; use_custom_gutter=&#8221;on&#8221; gutter_width=&#8221;3&#8243; _builder_version=&#8221;4.16&#8243; global_colors_info=&#8221;{}&#8221;][et_pb_column type=&#8221;1_2&#8243; _builder_version=&#8221;4.16&#8243; custom_padding=&#8221;|||&#8221; global_colors_info=&#8221;{}&#8221; custom_padding__hover=&#8221;|||&#8221;][et_pb_text _builder_version=&#8221;4.16&#8243; header_font=&#8221;||||||||&#8221; header_5_font=&#8221;||||||||&#8221; header_5_font_size=&#8221;32px&#8221; header_5_letter_spacing=&#8221;0.05em&#8221; custom_margin=&#8221;||10px&#8221; header_5_font_size_tablet=&#8221;28px&#8221; header_5_font_size_phone=&#8221;24px&#8221; header_5_font_size_last_edited=&#8221;on|phone&#8221; global_colors_info=&#8221;{}&#8221;]<\/p>\n<h5>Unsere Aufgabe<\/h5>\n<p>[\/et_pb_text][et_pb_text _builder_version=&#8221;4.16&#8243; text_font=&#8221;|300|||||||&#8221; text_letter_spacing=&#8221;1px&#8221; text_line_height=&#8221;1.5em&#8221; max_width=&#8221;500px&#8221; custom_margin=&#8221;||35px&#8221; global_colors_info=&#8221;{}&#8221;]<\/p>\n<p>Lysefjorden Utvikling ist darauf ausgerichtet, die Tourismusbranche im und um den Lysefjord weiterzuentwickeln, wobei die Hauptaufgaben in den Bereichen Infrastruktur, Gesch\u00e4ftsentwicklung und Veranstaltungsmanagement liegen.<\/p>\n<p>Um die Vision eines lebendigen Fjords zu verwirklichen und im Einklang mit den Werten eines \u201enachhaltigen Ziels\u201c zu arbeiten, nutzen wir das Besuchermanagement als Methode. Das bedeutet f\u00fcr uns, genau die G\u00e4ste anzuziehen, die wir m\u00f6chten \u2013 zur richtigen Zeit, am richtigen Ort, in der richtigen Anzahl und mit verantwortungsbewusstem Verhalten. Gleichzeitig streben wir an, den G\u00e4sten die bestm\u00f6gliche Erfahrung zu bieten, die Natur zu schonen und positive Auswirkungen auf die lokale Gemeinschaft zu erzeugen.<\/p>\n<p>Unser Besuchermanagement basiert auf Wissen. Lysefjorden Utvikling f\u00fchrt regelm\u00e4\u00dfig Umfragen unter G\u00e4sten, Tourismusanbietern, Einheimischen und Ferienhausbesitzern durch.<\/p>\n<p>[\/et_pb_text][\/et_pb_column][et_pb_column type=&#8221;1_2&#8243; _builder_version=&#8221;4.16&#8243; custom_padding=&#8221;|||&#8221; global_colors_info=&#8221;{}&#8221; custom_padding__hover=&#8221;|||&#8221;][et_pb_text _builder_version=&#8221;4.27.0&#8243; header_font=&#8221;||||||||&#8221; header_5_font=&#8221;||||||||&#8221; header_5_font_size=&#8221;32px&#8221; header_5_letter_spacing=&#8221;0.05em&#8221; custom_margin=&#8221;||10px&#8221; header_5_font_size_tablet=&#8221;28px&#8221; header_5_font_size_phone=&#8221;24px&#8221; header_5_font_size_last_edited=&#8221;on|phone&#8221; global_colors_info=&#8221;{}&#8221;]<\/p>\n<h5>Der Lysefjord \u2013 ein nachhaltiges Ziel?<\/h5>\n<p>[\/et_pb_text][et_pb_text _builder_version=&#8221;4.27.0&#8243; text_font=&#8221;|300|||||||&#8221; text_letter_spacing=&#8221;1px&#8221; text_line_height=&#8221;1.5em&#8221; max_width=&#8221;500px&#8221; custom_margin=&#8221;||35px&#8221; global_colors_info=&#8221;{}&#8221;]<\/p>\n<div class=\"flex max-w-full flex-col flex-grow\">\n<div data-message-author-role=\"assistant\" data-message-id=\"cd393a6c-3f67-48ac-ae0b-1b9c9d594c6f\" dir=\"auto\" class=\"min-h-[20px] text-message flex w-full flex-col items-end gap-2 break-words [.text-message+&amp;]:mt-5 overflow-x-auto whitespace-normal\">\n<div class=\"flex w-full flex-col gap-1 empty:hidden first:pt-[3px]\">\n<div class=\"markdown prose w-full break-words dark:prose-invert light\">\n<p>Der Lysefjord geh\u00f6rt zum Programm f\u00fcr nachhaltige Ziele, was bedeutet, dass wir bei der Entwicklungsarbeit gro\u00dfe Verantwortung f\u00fcr den Schutz der Natur, Kultur und Umwelt \u00fcbernehmen. Unser Ziel ist es, den Lysefjord als positiven Vorteil f\u00fcr die lokale Gemeinschaft zu entwickeln und eine langfristig profitable Branche aufzubauen. Dabei basiert alles, was wir tun, auf der Schaffung guter Erfahrungen f\u00fcr Besucher und Einheimische. Neue Technologien und L\u00f6sungen, die diese Arbeit unterst\u00fctzen, haben dabei Vorrang.<\/p>\n<\/div>\n<\/div>\n<\/div>\n<\/div>\n<p>[\/et_pb_text][et_pb_button button_url=&#8221;https:\/\/lysefjorden365.com\/sustainable-destination-lysefjorden-norway&#8221; url_new_window=&#8221;on&#8221; button_text=&#8221;Erfahren Sie mehr \u00fcber unsere Nachhaltigkeitsbem\u00fchungen&#8221; button_alignment=&#8221;center&#8221; _builder_version=&#8221;4.27.0&#8243; _module_preset=&#8221;default&#8221; global_colors_info=&#8221;{}&#8221;][\/et_pb_button][et_pb_image src=&#8221;https:\/\/kjerag.info\/wp-content\/uploads\/2024\/08\/Sustainable-Destination-Local-engagement-in-a-long-perspective_Logo_Colour_CMYK.png&#8221; title_text=&#8221;Sustainable-Destination-Local-engagement-in-a-long-perspective_Logo_Colour_CMYK&#8221; _builder_version=&#8221;4.25.2&#8243; _module_preset=&#8221;default&#8221; width=&#8221;50%&#8221; module_alignment=&#8221;center&#8221; global_colors_info=&#8221;{}&#8221;][\/et_pb_image][\/et_pb_column][\/et_pb_row][et_pb_row _builder_version=&#8221;4.16&#8243; global_colors_info=&#8221;{}&#8221;][et_pb_column type=&#8221;4_4&#8243; _builder_version=&#8221;4.16&#8243; custom_padding=&#8221;|||&#8221; global_colors_info=&#8221;{}&#8221; custom_padding__hover=&#8221;|||&#8221;][et_pb_text _builder_version=&#8221;4.27.0&#8243; header_font=&#8221;||||||||&#8221; header_5_font=&#8221;||||||||&#8221; header_5_font_size=&#8221;32px&#8221; header_5_font_size_tablet=&#8221;26px&#8221; header_5_font_size_phone=&#8221;24px&#8221; header_5_font_size_last_edited=&#8221;on|phone&#8221; global_colors_info=&#8221;{}&#8221;]<\/p>\n<div class=\"flex max-w-full flex-col flex-grow\">\n<div data-message-author-role=\"assistant\" data-message-id=\"afebc0e1-0081-4fe9-b325-92e1707d8500\" dir=\"auto\" class=\"min-h-[20px] text-message flex w-full flex-col items-end gap-2 break-words [.text-message+&amp;]:mt-5 overflow-x-auto whitespace-normal\">\n<div class=\"flex w-full flex-col gap-1 empty:hidden first:pt-[3px]\">\n<div class=\"markdown prose w-full break-words dark:prose-invert light\">\n<h5 style=\"text-align: center;\"><strong>Besucherzahlen Kjerag<\/strong><\/h5>\n<\/div>\n<\/div>\n<\/div>\n<\/div>\n<div class=\"mt-1 flex gap-3 empty:hidden -ml-2\">\n<div class=\"items-center justify-start rounded-xl p-1 flex\">\n<div class=\"flex items-center\">\n<div class=\"flex items-center pb-0\"><\/div>\n<\/div>\n<\/div>\n<\/div>\n<p>[\/et_pb_text][et_pb_image src=&#8221;https:\/\/kjerag.info\/wp-content\/uploads\/2025\/04\/Visitor-numbers-Kjerag.png&#8221; title_text=&#8221;Visitor numbers Kjerag&#8221; align_tablet=&#8221;center&#8221; align_phone=&#8221;&#8221; align_last_edited=&#8221;on|desktop&#8221; disabled_on=&#8221;on|off|off&#8221; _builder_version=&#8221;4.27.4&#8243; max_width=&#8221;80%&#8221; module_alignment=&#8221;center&#8221; hover_enabled=&#8221;0&#8243; global_colors_info=&#8221;{}&#8221; sticky_enabled=&#8221;0&#8243;][\/et_pb_image][\/et_pb_column][\/et_pb_row][\/et_pb_section]<\/p>\n","protected":false},"excerpt":{"rendered":"<p>KontaktBitte lesen Sie zuerst die FAQ, bevor Sie uns kontaktieren. E-mail\u00a0kjerag@lysefjorden365.no Telefon\u00a0(+47) 40 30 68 65Soweit wir wissen, ist bisher niemand vom Kjerag-Felsen gefallen. Statistisch gesehen ist es sicherer als Autofahren \u2013 vermutlich, weil die Risiken so offensichtlich sind. Ein Sturz vom Felsen w\u00e4re t\u00f6dlich. Das Betreten des Felsens geschieht auf eigenes Risiko und sollte [&hellip;]<\/p>\n","protected":false},"author":16,"featured_media":219600,"parent":0,"menu_order":0,"comment_status":"closed","ping_status":"closed","template":"","meta":{"_et_pb_use_builder":"on","_et_pb_old_content":"","_et_gb_content_width":"","footnotes":""},"class_list":["post-219790","page","type-page","status-publish","has-post-thumbnail","hentry"],"yoast_head":"<!-- This site is optimized with the Yoast SEO plugin v27.4 - https:\/\/yoast.com\/product\/yoast-seo-wordpress\/ -->\n<title>Kjerag Kontakt &amp; FAQ: Sicherheit, Parken und Wanderbedingungen<\/title>\n<meta name=\"description\" content=\"Haben Sie Fragen zur Wanderung zum Kjerag oder zum Parken? Finden Sie alle Antworten in unseren FAQ. Kontaktieren Sie uns per E-Mail oder Telefon f\u00fcr weitere Unterst\u00fctzung. Erfahren Sie mehr \u00fcber Sicherheitsaspekte, Parkgeb\u00fchren und Wanderbedingungen am Kjerag.\u201cFalls Sie weitere Details ben\u00f6tigen oder zus\u00e4tzliche Seiten erstellen m\u00f6chten, stehe ich Ihnen gerne zur Verf\u00fcgung!\" \/>\n<meta name=\"robots\" content=\"index, follow, max-snippet:-1, max-image-preview:large, max-video-preview:-1\" \/>\n<link rel=\"canonical\" href=\"https:\/\/kjerag.info\/es\/contactar-con-fragen-haeufige-faq\/\" \/>\n<meta property=\"og:locale\" content=\"es_ES\" \/>\n<meta property=\"og:type\" content=\"article\" \/>\n<meta property=\"og:title\" content=\"Kjerag Kontakt &amp; FAQ: Sicherheit, Parken und Wanderbedingungen\" \/>\n<meta property=\"og:description\" content=\"Haben Sie Fragen zur Wanderung zum Kjerag oder zum Parken? Finden Sie alle Antworten in unseren FAQ. Kontaktieren Sie uns per E-Mail oder Telefon f\u00fcr weitere Unterst\u00fctzung. Erfahren Sie mehr \u00fcber Sicherheitsaspekte, Parkgeb\u00fchren und Wanderbedingungen am Kjerag.\u201cFalls Sie weitere Details ben\u00f6tigen oder zus\u00e4tzliche Seiten erstellen m\u00f6chten, stehe ich Ihnen gerne zur Verf\u00fcgung!\" \/>\n<meta property=\"og:url\" content=\"https:\/\/kjerag.info\/es\/contactar-con-fragen-haeufige-faq\/\" \/>\n<meta property=\"og:site_name\" content=\"Kjerag 365\" \/>\n<meta property=\"article:modified_time\" content=\"2025-04-08T12:46:33+00:00\" \/>\n<meta property=\"og:image\" content=\"https:\/\/kjerag.info\/wp-content\/uploads\/2024\/08\/kjerag-365-symbol-sirkel.png\" \/>\n\t<meta property=\"og:image:width\" content=\"350\" \/>\n\t<meta property=\"og:image:height\" content=\"350\" \/>\n\t<meta property=\"og:image:type\" content=\"image\/png\" \/>\n<meta name=\"twitter:card\" content=\"summary_large_image\" \/>\n<meta name=\"twitter:label1\" content=\"Est. reading time\" \/>\n\t<meta name=\"twitter:data1\" content=\"7 minutos\" \/>\n<script type=\"application\/ld+json\" class=\"yoast-schema-graph\">{\"@context\":\"https:\\\/\\\/schema.org\",\"@graph\":[{\"@type\":\"WebPage\",\"@id\":\"https:\\\/\\\/kjerag.info\\\/de\\\/kontakt-haeufige-fragen-faq\\\/\",\"url\":\"https:\\\/\\\/kjerag.info\\\/de\\\/kontakt-haeufige-fragen-faq\\\/\",\"name\":\"Kjerag Kontakt & FAQ: Sicherheit, Parken und Wanderbedingungen\",\"isPartOf\":{\"@id\":\"https:\\\/\\\/kjerag.info\\\/#website\"},\"primaryImageOfPage\":{\"@id\":\"https:\\\/\\\/kjerag.info\\\/de\\\/kontakt-haeufige-fragen-faq\\\/#primaryimage\"},\"image\":{\"@id\":\"https:\\\/\\\/kjerag.info\\\/de\\\/kontakt-haeufige-fragen-faq\\\/#primaryimage\"},\"thumbnailUrl\":\"https:\\\/\\\/kjerag.info\\\/wp-content\\\/uploads\\\/2024\\\/08\\\/kjerag-365-symbol-sirkel.png\",\"datePublished\":\"2024-09-02T18:03:42+00:00\",\"dateModified\":\"2025-04-08T12:46:33+00:00\",\"description\":\"Haben Sie Fragen zur Wanderung zum Kjerag oder zum Parken? Finden Sie alle Antworten in unseren FAQ. Kontaktieren Sie uns per E-Mail oder Telefon f\u00fcr weitere Unterst\u00fctzung. Erfahren Sie mehr \u00fcber Sicherheitsaspekte, Parkgeb\u00fchren und Wanderbedingungen am Kjerag.\u201cFalls Sie weitere Details ben\u00f6tigen oder zus\u00e4tzliche Seiten erstellen m\u00f6chten, stehe ich Ihnen gerne zur Verf\u00fcgung!\",\"breadcrumb\":{\"@id\":\"https:\\\/\\\/kjerag.info\\\/de\\\/kontakt-haeufige-fragen-faq\\\/#breadcrumb\"},\"inLanguage\":\"es\",\"potentialAction\":[{\"@type\":\"ReadAction\",\"target\":[\"https:\\\/\\\/kjerag.info\\\/de\\\/kontakt-haeufige-fragen-faq\\\/\"]}]},{\"@type\":\"ImageObject\",\"inLanguage\":\"es\",\"@id\":\"https:\\\/\\\/kjerag.info\\\/de\\\/kontakt-haeufige-fragen-faq\\\/#primaryimage\",\"url\":\"https:\\\/\\\/kjerag.info\\\/wp-content\\\/uploads\\\/2024\\\/08\\\/kjerag-365-symbol-sirkel.png\",\"contentUrl\":\"https:\\\/\\\/kjerag.info\\\/wp-content\\\/uploads\\\/2024\\\/08\\\/kjerag-365-symbol-sirkel.png\",\"width\":350,\"height\":350},{\"@type\":\"BreadcrumbList\",\"@id\":\"https:\\\/\\\/kjerag.info\\\/de\\\/kontakt-haeufige-fragen-faq\\\/#breadcrumb\",\"itemListElement\":[{\"@type\":\"ListItem\",\"position\":1,\"name\":\"Hjem\",\"item\":\"https:\\\/\\\/kjerag.info\\\/\"},{\"@type\":\"ListItem\",\"position\":2,\"name\":\"Kontakt | H\u00e4ufige Fragen (FAQ)\"}]},{\"@type\":\"WebSite\",\"@id\":\"https:\\\/\\\/kjerag.info\\\/#website\",\"url\":\"https:\\\/\\\/kjerag.info\\\/\",\"name\":\"Kjerag 365\",\"description\":\"All you need to know for your hike to Kjerag\",\"potentialAction\":[{\"@type\":\"SearchAction\",\"target\":{\"@type\":\"EntryPoint\",\"urlTemplate\":\"https:\\\/\\\/kjerag.info\\\/?s={search_term_string}\"},\"query-input\":{\"@type\":\"PropertyValueSpecification\",\"valueRequired\":true,\"valueName\":\"search_term_string\"}}],\"inLanguage\":\"es\"}]}<\/script>\n<!-- \/ Yoast SEO plugin. -->","yoast_head_json":{"title":"Contacto y preguntas frecuentes: Seguridad, aparcamientos y paseos","description":"\u00bfTiene alguna pregunta sobre su visita al pueblo o al parque? Encuentra todas las respuestas en nuestras FAQ. P\u00f3ngase en contacto con nosotros por correo electr\u00f3nico o tel\u00e9fono para obtener m\u00e1s ayuda. Obtenga m\u00e1s informaci\u00f3n sobre seguridad, aparcamientos y excursiones en el Kjerag: \u201cSi desea m\u00e1s informaci\u00f3n o si desea completar alguna secci\u00f3n, \u00a1le invitamos a ponerse en contacto con nosotros!","robots":{"index":"index","follow":"follow","max-snippet":"max-snippet:-1","max-image-preview":"max-image-preview:large","max-video-preview":"max-video-preview:-1"},"canonical":"https:\/\/kjerag.info\/es\/contactar-con-fragen-haeufige-faq\/","og_locale":"es_ES","og_type":"article","og_title":"Kjerag Kontakt & FAQ: Sicherheit, Parken und Wanderbedingungen","og_description":"Haben Sie Fragen zur Wanderung zum Kjerag oder zum Parken? Finden Sie alle Antworten in unseren FAQ. Kontaktieren Sie uns per E-Mail oder Telefon f\u00fcr weitere Unterst\u00fctzung. Erfahren Sie mehr \u00fcber Sicherheitsaspekte, Parkgeb\u00fchren und Wanderbedingungen am Kjerag.\u201cFalls Sie weitere Details ben\u00f6tigen oder zus\u00e4tzliche Seiten erstellen m\u00f6chten, stehe ich Ihnen gerne zur Verf\u00fcgung!","og_url":"https:\/\/kjerag.info\/es\/contactar-con-fragen-haeufige-faq\/","og_site_name":"Kjerag 365","article_modified_time":"2025-04-08T12:46:33+00:00","og_image":[{"width":350,"height":350,"url":"https:\/\/kjerag.info\/wp-content\/uploads\/2024\/08\/kjerag-365-symbol-sirkel.png","type":"image\/png"}],"twitter_card":"summary_large_image","twitter_misc":{"Est. reading time":"7 minutos"},"schema":{"@context":"https:\/\/schema.org","@graph":[{"@type":"WebPage","@id":"https:\/\/kjerag.info\/de\/kontakt-haeufige-fragen-faq\/","url":"https:\/\/kjerag.info\/de\/kontakt-haeufige-fragen-faq\/","name":"Contacto y preguntas frecuentes: Seguridad, aparcamientos y paseos","isPartOf":{"@id":"https:\/\/kjerag.info\/#website"},"primaryImageOfPage":{"@id":"https:\/\/kjerag.info\/de\/kontakt-haeufige-fragen-faq\/#primaryimage"},"image":{"@id":"https:\/\/kjerag.info\/de\/kontakt-haeufige-fragen-faq\/#primaryimage"},"thumbnailUrl":"https:\/\/kjerag.info\/wp-content\/uploads\/2024\/08\/kjerag-365-symbol-sirkel.png","datePublished":"2024-09-02T18:03:42+00:00","dateModified":"2025-04-08T12:46:33+00:00","description":"\u00bfTiene alguna pregunta sobre su visita al pueblo o al parque? Encuentra todas las respuestas en nuestras FAQ. P\u00f3ngase en contacto con nosotros por correo electr\u00f3nico o tel\u00e9fono para obtener m\u00e1s ayuda. Obtenga m\u00e1s informaci\u00f3n sobre seguridad, aparcamientos y excursiones en el Kjerag: \u201cSi desea m\u00e1s informaci\u00f3n o si desea completar alguna secci\u00f3n, \u00a1le invitamos a ponerse en contacto con nosotros!","breadcrumb":{"@id":"https:\/\/kjerag.info\/de\/kontakt-haeufige-fragen-faq\/#breadcrumb"},"inLanguage":"es","potentialAction":[{"@type":"ReadAction","target":["https:\/\/kjerag.info\/de\/kontakt-haeufige-fragen-faq\/"]}]},{"@type":"ImageObject","inLanguage":"es","@id":"https:\/\/kjerag.info\/de\/kontakt-haeufige-fragen-faq\/#primaryimage","url":"https:\/\/kjerag.info\/wp-content\/uploads\/2024\/08\/kjerag-365-symbol-sirkel.png","contentUrl":"https:\/\/kjerag.info\/wp-content\/uploads\/2024\/08\/kjerag-365-symbol-sirkel.png","width":350,"height":350},{"@type":"BreadcrumbList","@id":"https:\/\/kjerag.info\/de\/kontakt-haeufige-fragen-faq\/#breadcrumb","itemListElement":[{"@type":"ListItem","position":1,"name":"Hjem","item":"https:\/\/kjerag.info\/"},{"@type":"ListItem","position":2,"name":"Kontakt | H\u00e4ufige Fragen (FAQ)"}]},{"@type":"WebSite","@id":"https:\/\/kjerag.info\/#website","url":"https:\/\/kjerag.info\/","name":"Kjerag 365","description":"Todo lo que necesitas saber para tu excursi\u00f3n a Kjerag","potentialAction":[{"@type":"SearchAction","target":{"@type":"EntryPoint","urlTemplate":"https:\/\/kjerag.info\/?s={search_term_string}"},"query-input":{"@type":"PropertyValueSpecification","valueRequired":true,"valueName":"search_term_string"}}],"inLanguage":"es"}]}},"_links":{"self":[{"href":"https:\/\/kjerag.info\/es\/wp-json\/wp\/v2\/pages\/219790","targetHints":{"allow":["GET"]}}],"collection":[{"href":"https:\/\/kjerag.info\/es\/wp-json\/wp\/v2\/pages"}],"about":[{"href":"https:\/\/kjerag.info\/es\/wp-json\/wp\/v2\/types\/page"}],"author":[{"embeddable":true,"href":"https:\/\/kjerag.info\/es\/wp-json\/wp\/v2\/users\/16"}],"replies":[{"embeddable":true,"href":"https:\/\/kjerag.info\/es\/wp-json\/wp\/v2\/comments?post=219790"}],"version-history":[{"count":0,"href":"https:\/\/kjerag.info\/es\/wp-json\/wp\/v2\/pages\/219790\/revisions"}],"wp:featuredmedia":[{"embeddable":true,"href":"https:\/\/kjerag.info\/es\/wp-json\/wp\/v2\/media\/219600"}],"wp:attachment":[{"href":"https:\/\/kjerag.info\/es\/wp-json\/wp\/v2\/media?parent=219790"}],"curies":[{"name":"wp","href":"https:\/\/api.w.org\/{rel}","templated":true}]}}